{"id":76,"date":"2014-04-07T09:23:30","date_gmt":"2014-04-07T07:23:30","guid":{"rendered":"http:\/\/www.von-dehn.de\/site\/?page_id=76"},"modified":"2023-10-05T22:54:19","modified_gmt":"2023-10-05T20:54:19","slug":"schulwesen","status":"publish","type":"page","link":"http:\/\/www.von-dehn.de\/site\/friesen-und-freiheit\/schulwesen\/","title":{"rendered":"Schulwesen"},"content":{"rendered":"<div id=\"fb-root\"><\/div>\n<audio class=\"wp-audio-shortcode\" id=\"audio-76-1\" preload=\"none\" style=\"width: 100%;\" controls=\"controls\"><source type=\"audio\/mpeg\" src=\"http:\/\/www.von-dehn.de\/site\/wp-content\/uploads\/2014\/04\/01-Tilly-4_-Concerto-11_10_11_cap.mp3?_=1\" \/><a href=\"http:\/\/www.von-dehn.de\/site\/wp-content\/uploads\/2014\/04\/01-Tilly-4_-Concerto-11_10_11_cap.mp3\">http:\/\/www.von-dehn.de\/site\/wp-content\/uploads\/2014\/04\/01-Tilly-4_-Concerto-11_10_11_cap.mp3<\/a><\/audio>\n<h5 style=\"text-align: right;\"><span style=\"color: #800000;\">\u00a9\u00a0&#8211; Gunda v. Dehn &#8211; &#8222;Concertino&#8220;<br \/>\n<\/span><\/h5>\n<h2><em><span style=\"text-decoration: underline; color: #000080;\">Schulwesen<\/span><\/em><\/h2>\n<p>Kurz gestreift werden soll das Schulwesen. Dieses befand sich haupts\u00e4chlich in H\u00e4nden der Kirche ebenso wie die Betreuung von Kranken. Daneben wurden Privatlehrer besch\u00e4ftigt, \u00fcberwiegend Geistliche.<\/p>\n<p>In den Klosterschulen sa\u00dfen die Sch\u00fcler auf dem Boden. Wichtig war, dass sie den Psalter lernten. Da es keine B\u00fccher gab, musste der Text so h\u00e4ufig wiederholt werden, bis er auswendig sa\u00df. Leibesstrafen &#8211; mit der Rute &#8211; waren \u00fcblich. Die Leibesstrafe sollte gleichzeitig das Kind besch\u00e4men. Deswegen wurden h\u00e4ufig Pr\u00fcgelstrafen auf den nackten Po verh\u00e4ngt. Gern wurden die Kinder dazu verurteilt, mit nackten F\u00fc\u00dfen am Unterricht teilzunehmen, damit sie nicht einschliefen. In den Klosterschulen gab es so gut wie keine Jahrgangsklassen. \u00c4ltere Jugendliche hatten die Aufgabe, den j\u00fcngeren Mitsch\u00fclern unterst\u00fctzend beizustehen, wie dies bei uns in den Dorfschulen auch noch vor wenigen Jahrzehnten \u00fcblich gewesen ist und heute sogar zum Teil wieder eingef\u00fchrt wird. Das funktionierte recht gut, weil den Jugendlichen u.a. eine gewisse Verantwortung \u00fcbertragen wurde. \u00c4ltere Mitb\u00fcrger k\u00f6nnen davon noch heute berichten.<\/p>\n<p>Als die Hanse sich gegr\u00fcndet hatte, wurden dort ebenfalls Schulen f\u00fcr den Kaufmannsnachwuchs eingerichtet. Was man dort lernte war nicht eben viel: schreiben und rechnen, ein wenig Latein. Wichtig nur, dass die Sch\u00fcler still sa\u00dfen und &#8230; schwiegen.<\/p>\n<p>(Universit\u00e4ten m\u00f6chte ich aussparen, weil wir in Ostfriesland keine vorfinden)<\/p>\n<p>Gunda v. Dehn<\/p>\n<hr \/>\n<div id=\"attachment_3171\" style=\"width: 160px\" class=\"wp-caption alignleft\"><a href=\"http:\/\/www.von-dehn.de\/site\/wp-content\/uploads\/2014\/04\/AutogrammkarteGunda.png\"><img decoding=\"async\" aria-describedby=\"caption-attachment-3171\" class=\"wp-image-3171 size-thumbnail\" src=\"http:\/\/www.von-dehn.de\/site\/wp-content\/uploads\/2014\/04\/AutogrammkarteGunda-150x150.png\" alt=\"AutogrammkarteGunda\" width=\"150\" height=\"150\" srcset=\"http:\/\/www.von-dehn.de\/site\/wp-content\/uploads\/2014\/04\/AutogrammkarteGunda-66x66.png 66w, http:\/\/www.von-dehn.de\/site\/wp-content\/uploads\/2014\/04\/AutogrammkarteGunda-150x150.png 150w\" sizes=\"(max-width: 150px) 100vw, 150px\" \/><\/a><p id=\"caption-attachment-3171\" class=\"wp-caption-text\">Gunda von Dehn<\/p><\/div>\n<h2><strong><em><span style=\"color: #993300;\">Hinweis: Roman &#8222;Chroniken der tom Brook&#8220;<\/span><\/em><\/strong><\/h2>\n<p><span style=\"color: #800000;\">Band I-IV &#8222;Chroniken der tom Brook&#8220;<\/span><span style=\"color: #0000ff;\"><span style=\"color: #0000ff;\"><b>\u00a0Download\u00a0bei versch. Anbietern<\/b><\/span><\/span><\/p>\n<p><span style=\"color: #0000ff;\"><a style=\"color: #0000ff;\" href=\"http:\/\/www.hugendubel.de\/de\/ebook\/gunda_von_dehn-chroniken_der_tom_brook-29133974-produkt-details.html\">http:\/\/www.hugendubel.de\/de\/ebook\/gunda_von_dehn-chroniken_der_tom_brook-29133974-produkt-details.html<\/a><\/span><\/p>\n<p><strong><span style=\"color: #800000;\">Band II &#8222;Chroniken der tom Brook&#8220; :<\/span> <span style=\"color: #0000ff;\"><a class=\"moz-txt-link-freetext\" style=\"color: #0000ff;\" href=\"http:\/\/store.kobobooks.com\/de-DE\/ebook\/chroniken-der-tom-brook-1\">http:\/\/store.kobobooks.com\/de-DE\/ebook\/chroniken-der-tom-brook-1<\/a><\/span><\/strong><\/p>\n<hr \/>\n<p>Letzte \u00c4nderung 05.10.2023<\/p>\n<hr \/>\n","protected":false},"excerpt":{"rendered":"<p>\u00a9\u00a0&#8211; Gunda v. Dehn &#8211; &#8222;Concertino&#8220; Schulwesen Kurz gestreift werden soll das Schulwesen. Dieses befand sich haupts\u00e4chlich in H\u00e4nden der Kirche ebenso wie die Betreuung von Kranken. Daneben wurden Privatlehrer besch\u00e4ftigt, \u00fcberwiegend Geistliche. In den Klosterschulen sa\u00dfen die Sch\u00fcler auf dem Boden. Wichtig war, dass sie den Psalter lernten. Da es keine B\u00fccher gab, musste [&hellip;]<\/p>\n","protected":false},"author":1,"featured_media":0,"parent":34,"menu_order":12,"comment_status":"closed","ping_status":"open","template":"side-navigation.php","meta":{"footnotes":""},"class_list":["post-76","page","type-page","status-publish","hentry"],"_links":{"self":[{"href":"http:\/\/www.von-dehn.de\/site\/wp-json\/wp\/v2\/pages\/76","targetHints":{"allow":["GET"]}}],"collection":[{"href":"http:\/\/www.von-dehn.de\/site\/wp-json\/wp\/v2\/pages"}],"about":[{"href":"http:\/\/www.von-dehn.de\/site\/wp-json\/wp\/v2\/types\/page"}],"author":[{"embeddable":true,"href":"http:\/\/www.von-dehn.de\/site\/wp-json\/wp\/v2\/users\/1"}],"replies":[{"embeddable":true,"href":"http:\/\/www.von-dehn.de\/site\/wp-json\/wp\/v2\/comments?post=76"}],"version-history":[{"count":25,"href":"http:\/\/www.von-dehn.de\/site\/wp-json\/wp\/v2\/pages\/76\/revisions"}],"predecessor-version":[{"id":6959,"href":"http:\/\/www.von-dehn.de\/site\/wp-json\/wp\/v2\/pages\/76\/revisions\/6959"}],"up":[{"embeddable":true,"href":"http:\/\/www.von-dehn.de\/site\/wp-json\/wp\/v2\/pages\/34"}],"wp:attachment":[{"href":"http:\/\/www.von-dehn.de\/site\/wp-json\/wp\/v2\/media?parent=76"}],"curies":[{"name":"wp","href":"https:\/\/api.w.org\/{rel}","templated":true}]}}