{"id":731,"date":"2014-05-13T17:13:32","date_gmt":"2014-05-13T15:13:32","guid":{"rendered":"http:\/\/www.von-dehn.de\/site\/?page_id=731"},"modified":"2023-10-05T22:43:18","modified_gmt":"2023-10-05T20:43:18","slug":"frieslands-herrscher","status":"publish","type":"page","link":"http:\/\/www.von-dehn.de\/site\/friesen-und-freiheit\/frieslands-herrscher\/","title":{"rendered":"Frieslands Herrscher"},"content":{"rendered":"<div id=\"fb-root\"><\/div>\n<audio class=\"wp-audio-shortcode\" id=\"audio-731-1\" preload=\"none\" style=\"width: 100%;\" controls=\"controls\"><source type=\"audio\/mpeg\" src=\"http:\/\/www.von-dehn.de\/site\/wp-content\/uploads\/2014\/09\/12-12.-Ha-ha-ha.mp3?_=1\" \/><a href=\"http:\/\/www.von-dehn.de\/site\/wp-content\/uploads\/2014\/09\/12-12.-Ha-ha-ha.mp3\">http:\/\/www.von-dehn.de\/site\/wp-content\/uploads\/2014\/09\/12-12.-Ha-ha-ha.mp3<\/a><\/audio>\n<p style=\"text-align: right;\"><span style=\"color: #800000;\"><strong>\u00a9\u00a0&#8211; Gunda von Dehn &#8211; Hintergrundmusik &#8222;Flucht&#8220;<br \/>\n<\/strong><\/span><\/p>\n<h2 style=\"text-align: left;\"><a href=\"http:\/\/www.von-dehn.de\/site\/wp-content\/uploads\/2014\/05\/Lu\u0308tet2.jpg\"><img decoding=\"async\" class=\"alignleft wp-image-3932 \" src=\"http:\/\/www.von-dehn.de\/site\/wp-content\/uploads\/2014\/05\/Lu\u0308tet2.jpg\" alt=\"Lu\u0308tet2\" width=\"171\" height=\"298\" \/><\/a><span style=\"color: #800000;\"><strong>Souver\u00e4ne und andere Gebieter \u00fcber Friesland<\/strong><\/span><\/h2>\n<p><strong>Die Grafen von Friesland<\/strong> entstammten dem Geschlecht <strong>Widukinds<\/strong> (Sachsen) ebenso wie dem des Friesenk\u00f6nigs <strong>Redbad<\/strong>. Es gibt mehrere eheliche Verbindungslinien zwischen Sachsen und Friesland bzw. D\u00e4nemark. Diese Eheschlie\u00dfungen geschahen nicht nur zur Erhaltung und St\u00e4rkung der Macht und um das Gut in der Familie zu halten, sondern u. a. auch zur Friedenssicherung.<\/p>\n<p>Als Beispiel hier ein kurzer genealogischer Einstieg:<\/p>\n<p>Die Tochter von K\u00f6nig Rathbodus II. (Redbad) \u2013 <strong>Sindacilla Prinzessin von Friesland<\/strong> (*ca.756-) heiratet <strong>Graf Wigbart von Sachsen<\/strong> (752-825), den Sohn von Sachsenherzog Wittikind (Wittekind, Widukind)<\/p>\n<p><strong>Harald <\/strong>K\u00f6nig von Haithabu (+750) war verh. mit <strong>Irmhild von Engern <\/strong>(im Bereich der Weser &#8211; Sachsen),<strong> der Schwester von Herzog Widukind von Sachsen.<\/strong><\/p>\n<p><strong>Poppon I.<\/strong> von Friesland 672-734 (Gro\u00dfsohn von K\u00f6nig Redbad I): Poppons <strong>Tochter Melli <\/strong> (Mathilde) von Friesland verh. mit <strong>Aethelbert von Sachsen-Billung<\/strong><\/p>\n<p><strong>Theudebert (Dietrich)<\/strong>, <strong>Herzog von Sachsen<\/strong> Ringelheim (853 &#8211; 920) heiratet <strong>Ludmilla Ragnhildis von Friesland<\/strong> (858- ) Tochter von Gottfried v. Friesland<\/p>\n<p><strong>Die<\/strong> <strong>Grafenherrschaft<\/strong> \u00fcber Friesland befand sich somit immer in den gleichen H\u00e4nden, n\u00e4mlich in H\u00e4nden jener Geschlechter, deren Wurzeln in Sachsen bzw. dem d\u00e4nischen K\u00f6nigshaus lagen.<\/p>\n<p>W\u00e4hrend sich ein Zweig der \u201eRedbade\u201c vermehrt nach Skandinavien und Sachsen verheiratete, war ein anderer Zweig in Flandern \/ Belgien \/ Holland (Seeland, welches Harald Klak zugesprochen bekam) beheimatet und suchte dort die Macht zu erhalten und auszubauen. Dadurch gelangte Ostfriesland unter die Herrschaft der H\u00e4user Flandern \/ Brabant \/ Holland.<\/p>\n<p>Hinzu kommt jener Zweig des <strong>Hrolf<\/strong> (Rolf; christl. Name \u201e<strong>Robert<\/strong>\u201c \u2013 s. o.), der nicht nur starke Str\u00e4nge nach England hatte, wo die Wikinger zeitweise die Macht inne hatten, sondern auch Kanalinseln besa\u00df (Gen. s. u.).<\/p>\n<p><strong>Gottfried, <\/strong>der<strong> Sohn <\/strong>des <strong>Harald Klak<\/strong>,der R\u00fcstringen von <strong>Ludwig<\/strong> <strong>dem<\/strong> <strong>Frommen<\/strong> bekommen hatte, wird von <strong>Karl d. Dicken III.<\/strong> mit <strong>ganz Friesland<\/strong> belehnt. <strong>Gottfried heiratet in 2. Ehe Gisela, <\/strong>die<strong> Tochter <\/strong>von<strong> Kaiser Lothar. <\/strong>Gottfried war ein Gewaltherrscher.<em><strong><br \/>\n<\/strong><\/em><\/p>\n<p><strong>885<\/strong> wird Gottfried von (vermutlich) <strong>Gerulf<\/strong>, dem Sohn des Herzogs von Sachsen ermordet (durch Mitwirkung von Karl III, dem &#8222;Einf\u00e4ltigen&#8220; bzw. dem &#8222;Dicken&#8220;)<\/p>\n<p><strong>Gerulfs<\/strong> Sohn <strong>Dietrich<\/strong> (Theudebert, Dirk, Theodoric) erh\u00e4lt <strong>Friesland<\/strong>, das zuvor Gottfried beherrscht hat. Dieser <strong>Dietrich<\/strong>, <strong>Herzog von Sachsen<\/strong>, heiratet <strong>Ragnhild<\/strong>, Gottfrieds Tochter (Genealogie s. unten).<\/p>\n<p><strong>D.3.<\/strong> <strong>Godefrid (Gottfried) K\u00f6nig von Haithabu<\/strong> * ca. 820 getauft 882 [s. Af 882-5 ]\n<p><em>\u00a0\u00a0\u00a0\u00a0\u00a0\u00a0\u00a0\u00a0 <\/em>2. Ehe 882 <strong>Gisela, Prinzessin von Lothringen <\/strong>(+vor 907) To. v. Kaiser Lothar<\/p>\n<p>1. Ehe mit <strong>Mathilda<\/strong> von Friesland *ca. 820<\/p>\n<p><strong>E.1 <em>Ludmilla<\/em> Ragnhildis (Reginhilde) von Friesland<\/strong> (*ca.858 -)<\/p>\n<ul>\n<li>1. Ehe: <strong>Rognvald I &#8222;Der Weise&#8220; Eysteinsson<\/strong>, Graf von Mora u. Romsdal (Schweden);\u00a0 Jarl von Orkney ca.830-890<\/li>\n<\/ul>\n<ul>\n<li>2. Ehe: Dirc (Dietrich, Theodoric, Theudebert) [So. von Walpert +856] Herzog v. Sachsen (853 &#8211; 920) Graf v. <strong>Ringelheim<\/strong> (b.Hannover) (ca. <strong>*<\/strong>ca. 848 &#8211; 8 Feb. 916-917),\u00a0 Graf im <strong>Kennemerland<\/strong> (Gebiet in Holland)<\/li>\n<\/ul>\n<p>Kinder: (aus 1. Ehe)<\/p>\n<p>Sohn Rollo Rognvaldsson (Rolf \/ Robert), 1. Herzog d. Normandy, *Maer-Nord, Trondelag, Norwegen, + 927(?) Notre Dame, Rouen \/ France; 912 Rollo (Gangu-Rolf\/G\u00f6ngu-Hr\u00f3lfr = marschierender Rolf) l\u00e4\u00dft sich taufen. Die Hauptstadt d. Normandy ist Rouen, die er von Karl III. d. Dicken, 911 im Vertrag von Saint-Clair-sur-Epte erhalten hat[1]\n<p>1. Ehe mit Poppa von Valois de Bayeux als \u2018D\u00e4nische Frau\u2019, d.h. Rollo heiratete Poppa solange er in der Normandie lebte, aber sobald er die Normandie verlie\u00df, war die Ehe ung\u00fcltig (Tochter von Berengar, Gf. v. Bayeux) *ca. 872 &#8211; \u2026 geh.: 891 Frankr. &#8211; Berengar fiel im Kampf gegen Rollo.\u00a0\u00a0 [mit seiner 1. Frau hatte Rollo bei seinem Tod 931, 2 S\u00f6hne und 2 T\u00f6chter]\n<ul>\n<li><strong> F.1 William I<\/strong> <strong>(illegitim)<\/strong> (Langschwert) Herzog der Normandie (*893 &#8211; +17 Dez. 942) aus der Verbindung von Rollo mit Herleva\n<div id=\"attachment_2797\" style=\"width: 176px\" class=\"wp-caption alignright\"><a href=\"http:\/\/www.von-dehn.de\/site\/wp-content\/uploads\/2014\/05\/Focko-Ukena3.jpg\"><img decoding=\"async\" aria-describedby=\"caption-attachment-2797\" class=\"wp-image-2797 size-medium\" src=\"http:\/\/www.von-dehn.de\/site\/wp-content\/uploads\/2014\/05\/Focko-Ukena3-166x300.jpg\" alt=\"Focko Ukena3\" width=\"166\" height=\"300\" srcset=\"http:\/\/www.von-dehn.de\/site\/wp-content\/uploads\/2014\/05\/Focko-Ukena3-166x300.jpg 166w, http:\/\/www.von-dehn.de\/site\/wp-content\/uploads\/2014\/05\/Focko-Ukena3.jpg 455w\" sizes=\"(max-width: 166px) 100vw, 166px\" \/><\/a><p id=\"caption-attachment-2797\" class=\"wp-caption-text\">Richard III<\/p><\/div><\/li>\n<\/ul>\n<ul>\n<li>\n<h4>F.2 Adele Prinzessin der Normandie (ca. 897 &#8211; nach 14. Okt. 962)<\/h4>\n<\/li>\n<\/ul>\n<ul>\n<li>\n<h4>F.3 Robert (Graf von Corbell) der Teufel<\/h4>\n<\/li>\n<\/ul>\n<ul>\n<li>\n<h4>F.4 Crespina<\/h4>\n<\/li>\n<li>\n<h4>F.5 Gerletta<\/h4>\n<\/li>\n<\/ul>\n<p>(Kinder aus Rollo&#8217;s 2. Ehe )<\/p>\n<ul>\n<li><strong>E.2.<\/strong> Tochter: <strong>Heilige Mathilde(a) von Ringelheim (Hamalant) <\/strong>Dt. K\u00f6nigin (892 &#8211; 14 Mar 968);<\/li>\n<li>verh. 909 mit Heinrich I. dem Vogler Kaiser Hl. R\u00f6m.Reich Herzog v. Sachsen (875 &#8211; +2. Juli 936), [der So. von Hedwig von Bayern (Edith; Hathui) (ca. 895 \u2013 13.11.912) und Otto Herzog von Sachsen *840 od. 835 Sachsen + 12 od. 30.11.912] [Ottos Eltern: Vater: Ludolph der Gro\u00dfe, Herzog von Sachsen (ca.792-864) Mutter: Oda Billung (806-912]<\/li>\n<\/ul>\n<p><strong>\u00a0\u00a0\u00a0\u00a0\u00a0\u00a0\u00a0\u00a0\u00a0\u00a0\u00a0\u00a0 Kinder:\u00a0 F.1<\/strong> Hedwig von Deutschland (910 &#8211; 10 Mrz. 964-965)<\/p>\n<p><strong>\u00a0\u00a0\u00a0\u00a0\u00a0\u00a0\u00a0\u00a0\u00a0\u00a0\u00a0\u00a0\u00a0\u00a0\u00a0\u00a0\u00a0\u00a0\u00a0\u00a0\u00a0\u00a0\u00a0\u00a0 \u00a0 \u00a0 \u00a0 F.2<\/strong> <strong>Otto I d. Gr. Kaiser Hl. R\u00f6m. Reich<\/strong> (23.11.912 \u2013 7.5.973)<\/p>\n<p><strong>\u00a0\u00a0\u00a0\u00a0\u00a0\u00a0\u00a0\u00a0\u00a0\u00a0\u00a0\u00a0\u00a0\u00a0\u00a0\u00a0\u00a0\u00a0\u00a0\u00a0\u00a0\u00a0\u00a0\u00a0\u00a0\u00a0\u00a0\u00a0\u00a0\u00a0 F.3<\/strong> <strong>Gerberga von Sachsen K\u00f6nigin von Frankreich<\/strong> (913-919 \u2013 5.5.964-984)<\/p>\n<p>(Abk. Lothringen \/ France)<\/p>\n<p><strong>\u00a0\u00a0\u00a0\u00a0\u00a0\u00a0\u00a0\u00a0\u00a0\u00a0\u00a0\u00a0\u00a0\u00a0\u00a0\u00a0\u00a0\u00a0\u00a0 \u00a0 \u00a0 \u00a0 \u00a0\u00a0 \u00a0 F.4 Adelheid<\/strong> (Hatwide, Hartwiga) (ca.917 -)<\/p>\n<p><strong>\u00a0\u00a0\u00a0\u00a0\u00a0\u00a0\u00a0\u00a0\u00a0\u00a0\u00a0\u00a0\u00a0\u00a0\u00a0\u00a0\u00a0\u00a0\u00a0\u00a0\u00a0 \u00a0 \u00a0 \u00a0 \u00a0\u00a0 F.5 Heinrich I der Z\u00e4nker Hzg. v. Bayern<\/strong> (918-955)<\/p>\n<p><strong>\u00a0\u00a0\u00a0\u00a0\u00a0\u00a0\u00a0\u00a0\u00a0\u00a0\u00a0\u00a0\u00a0\u00a0\u00a0\u00a0\u00a0\u00a0\u00a0\u00a0 \u00a0 \u00a0 \u00a0 \u00a0 \u00a0 F.6 Bruno I Erzbischof v. K\u00f6ln [Kanzler]<\/strong> (ca.925-11.10.965)<\/p>\n<hr \/>\n<p>Um 1000-1050 (grobe Sch\u00e4tzung) entstand der 2. Bau in Stein der Marien-Kirche von Marienhafe. Zu jener Zeit hatten die Grafen von Werl das Komitat inne.<br \/>\nGraf von Holland war zu jener Zeit: Dietrich III der Jerusalemer (993-27.5.1039)<br \/>\nDie 4 Kaiser waren zu jener Zeit\u00a0\u00a0\u00a0 : Otto III (+ 1002); Heinrich II 1002-24; Konrad II +1039; Heinrich III. +1056.<\/p>\n<p>Es kann davon ausgegangen werden, dass Ems- und Federgau dem Werler Grafenhaus zugeh\u00f6rig war:<br \/>\nBernhard von Werl (oder Hermann, der zur gleichen Zeit auftrat) oo ca. 980 Gerberga von Burgund, <span style=\"text-decoration: underline;\">Tochter des K\u00f6nigs Konrad von Burgund<\/span> 965\/66-7.7.1018\/19<\/p>\n<p>Kinder des Bernhard von Werl: Hermann II. ca. 980-14.5. nach 1024; Rudolf ca. 982\/86 +12.7. um 1044; Bernhard II. ca. 982\/86 +um 1059<br \/>\nDie Kenntnis zweier WERLER S\u00f6hne Gerbergas von Burgund, Rudolf und Bernhard, Graf von Hoevel, verdanken wir einzig der \u00dcberlieferung der Annalista Saxo, der beide als <span style=\"text-decoration: underline;\">Br\u00fcder der Kaiserin Gisela (Gemahlin von Lothar I)<\/span> anspricht. In der Nachricht der Annales Quedlenburgenses a. 1019, SS III 84, werden die WERLER zweifelsfrei als &#8222;consobrini imperatoris&#8220; nachgewiesen.<\/p>\n<p>Urkundlich begegnet uns <span style=\"text-decoration: underline;\">Rudolf<\/span> als Graf im mittleren Friesland. Einem Diplom HEINRICHS III. zufolge lagen 1040 in seinem Komitat die Orte Leermans und Eenum in der niederl\u00e4ndischen Provinz Groningen, zu denen noch Vorwerke im Gebiet zwischen Ems und Lauwers geh\u00f6rten. Demnach scheint <span style=\"text-decoration: underline;\">Rudolf Inhaber der Gesamtgrafschaft im Groningerlande<\/span> gewesen zu sein, die aus den Teilkomitaten im <span style=\"text-decoration: underline;\">Fivel- und Hunsegau<\/span> bestand.<br \/>\nDie Komitate Bernhards und seines Bruders Aeidads aber d\u00fcrften mit der Grafschaft im Ems- und Federgau zu identifizieren sein, denn hinter den beiden Grafen verbirgt sich niemand anders als die 1024 bezeugten beiden j\u00fcngsten S\u00f6hne des Grafen Hermann II. von Werl, Adalbert und Bernhard (Nr. 9 und 10), von denen wir Bernhard 1063 als Inhaber des Komitats im Emsgau anl\u00e4sslich der \u00dcbertragung an Bremen noch antreffen. Die Besitzgemeinschaft der beiden Br\u00fcder deutet darauf hin, da\u00df<span style=\"text-decoration: underline;\"> ihr Vater schon Inhaber des Komitats im Ems- und Federgau<\/span> gewesen ist, so da\u00df die Grafen von Werl bereits um die Jahrtausendwende eine ziemlich beherrschende Stellung in Mittelfriesland eingenommen h\u00e4tten. [Da die friesischen Grafenrechte unmittelbare K\u00f6nigslehen waren, verdanken die WERLER ihre Stellung in Friesland wahrscheinlich der Gunst der beiden letzten Sachsen-Kaiser (Otto I. + 973) F\u00fcr weit fr\u00fchere Zeiten bieten die Quellen wohl keine Handhabe. Allerdings werden bereits die COB-BONEN (bzw. EKBERTINER genannt &#8211; Verwandtschaft der Werler Grafen \u2013 die m\u00e4chtigen Nachkommen des Ekbert \/ Westf.) f\u00fcr den <span style=\"text-decoration: underline;\">Ausgang des 9. Jahrhunderts als Grafen von Friesland<\/span> genannt.<br \/>\nDas Komitat Liudolfs aber wird wohl mit dem Komitat im <span style=\"text-decoration: underline;\">Ooster- und Westergau<\/span> westlich der Lauwers zu identifizieren sein, der im Besitz der Braunschweiger Familie nachzuweisen ist, in dem das Kloster Werden jedoch nur geringen Besitz hatte.<br \/>\nDie <span style=\"text-decoration: underline;\">Grafschaft Rudolfs &#8211; westlich der Emsm\u00fcndung im Groningerland &#8211; ist dem WERLER Haus fr\u00fcher verloren gegangen<\/span> als die Grafschaft \u00f6stlich der Emsm\u00fcndung. Schon in den Jahren 1044-1046 okkupierte sie Herzog Gottfried II. von Ober-Lothringen, der Anspruch auf ganz Lothringen erhob. In den Jahren 1047\/48 bereits erhielt Erzbischof Adalbert von Bremen die Anwartschaft auf die Grafschaft. Die \u00dcbertragung erfolgte jedoch erst 1057 unter HEINRICH IV. und war auch f\u00fcr Bremen weder von langer Dauer noch von gro\u00dfem Gewinn [D H IV 18; Adam III 46, 49) Nur 10 Jahre war die Grafschaft danach im Besitz des Erzstiftes Bremen. Das Erzstift musste es zudem dem <span style=\"text-decoration: underline;\">Grafen Ekbert I. von Braunschweig zu Lehen<\/span> geben, da dieser &#8211; als Erbe der WERLER &#8211; Anspruch darauf erhob.<\/p>\n<p style=\"text-align: left;\"><span style=\"color: #000000;\"><strong>Ekbert II. von Mei\u00dfen<\/strong> (* um 1059\/1061; \u20203.Juli 1090 im Selketal, Harz) aus der Familie der Brunonen war Markgraf von Mei\u00dfen und <span style=\"text-decoration: underline;\">Graf von <a href=\"http:\/\/de.wikipedia.org\/wiki\/Friesland\"><span style=\"color: #000000; text-decoration: underline;\">Friesland<\/span><\/a>.<\/span><\/span><\/p>\n<p style=\"text-align: left;\"><span style=\"color: #000000;\">Ekbert II. war der Sohn des Grafen <span style=\"text-decoration: underline;\"><a href=\"http:\/\/de.wikipedia.org\/wiki\/Ekbert_I._%28Mei%C3%9Fen%29\"><span style=\"color: #000000; text-decoration: underline;\">Ekbert I.<\/span><\/a> von Friesland<\/span> und der Irmgard von Susa. Von seinem Vater \u00fcbernahm er das Erbe des brunonischen Besitzes um Braunschweig, die friesischen Grafschaften und die Markgrafschaft Mei\u00dfen. Er heiratete Oda, Tochter des Markgrafen Otto von Mei\u00dfen-Orlam\u00fcnde, die nach dem Tod ihres Vaters 1067 die Markgrafschaft erbte. Die Ehe blieb vermutlich kinderlos.<\/span><\/p>\n<p style=\"text-align: left;\"><span style=\"color: #000000;\">Ekbert war beteiligt an der F\u00fcrstenopposition gegen <span style=\"text-decoration: underline;\">Kaiser <a href=\"http:\/\/de.wikipedia.org\/wiki\/Heinrich_IV._%28HRR%29\"><span style=\"color: #000000; text-decoration: underline;\">Heinrich IV.<\/span><\/a>,<\/span> weshalb dieser die Mark Mei\u00dfen im Jahre 1076 an Vratislav von B\u00f6hmen verlieh. Einer kurzen Vers\u00f6hnung im Jahre 1085 folgte der erneute Kampf gegen Kaiser Heinrich IV.\u00a0 Nachdem der deutsche Gegenk\u00f6nig <a href=\"http:\/\/de.wikipedia.org\/wiki\/Hermann_von_Salm\"><span style=\"color: #000000;\">Hermann von Salm<\/span><\/a> am 28. September 1088 bei Cochem gefallen war, war Ekbert einer der F\u00fchrer der s\u00e4chsischen Opposition. Er wurde im selben Jahr ge\u00e4chtet und im Jahre <strong>1090<\/strong> auf der Flucht ermordet. Die Markgrafschaft Mei\u00dfen erbte der Wettiner Heinrich I. (\u2020 1103), der mit Ekberts Schwester Gertrud von Braunschweig (\u2020 1117) verheiratet war. \u00dcber Gertrud kam der brunonische Besitz um Braunschweig \u00fcber Kaiser <a href=\"http:\/\/de.wikipedia.org\/wiki\/Lothar_III._%28HRR%29\"><span style=\"color: #000000;\">Lothar III.<\/span><\/a> letztlich an die <a href=\"http:\/\/de.wikipedia.org\/wiki\/Welfen\"><span style=\"color: #000000;\">Welfen<\/span><\/a>.<\/span><\/p>\n<p style=\"text-align: left;\">&#8212;&#8212;&#8212;&#8212;&#8212;&#8212;&#8212;&#8212;&#8212;&#8212;&#8212;&#8212;&#8212;&#8212;&#8212;&#8212;&#8212;&#8212;&#8212;&#8212;&#8212;&#8212;&#8212;&#8212;&#8211;<\/p>\n[1] Literatur: S. Kr\u00fcger, Stud. zur s\u00e4chs. Gft.sverfassung im 9. Jh. (Stud. und Vorarb. zum Hist. Atlas Niedersachsens 19, 1950, 64-71 &#8211; G. Wolf, Zum \u00dcbergang der Kg.sherrschaft an die Liudolfinger (O), Westfalen 38, 1960, 36-40 &#8211; W. Metz, Die Abstammung Heinrichs I., HJb 84, 1964, 271-287 &#8211; K. Schmid, Die Nachfahren Widukinds, DA 20, 1964, 1-47 &#8211; E. Hlawitschka, Zur Herkunft der Liudolfinger und zu eigenen Corveyer Gesch.sq., RhVjbll 38, 1974, 92-165 &#8211; R. Wenskus, S\u00e4chs. Stammesadel und frk. Reichsadel (AAG 3. F. Nr. 93, 1976), 60-114 &#8211; G. Althoff, Adels- und K\u00f6nigsfamilien im Spiegel ihrer Memorial\u00fcberlieferung (MMS 47, 1983), bes. 133ff. &#8211; E. Karpf, Herrscherlegitimation und Reichsbegriff in der Otton. Gesch.schreibung des 10. Jh. (HF 10, 1985) &#8211; H. Beumann, Die O., 1987, 22-31 [Lit.] &#8211; W. Glocker, Die Verwandten der O. und ihre Bedeutung in der Politik, 1989 &#8211; G. Althoff, Verwandte, Freunde und Getreue, 1990, 51f, 64 &#8211; Ders., Gandersheim und Quedlinburg, FMASt 25, 1991, 123-144.<\/p>\n<hr \/>\n<h2><strong><em><span style=\"color: #993300;\"><a href=\"http:\/\/www.von-dehn.de\/site\/wp-content\/uploads\/2014\/04\/AutogrammkarteGunda.png\"><img decoding=\"async\" class=\"alignleft wp-image-3171 size-thumbnail\" src=\"http:\/\/www.von-dehn.de\/site\/wp-content\/uploads\/2014\/04\/AutogrammkarteGunda-150x150.png\" alt=\"AutogrammkarteGunda\" width=\"150\" height=\"150\" srcset=\"http:\/\/www.von-dehn.de\/site\/wp-content\/uploads\/2014\/04\/AutogrammkarteGunda-66x66.png 66w, http:\/\/www.von-dehn.de\/site\/wp-content\/uploads\/2014\/04\/AutogrammkarteGunda-150x150.png 150w\" sizes=\"(max-width: 150px) 100vw, 150px\" \/><\/a><\/span><\/em><\/strong><\/h2>\n<h2><\/h2>\n<h2><strong><em><span style=\"color: #993300;\">Hinweis: Roman &#8222;Chroniken der tom Brook&#8220;<\/span><\/em><\/strong><\/h2>\n<h4><span style=\"color: #800000;\">Band I-IV &#8222;Chroniken der tom Brook&#8220;:\u00a0 Download erh\u00e4ltlich bei versch. Anbietern<\/span><\/h4>\n<p><span style=\"color: #0000ff;\"><a style=\"color: #0000ff;\" href=\"http:\/\/www.hugendubel.de\/de\/ebook\/gunda_von_dehn-chroniken_der_tom_brook-29133974-produkt-details.html\">http:\/\/www.hugendubel.de\/de\/ebook\/gunda_von_dehn-chroniken_der_tom_brook-29133974-produkt-details.html<\/a><\/span><\/p>\n<h4><span style=\"color: #800000;\">Band II &#8222;Chroniken der tom Brook&#8220;:<\/span> <span style=\"color: #0000ff;\"><a class=\"moz-txt-link-freetext\" style=\"color: #0000ff;\" href=\"http:\/\/store.kobobooks.com\/de-DE\/ebook\/chroniken-der-tom-brook-1\">http:\/\/store.kobobooks.com\/de-DE\/ebook\/chroniken-der-tom-brook-1<\/a><\/span><\/h4>\n<hr \/>\n<h5>\u00a0Letzte \u00c4nderung 05.10.2023<\/h5>\n<hr \/>\n","protected":false},"excerpt":{"rendered":"<p>\u00a9\u00a0&#8211; Gunda von Dehn &#8211; Hintergrundmusik &#8222;Flucht&#8220; Souver\u00e4ne und andere Gebieter \u00fcber Friesland Die Grafen von Friesland entstammten dem Geschlecht Widukinds (Sachsen) ebenso wie dem des Friesenk\u00f6nigs Redbad. Es gibt mehrere eheliche Verbindungslinien zwischen Sachsen und Friesland bzw. D\u00e4nemark. Diese Eheschlie\u00dfungen geschahen nicht nur zur Erhaltung und St\u00e4rkung der Macht und um das Gut in [&hellip;]<\/p>\n","protected":false},"author":1,"featured_media":0,"parent":34,"menu_order":2,"comment_status":"closed","ping_status":"open","template":"side-navigation.php","meta":{"footnotes":""},"class_list":["post-731","page","type-page","status-publish","hentry"],"_links":{"self":[{"href":"http:\/\/www.von-dehn.de\/site\/wp-json\/wp\/v2\/pages\/731","targetHints":{"allow":["GET"]}}],"collection":[{"href":"http:\/\/www.von-dehn.de\/site\/wp-json\/wp\/v2\/pages"}],"about":[{"href":"http:\/\/www.von-dehn.de\/site\/wp-json\/wp\/v2\/types\/page"}],"author":[{"embeddable":true,"href":"http:\/\/www.von-dehn.de\/site\/wp-json\/wp\/v2\/users\/1"}],"replies":[{"embeddable":true,"href":"http:\/\/www.von-dehn.de\/site\/wp-json\/wp\/v2\/comments?post=731"}],"version-history":[{"count":48,"href":"http:\/\/www.von-dehn.de\/site\/wp-json\/wp\/v2\/pages\/731\/revisions"}],"predecessor-version":[{"id":6950,"href":"http:\/\/www.von-dehn.de\/site\/wp-json\/wp\/v2\/pages\/731\/revisions\/6950"}],"up":[{"embeddable":true,"href":"http:\/\/www.von-dehn.de\/site\/wp-json\/wp\/v2\/pages\/34"}],"wp:attachment":[{"href":"http:\/\/www.von-dehn.de\/site\/wp-json\/wp\/v2\/media?parent=731"}],"curies":[{"name":"wp","href":"https:\/\/api.w.org\/{rel}","templated":true}]}}