{"id":7038,"date":"2023-10-08T12:41:34","date_gmt":"2023-10-08T10:41:34","guid":{"rendered":"http:\/\/www.von-dehn.de\/site\/?page_id=7038"},"modified":"2024-01-25T16:33:17","modified_gmt":"2024-01-25T14:33:17","slug":"theaterstuecke","status":"publish","type":"page","link":"http:\/\/www.von-dehn.de\/site\/theaterstuecke\/","title":{"rendered":"Brookmerland: Das m\u00e4chtige H\u00e4uptlingsgeschlecht &#8222;tom Brok&#8220;"},"content":{"rendered":"<div id=\"fb-root\"><\/div>\n<p><strong><u>Web-Seite neue Rubrik: Theater <\/u><\/strong><\/p>\n<p>Nachfolgende Theaterst\u00fccke sind \u00fcberwiegend hochdeutsch verfasst, teilweise jedoch bereits vollst\u00e4ndig ins Plattdeutsche \u00fcbertragen. K\u00fcrzungen und \/oder Erg\u00e4nzungen sind jederzeit machbar.\u00a0 Zu allen Theaterst\u00fccken gibt es Musik, die live gespielt und gesungen werden kann, aber auch als Hintergrund im Playbackmodus gespielt werden kann (mit Variationsm\u00f6glichkeiten). Alle Theaterst\u00fccke sind geeignet als Freilichttheater mit oder ohne Musikeinlagen. F\u00fcr kleinere B\u00fchnen stehen auf Anfrage kleinere, entsprechend\u00a0 angepasste Fassungen zur Verf\u00fcgung.<\/p>\n<p><strong><span style=\"color: #ff6600;\">Noten zu verschiedenen Musikst\u00fccken hierzu sind abrufbar unter:\u00a0<\/span> <a href=\"http:\/\/www.musicalion.com\/\" rel=\"nofollow ugc\">http:\/\/www.musicalion.com<\/a><\/strong><\/p>\n<h4><em>\u00a0<\/em>1.\u00a0\u00a0 St\u00fcck aus dem Zyklus \u201etom Brok\u201c<\/h4>\n<h1>\u00a0\u00a0\u00a0\u00a0\u00a0\u00a0\u00a0\u00a0\u00a0\u00a0\u00a0\u00a0 <strong><a href=\"http:\/\/www.von-dehn.de\/site\/wp-content\/uploads\/2023\/10\/Adler.jpg\"><img decoding=\"async\" class=\"size-full wp-image-7084 alignleft\" src=\"http:\/\/www.von-dehn.de\/site\/wp-content\/uploads\/2023\/10\/Adler.jpg\" alt=\"\" width=\"228\" height=\"254\" \/><\/a><span style=\"color: #800000;\"><em>&#8222;Rose und Adler&#8220;<\/em><\/span><\/strong><\/h1>\n<h2 style=\"text-align: left;\"><strong>Untertitel: <\/strong><span style=\"color: #993300;\">Ritter Ockos Heimkehr<\/span><\/h2>\n<h3>Gro\u00dfes <span style=\"color: #993300;\">Freilichttheater<\/span> in 5 Aufz\u00fcgen<\/h3>\n<h3>Ort: Brookmerland \/ S\u00fcdbrookmerland anno\u00a0 1372<\/h3>\n<h4>Hauptdarsteller: 7 &#8211; Kleindarsteller: 14 &#8211; ca. 50 Statisten oder mehr<\/h4>\n<h4><a name=\"_Toc39214930\"><\/a>1. Aufzug: Adda tom Brok, die Tochter des H\u00e4uptlings Ihmel tom Brok vom Brookmerland wird von ihrem Gro\u00dfvater, Keno tom Brok, nach Hause auf die Oldeborg geholt, denn sie soll mit Folkmar Allena, dem m\u00e4chtigsten H\u00e4uptling der Krummh\u00f6rn verlobt werden. Es gibt ein gro\u00dfes Fest aus diesem Anlass und viele honorige G\u00e4ste treffen ein. Darunter auch\u00a0 Foelke, um die sich Ihmel tom Brok bem\u00fcht. Ihmel st\u00f6\u00dft dabei mit Kampo von Emden zusammen, der Foelke f\u00fcr sich beansprucht.\u00a0 <a name=\"_Toc39214931\"><\/a><\/h4>\n<h4>Adda tom Brok wird Folkmar Allena zur Ehe versprochen. Danach Auftritt eines Fackelzuges der Dorfbewohner. Man begeht das Fest der Sonnwendfeier. Durch eine Windb\u00f6 wird der Scheiterhaufen entfacht. Ihmel tom Broks Pferd scheut und wirft den H\u00e4uptling ab. Ihmel verf\u00e4ngt sich im Steigb\u00fcgel und wird mitgeschleift. Er erleidet dabei den Tod.<\/h4>\n<h4>2. Aufzug: Es findet eine Trauerfeier f\u00fcr Ihmel tom Brok <a name=\"_Toc39214933\"><\/a>statt.<\/h4>\n<h4>3. Aufzug: Die Schwestern Doda und Elbrig sind aus Neapel zur\u00fcck. Sie haben ihren Bruder, Ritter Ocko tom Brok I., heimgeholt, weil Ocko die Nachfolge seines verungl\u00fcckten Bruders\u00a0 Ihmel antreten soll. &#8211;\u00a0 Ritter Ocko macht Foelke den Hof. Kampo von Emden und Ritter Ocko streiten sich wegen Foelke, die der Ritter als seine Braut reklamiert.<\/h4>\n<h4>4. Erbstreit zwischen Ritter Ocko und Folkmar Allena, dem Gemahl von Ritter Ockos Nichte Adda. Folkmar pocht auf das Erbgut, das seiner Frau nach dem Tod ihres Vaters Ihmel zusteht. Ritter Ocko lehnt es ab, Addas Erbe auszuzahlen.<\/h4>\n<h4><a name=\"_Toc39214937\"><\/a>5.Gerichtstagung des Landesfriedensgerichts wegen des Erbstreits zwischen Ritter Ocko und Folkmar Allena. Ritter Ocko verliert den Prozess. Danach Vers\u00f6hnung, Richtermahl und Schlussfeier.<\/h4>\n<p><strong><span style=\"color: #ff6600;\">Noten zu verschiedenen Musikst\u00fccken hierzu sind abrufbar unter:\u00a0<\/span> \u00a0<a href=\"http:\/\/www.musicalion.com\/\" rel=\"nofollow ugc\">http:\/\/www.musicalion.com<\/a><\/strong><\/p>\n<p style=\"text-align: center;\"><a href=\"http:\/\/www.von-dehn.de\/site\/wp-content\/uploads\/2014\/09\/018Rosen-in-der-Auffahrt.jpg\"><img decoding=\"async\" class=\"alignnone size-medium wp-image-4132\" src=\"http:\/\/www.von-dehn.de\/site\/wp-content\/uploads\/2014\/09\/018Rosen-in-der-Auffahrt-300x148.jpg\" alt=\"\" width=\"300\" height=\"148\" srcset=\"http:\/\/www.von-dehn.de\/site\/wp-content\/uploads\/2014\/09\/018Rosen-in-der-Auffahrt-300x148.jpg 300w, http:\/\/www.von-dehn.de\/site\/wp-content\/uploads\/2014\/09\/018Rosen-in-der-Auffahrt-1024x506.jpg 1024w\" sizes=\"(max-width: 300px) 100vw, 300px\" \/><\/a><\/p>\n<p>&#8212;&#8212;&#8212;&#8212;&#8212;&#8212;&#8212;&#8212;&#8212;&#8212;&#8212;&#8212;&#8212;&#8212;&#8212;&#8212;&#8212;&#8212;&#8212;&#8212;&#8212;&#8212;&#8212;&#8212;&#8212;&#8212;&#8212;&#8212;&#8212;&#8212;&#8212;&#8212;&#8212;&#8212;&#8212;&#8212;&#8212;&#8212;&#8212;&#8212;&#8212;&#8212;&#8212;&#8212;&#8212;&#8212;&#8212;&#8212;&#8212;&#8212;&#8212;&#8212;&#8212;&#8212;&#8212;&#8212;&#8212;&#8212;&#8212;&#8212;&#8212;&#8212;&#8212;&#8212;&#8212;&#8212;&#8212;&#8212;&#8212;&#8212;&#8212;&#8212;&#8212;&#8212;&#8212;&#8212;&#8212;&#8212;&#8212;&#8212;&#8212;<\/p>\n<p>&nbsp;<\/p>\n<h2>2.\u00a0\u00a0 St\u00fcck aus dem Zyklus \u201etom Brok\u201c<\/h2>\n<p><a href=\"http:\/\/www.von-dehn.de\/site\/wp-content\/uploads\/2023\/10\/Friesin1gut.jpg\"><img decoding=\"async\" class=\"size-medium wp-image-7089 alignright\" src=\"http:\/\/www.von-dehn.de\/site\/wp-content\/uploads\/2023\/10\/Friesin1gut-271x300.jpg\" alt=\"\" width=\"271\" height=\"300\" srcset=\"http:\/\/www.von-dehn.de\/site\/wp-content\/uploads\/2023\/10\/Friesin1gut-271x300.jpg 271w, http:\/\/www.von-dehn.de\/site\/wp-content\/uploads\/2023\/10\/Friesin1gut-768x851.jpg 768w, http:\/\/www.von-dehn.de\/site\/wp-content\/uploads\/2023\/10\/Friesin1gut-924x1024.jpg 924w, http:\/\/www.von-dehn.de\/site\/wp-content\/uploads\/2023\/10\/Friesin1gut.jpg 1148w\" sizes=\"(max-width: 271px) 100vw, 271px\" \/><\/a><\/p>\n<h1 style=\"text-align: center;\"><strong><span style=\"color: #800000;\"><em>&#8222;Geliebte Foelke&#8220;<\/em><\/span><\/strong><\/h1>\n<h2 style=\"text-align: center;\">Untertitel: <span style=\"color: #993300;\">Das Gottesurteil<\/span><br \/>\n<span style=\"color: #993300;\"><strong>&#8211; Liebe und Eifersucht &#8211; Klosterstiftung (1378) \u2013\u00a0 hochdt.<br \/>\nRitter Ocko tom Brok und Folkmar Allena gr\u00fcnden zusammen das Kloster Dykhusen<\/strong><\/span><\/h2>\n<h3><strong>Theaterst\u00fcck f\u00fcr die <span style=\"color: #993300;\">Freilichtb\u00fchne<\/span> in 7 Aufz\u00fcgen mit <span style=\"color: #993300;\">Musik-\u00a0 und Tanzeinlagen<\/span><\/strong><\/h3>\n<h3><strong>Ort des Geschehens: Krummh\u00f6rn<\/strong><\/h3>\n<h4>Hauptdarsteller: 3 &#8211; Kleindarsteller : 7\u00a0 &#8211; Komparsen: ca. 30 \u2013 60\u00a0\u00a0&#8211; Stuntman: 2<\/h4>\n<p>(Hochdeutsch &#8211; \u00dcbersetzungen ins Plattdeutsche m\u00fcssen noch erfolgen. Das St\u00fcck steht\u00a0 als Musical zur Verf\u00fcgung oder mit Hintergrundmusik von CD)<\/p>\n<p>Das St\u00fcck beginnt mit einem Festumzug\u00a0 zur Olde Borg. B\u00e4nkels\u00e4nger verspotten Kampo von Emden, der angeblich krankhaft eifers\u00fcchtig ist. Ritter Ocko tom Brok ist fasziniert von Foelke und will sie erobern. Hansische Kaufleute st\u00f6ren Ritter Ockos Liebeswerbung um Foelke.<a name=\"_Toc33704008\"><\/a><\/p>\n<p>Zur Festigung der Freundschaft zwischen den H\u00e4uptlingen Edzard Circsena, Folkmar Allena, Luiward Abdena und Ocko tom Brook kommt es zu einer Klosterstiftung.<\/p>\n<p>Ritter Ocko soll angeblich Liebeslieder unter Foelkes Fenster gesungen haben. Das macht Kampo w\u00fctend. Daher kommt es zwischen Kampo von Emden und Ritter Ocko zum Streit.<\/p>\n<p>Der P\u00f6bel ergreift Foelke und bewirft sie mit Schmutz. Man will die angebliche Ehebrecherin steinigen. Aber Kampo entschlie\u00dft sich zu einem Gottesurteil. Ritter Ocko und Kampo von Emden wollen einen Tjost ausfechten bis zum Tod. Der Ritter siegt, aber Kampo hat einen anderen an seiner Stelle k\u00e4mpfen lassen. Daraufhin entbrennt rundum ein Kampf. Es geht um Foelkes Ehre. Ocko tom Brok siegt schlie\u00dflich. Er l\u00e4sst Kampo nach vorheriger Todesandrohung am Leben. Kampo wird auf der Bahre fortgeschafft. Ritter Ocko wird als Sieger ausgerufen. Es folgt die Schlussfeier mit Musik.<\/p>\n<p><strong><span style=\"color: #ff6600;\">Noten zu verschiedenen Musikst\u00fccken hierzu sind abrufbar unter:\u00a0<\/span> <a href=\"http:\/\/www.musicalion.com\/\" rel=\"nofollow ugc\">http:\/\/www.musicalion.com<\/a><\/strong><\/p>\n<p>&#8212;&#8212;&#8212;&#8212;&#8212;&#8212;&#8212;&#8212;&#8212;&#8212;&#8212;&#8212;&#8212;&#8212;&#8212;&#8212;&#8212;&#8212;&#8212;&#8212;&#8212;&#8212;&#8212;&#8212;&#8212;&#8212;&#8212;&#8212;&#8212;&#8212;&#8212;&#8212;&#8212;&#8212;&#8212;&#8212;&#8212;&#8212;&#8212;&#8212;&#8212;&#8212;&#8212;&#8212;&#8212;&#8212;&#8212;&#8212;&#8212;&#8212;&#8212;&#8212;&#8212;&#8212;&#8212;&#8212;&#8212;&#8212;&#8212;&#8212;&#8212;&#8212;&#8212;&#8212;&#8212;&#8212;&#8212;&#8212;&#8212;&#8212;&#8212;&#8212;&#8212;&#8212;&#8212;&#8212;&#8212;&#8212;&#8212;&#8212;<\/p>\n<h2 style=\"text-align: center;\">3.\u00a0\u00a0 St\u00fcck aus dem Zyklus \u201etom Brok\u201c<\/h2>\n<h1 style=\"text-align: center;\"><a href=\"http:\/\/www.von-dehn.de\/site\/wp-content\/uploads\/2023\/10\/Ritter-wuetend-als-Smart-Objekt-2.jpg\"><img decoding=\"async\" class=\"wp-image-7092 alignleft\" src=\"http:\/\/www.von-dehn.de\/site\/wp-content\/uploads\/2023\/10\/Ritter-wuetend-als-Smart-Objekt-2-251x300.jpg\" alt=\"\" width=\"313\" height=\"375\" srcset=\"http:\/\/www.von-dehn.de\/site\/wp-content\/uploads\/2023\/10\/Ritter-wuetend-als-Smart-Objekt-2-251x300.jpg 251w, http:\/\/www.von-dehn.de\/site\/wp-content\/uploads\/2023\/10\/Ritter-wuetend-als-Smart-Objekt-2.jpg 375w\" sizes=\"(max-width: 313px) 100vw, 313px\" \/><\/a><span style=\"color: #993300;\"><strong><em>&#8222;Sturm \u00fcber Loppersum&#8220;<\/em><\/strong><\/span><\/h1>\n<h2 style=\"text-align: center;\"><span style=\"color: #993300;\"><strong><em>Ritter Ocko erobert sich sein Erbe\u00a0 zur\u00fcck<\/em><\/strong><\/span><\/h2>\n<h2 style=\"text-align: center;\"><span style=\"color: #993300;\"><strong>kriegerische Auseinandersetzung; Ritter Ocko tom Brok\u00a0 :\u00a0 Folkmar Allena<\/strong><\/span><\/h2>\n<p><strong>Theaterst\u00fcck f\u00fcr die <span style=\"color: #993300;\">Freilichtb\u00fchne<\/span> in 2\u00a0 Akten &#8211;\u00a0 mit <span style=\"color: #993300;\">Musik-\u00a0 und Tanzeinlagen<\/span> \u2013 hochdeutsch\u00a0 tlw. gereimt<\/strong><\/p>\n<h3 style=\"text-align: left;\"><strong>Ort des Geschehens: Krummh\u00f6rn anno 1379 \u00a0 \u00a0 \u00a0 \u00a0 \u00a0 \u00a0 \u00a0 \u00a0 \u00a0 \u00a0 \u00a0 \u00a0 \u00a0 \u00a0 \u00a0 \u00a0 \u00a0 \u00a0 \u00a0 \u00a0 \u00a0 \u00a0 \u00a0 \u00a0 \u00a0 \u00a0 \u00a0 \u00a0 \u00a0 \u00a0 \u00a0 \u00a0 <\/strong><\/h3>\n<h4>Hauptdarsteller: 6 \u00a0&#8211;\u00a0 Kleindarsteller: 14\u00a0 &#8211;\u00a0 Komparsen: ca. 30 \u2013 60 Pers. &#8211; Stuntman: 2<\/h4>\n<h4>Der Ernte-Festzug schwenkt auf die B\u00fchne ein. Dort singt Freischarf\u00fchrer Angelo als Kriegswerber. Er wirbt S\u00f6ldner an. Einige Bogensch\u00fctzen unterhalten sich lobend \u00fcber Ritter Ocko. Als Folkmar Allena und Ritter Ocko hinzukommen, gehen die Bogensch\u00fctzen ab. Folkmar Allena fordert Ritter Ocko auf, das Erbe an seine Frau Adda tom Brok auszukehren.\u00a0 Ritter Ocko weigert sich.<\/h4>\n<h4>Kleine Verwandlung zur Burg Loppersum. Ritter Ockos Heer r\u00fcckt gegen Loppersum vor. Man ergreift rasch Verteidigungsma\u00dfnahmen. W\u00e4hrend Folkmar Allena Abschied nimmt von seiner Frau, nimmt Kampo von Emden Foelke mit in sein Zelt am Rande des Schlachtfeldes.<\/h4>\n<h4>Verwandlung zum Heerlager. Es werden Verwundete gebracht. Foelke und andere Frauen versorgen die Verwundeten. Ein Kriegsknecht berichtet vom Verlauf der Schlacht und stirbt in Foelkes Armen. Kampo von Emden kommt ins Lager. Gleich darauf kommt Gelderen, Ritter Ockos Herold,\u00a0und \u00fcbergibt Kampo eine Schriftrolle. Ritter Ocko tom Brok, begehrt Waffenruhe und schl\u00e4gt einen Zweikampf vor auf Leben und Tod. Der Zweikampf findet statt. Ritter Ocko siegt und Kampo von Emden bleibt auf der Kampfstatt. Der Sieg wird gefeiert mit einem Triumphzug, Speis und Trank, Musik und Tanz.<\/h4>\n<p><strong><span style=\"color: #ff6600;\">Noten zu verschiedenen Musikst\u00fccken hierzu sind abrufbar unter: <\/span>\u00a0<a href=\"http:\/\/www.musicalion.com\/\" rel=\"nofollow ugc\">http:\/\/www.musicalion.com<\/a><\/strong><\/p>\n<h4>&#8212;&#8212;&#8212;&#8212;&#8212;&#8212;&#8212;&#8212;&#8212;&#8212;&#8212;&#8212;&#8212;&#8212;&#8212;&#8212;&#8212;&#8212;&#8212;&#8212;&#8212;&#8212;&#8212;&#8212;&#8212;&#8212;&#8212;&#8212;&#8212;&#8212;&#8212;&#8212;&#8212;&#8212;&#8212;&#8212;&#8212;&#8212;&#8212;&#8212;&#8212;&#8212;&#8212;&#8212;&#8212;&#8212;&#8212;&#8212;&#8212;&#8212;&#8212;&#8212;&#8212;&#8212;&#8212;&#8212;&#8212;&#8212;&#8212;&#8212;&#8212;&#8212;&#8212;&#8212;&#8212;&#8212;&#8212;&#8212;&#8212;&#8212;&#8212;&#8212;&#8212;&#8212;&#8212;&#8212;&#8212;&#8212;&#8211;<\/h4>\n<h2>4.\u00a0\u00a0 St\u00fcck aus dem Zyklus \u201etom Brok\u201c<\/h2>\n<p><a href=\"http:\/\/www.von-dehn.de\/site\/wp-content\/uploads\/2023\/10\/Adda-tom-Brook-mit-Zopf.jpg\"><img decoding=\"async\" class=\"size-medium wp-image-7098 alignright\" src=\"http:\/\/www.von-dehn.de\/site\/wp-content\/uploads\/2023\/10\/Adda-tom-Brook-mit-Zopf-215x300.jpg\" alt=\"\" width=\"215\" height=\"300\" srcset=\"http:\/\/www.von-dehn.de\/site\/wp-content\/uploads\/2023\/10\/Adda-tom-Brook-mit-Zopf-215x300.jpg 215w, http:\/\/www.von-dehn.de\/site\/wp-content\/uploads\/2023\/10\/Adda-tom-Brook-mit-Zopf.jpg 411w\" sizes=\"(max-width: 215px) 100vw, 215px\" \/><\/a><\/p>\n<h1 style=\"text-align: center;\"><em><span style=\"color: #993300;\"><strong>&#8222;Die Macht des Grafen&#8220;<\/strong><\/span><\/em><\/h1>\n<h2 style=\"text-align: center;\"><span style=\"color: #993300;\">Verm\u00e4hlung von Ritter Ocko tom Brook<\/span><\/h2>\n<h3 style=\"text-align: center;\">&#8211; Huldigung der Bauernschaften; Hochzeit\u00a0 (1379)<\/h3>\n<p><em>\u00a0<\/em><\/p>\n<h3 style=\"text-align: center;\"><strong>f\u00fcr <span style=\"color: #993300;\">Freilichtb\u00fchne<\/span> in 4 Aufz\u00fcgen mit <span style=\"color: #993300;\">Musik- und Tanzeinlagen<\/span> &#8211; hochdt. und\u00a0 plattdt. <\/strong><\/h3>\n<p>&nbsp;<\/p>\n<h3><strong>Ort des Geschehens: Brookmerland bzw. S\u00fcdbrookmerland <\/strong><\/h3>\n<h4>Hauptdarsteller: 9 \u00a0&#8211;\u00a0 Kleindarsteller : 4 \u00a0&#8211;\u00a0 Komparsen: ca. 30 \u2013 60 \u00a0&#8211;\u00a0 Stuntman: 2<\/h4>\n<p>Ritter Ocko hat seine Braut eingeholt. Ein Herold k\u00fcndigt den Brautzug an. Foelke kommt in einem stattlichen Brautzug. Gefangene sind mit Stricken an die Wagen gebunden und m\u00fcssen hinterher laufen.\u00a0 Jubelndes Volk empf\u00e4ngt Ritter Ocko und seine Braut. Die Vertreter der Bauernschaften treten heran und huldigen Ritter Ocko als ihrem H\u00e4uptling. Unterdessen werden die Gefangenen von den Fesseln befreit und unter Bewachung zum Altar gebracht. Es sind die Vertreter der besiegten Bauernschaften, die ebenfalls ihren Treueeid ablegen m\u00fcssen. Nach einem Gebet wird beiderseits der Treueeid abgelegt. Danach wird die Braut traditionell begr\u00fc\u00dft mit Salz und Brot. Es folgt die Ank\u00fcndigung der edlen G\u00e4ste durch den Herold. Es folgen Eheversprechen und Trauung.<\/p>\n<p>Fernes Hufgetrappel und Waffenklirren k\u00fcndigt den \u201eSchwarzen Ritter\u201c an. Ritter Grotemund reitet auf den Hof und fordert Tribut f\u00fcr den m\u00e4chtigen Herzog Albrecht von Bayern, Graf von Holland. Ritter Ocko fordert Ritter Grotemund heraus. Grotemund wirft Ocko h\u00f6hnisch seinen Handschuh hin. Er wei\u00df, dass seine \u201eFlut\u201c (ein kleines Heer) vor dem Tor steht und f\u00fchlt sich stark. Mutig fordert Ritter Ocko den Grotemund zum Zweikampf heraus. Verliert Ocko, so wird er zum Vasallen des Grafen.<\/p>\n<p>Grotemund tritt als \u201eSchwarzer Ritter\u201c an und unterliegt Ritter Ocko, aber es stellt sich heraus, dass nicht Grotemund selber gek\u00e4mpft hat und somit entbrennt ein neuer dramatischer Zweikampf, in welchem Ritter Ocko unterliegt und sich unterwerfen muss. Grotemund schenkt ihm das Leben. Ein Liebesduett zwischen Foelke und Ocko bildet den Schlussakkord. Geldern, der Herold verk\u00fcndet das Ende des Theaterst\u00fccks.<\/p>\n<p><strong><span style=\"color: #ff6600;\">Noten zu verschiedenen Musikst\u00fccken hierzu sind abrufbar unter: <a href=\"http:\/\/www.musicalion.com\/\" rel=\"nofollow ugc\">http:\/\/www.musicalion.com<\/a><\/span><\/strong><\/p>\n<p><strong>&#8212;&#8212;&#8212;&#8212;&#8212;&#8212;&#8212;&#8212;&#8212;&#8212;&#8212;&#8212;&#8212;&#8212;&#8212;&#8212;&#8212;&#8212;&#8212;&#8212;&#8212;&#8212;&#8212;&#8212;&#8212;&#8212;&#8212;&#8212;&#8212;&#8212;&#8212;&#8212;&#8212;&#8212;&#8212;&#8212;&#8212;&#8212;&#8212;&#8212;&#8212;&#8212;&#8212;&#8212;&#8212;&#8212;&#8212;&#8212;&#8212;&#8212;&#8212;&#8212;&#8212;&#8212;&#8212;&#8212;&#8212;&#8212;&#8212;&#8212;&#8212;&#8212;&#8212;&#8212;&#8212;&#8212;&#8212;&#8212;&#8212;&#8212;&#8212;&#8212;&#8212;&#8212;&#8212;&#8212;&#8212;&#8212;&#8211;<\/strong><\/p>\n<h2>5.\u00a0\u00a0 St\u00fcck aus dem Zyklus \u201etom Brok\u201c<\/h2>\n<p style=\"text-align: center;\"><strong> <a href=\"http:\/\/www.von-dehn.de\/site\/wp-content\/uploads\/2014\/09\/Kings3verzerrt.jpg\"><img decoding=\"async\" class=\"wp-image-4085 alignleft\" src=\"http:\/\/www.von-dehn.de\/site\/wp-content\/uploads\/2014\/09\/Kings3verzerrt-129x300.jpg\" alt=\"\" width=\"181\" height=\"421\" srcset=\"http:\/\/www.von-dehn.de\/site\/wp-content\/uploads\/2014\/09\/Kings3verzerrt-129x300.jpg 129w, http:\/\/www.von-dehn.de\/site\/wp-content\/uploads\/2014\/09\/Kings3verzerrt.jpg 324w\" sizes=\"(max-width: 181px) 100vw, 181px\" \/><\/a><\/strong><\/p>\n<h1 style=\"text-align: center;\"><em><span style=\"color: #993300;\"><strong>&#8222;Der Lehnseid&#8220;<\/strong><\/span><\/em><\/h1>\n<h2 style=\"text-align: center;\"><span style=\"color: #993300;\"><strong>Ocko tom Brok leistet den Lehnseid gegen\u00fcber dem Grafen von Holland<\/strong><\/span><\/h2>\n<h3 style=\"text-align: center;\"><strong>Theaterst\u00fcck (hochdt. \/ plattdt.) f\u00fcr die kleine B\u00fchne in 2 Aufz\u00fcgen mit <span style=\"color: #993300;\">Musik- und Tanzeinlagen<\/span> &#8211; <u>auch als gro\u00dfes <span style=\"color: #993300;\">Musical<\/span> f\u00fcr die <span style=\"color: #993300;\">Freilichtb\u00fchne<\/span><\/u> erh\u00e4ltlich<\/strong><\/h3>\n<h3 style=\"text-align: center;\"><strong>Ort des Geschehens: Brookmerland bzw. S\u00fcdbrookmerland <\/strong><\/h3>\n<p style=\"text-align: center;\">Hauptdarsteller: 9\u00a0 &#8211;\u00a0 Kleindarsteller : 7\u00a0 &#8211;\u00a0 Komparsen: ca. 20 od. mehr\u00a0 &#8211;\u00a0 Stuntman: 2<\/p>\n<p>Das St\u00fcck ist mit 20 Min. reiner Sprechzeit relativ kurz und kann noch um Einiges gek\u00fcrzt werden. Es verlangt eine aufw\u00e4ndige Ausstattung mit historischen Kost\u00fcmen und ist\u00a0 konzipiert als Unterhaltung bei einem mittelalterlichen Essen. (hochdt. und plattdt.)<\/p>\n<p>Der Graf von Holland zieht feierlich\u00a0 mit gro\u00dfem Gefolge ein, um Ritter Ocko das Treuegel\u00f6bnis abzunehmen. Nachdem der Graf und dessen Gefolge sich entspr. positioniert haben, tritt Ritter Ocko I. auf, um den Lehnseid zu leisten. (Die beschriebene Zeremonie entspricht exakt den mittelalterlichen Gewohnheiten.) Der Protokollant verliest die Lehnurkunde im Originaltext. Der Geistliche segnet den Pakt. Danach Tanz und Gelage mit einem pers\u00f6nlichen Gespr\u00e4ch zwischen den edlen Damen Foelke, Elisabeth von W\u00fcrttemberg (Schwester des Herzogs), Margarete von Straubing-Holland. Der Page des Herzogs erz\u00e4hlt die heitere Geschichte, wie es ihm gelang, dem Galgen zu entrinnen.<\/p>\n<p>Blechbl\u00e4ser zum Abschluss. Bei Freilichtauff\u00fchrung kann noch ein Ritterturnier folgen.<\/p>\n<p><strong><span style=\"color: #ff6600;\">Noten zu verschiedenen Musikst\u00fccken hierzu sind abrufbar unter:\u00a0<\/span> <a href=\"http:\/\/www.musicalion.com\/\" rel=\"nofollow ugc\">http:\/\/www.musicalion.com<\/a><\/strong><\/p>\n<p><strong>&#8212;&#8212;&#8212;&#8212;&#8212;&#8212;&#8212;&#8212;&#8212;&#8212;&#8212;&#8212;&#8212;&#8212;&#8212;&#8212;&#8212;&#8212;&#8212;&#8212;&#8212;&#8212;&#8212;&#8212;&#8212;&#8212;&#8212;&#8212;&#8212;&#8212;&#8212;&#8212;&#8212;&#8212;&#8212;&#8212;&#8212;&#8212;&#8212;&#8212;&#8212;&#8212;&#8212;&#8212;&#8212;&#8212;&#8212;&#8212;&#8212;&#8212;&#8212;&#8212;&#8212;&#8212;&#8212;&#8212;&#8212;&#8212;&#8212;&#8212;&#8212;&#8212;&#8212;&#8212;&#8212;&#8212;&#8212;&#8212;&#8212;&#8212;&#8212;&#8212;&#8212;&#8212;&#8212;&#8212;&#8212;&#8212;&#8211;<\/strong><\/p>\n<h2>6. Theaterst\u00fcck aus dem Zyklus \u201etom Brok\u201c<a href=\"http:\/\/www.von-dehn.de\/site\/wp-content\/uploads\/2014\/05\/Focko-Ukena3.jpg\"><img decoding=\"async\" class=\" wp-image-2797 alignright\" src=\"http:\/\/www.von-dehn.de\/site\/wp-content\/uploads\/2014\/05\/Focko-Ukena3-166x300.jpg\" alt=\"\" width=\"238\" height=\"430\" srcset=\"http:\/\/www.von-dehn.de\/site\/wp-content\/uploads\/2014\/05\/Focko-Ukena3-166x300.jpg 166w, http:\/\/www.von-dehn.de\/site\/wp-content\/uploads\/2014\/05\/Focko-Ukena3.jpg 455w\" sizes=\"(max-width: 238px) 100vw, 238px\" \/><\/a><\/h2>\n<h1 style=\"text-align: center;\"><em><span style=\"color: #993300;\">&#8222;Das goldene Halsband&#8220;<\/span><\/em><\/h1>\n<h2 style=\"text-align: center;\"><span style=\"color: #993300;\"><strong>(Untertitel: St\u00f6rtebeker &#8211; Mord in Dornum)<\/strong><\/span><\/h2>\n<h3><strong><span style=\"color: #993300;\">Dramatisches Theaterst\u00fcck<\/span> in 10 Aufz\u00fcgen f\u00fcr die <span style=\"color: #993300;\">Freilichtb\u00fchne<\/span> mit <span style=\"color: #993300;\">Musik- <span style=\"color: #000000;\">und<\/span> Tanzeinlagen <\/span><\/strong><\/h3>\n<h3><strong>&#8211; <u>oder als <span style=\"color: #993300;\">gro\u00dfes Musical<\/span> erh\u00e4ltlich &#8211; <\/u><\/strong><strong>(hochdeutsch).<\/strong><\/h3>\n<h3 style=\"text-align: center;\"><strong>Ort des Geschehens: Anno 1397 in Ostfriesland &#8211; Dornum \u2013 Ostfrs. Nordsee<\/strong><\/h3>\n<h3>Das St\u00fcck kann als Fortsetzung der St\u00f6rtebeker-Spiele der Freilichtb\u00fchne Marienhafe inszeniert werden oder als eigenst\u00e4ndiges Drama.<\/h3>\n<p style=\"text-align: center;\"><strong>Hauptdarsteller: 6 &#8211; Kleindarsteller u. Komparsen: ca. 30 \u2013 60 Personen<\/strong><\/p>\n<p>&nbsp;<\/p>\n<h2 style=\"text-align: center;\"><strong><em>Der H\u00e4uptling L\u00fctet Attena, H\u00e4uptling von Dornum, l\u00e4sst seine Frau, Ocka tom Brok, aus Eifersucht hinrichten<\/em><\/strong><\/h2>\n<ol>\n<li><strong> Akt:<\/strong> Es beginnt mit einem Festumzug und B\u00e4nkelgesang. Der B\u00e4nkels\u00e4nger provoziert L\u00fctet Attena, indem er b\u00f6se Ger\u00fcchte \u00fcber ihn und Ocka, L\u00fctets Frau, verbreitet.<\/li>\n<li><strong> Akt: <\/strong>St\u00f6rtebeker flirtet mit Foelke, der Witwe von Ritter Ocko tom Brok I. (Hier wird das sanfte Liebesduett zwischen Foelke und St\u00f6rtebeker eingeschoben: \u201eNie warst du mir so innig nah\u2026\u201c)<\/li>\n<li><strong> Akt:<\/strong> Eingetroffene hansische Kaufleute beklagen sich \u00fcber F\u00fcrsten und Piraten. Man setzt sich zu Tische. Gesinde tr\u00e4gt Bier auf. L\u00fctet Attena (Ockas Ehemann) sitzt bei der jungen Sibba Allena, Ockas Base und flirtet heftig mit ihr. Ocka wendet sich derweil St\u00f6rtebeker zu, der neben ihr sitzt. St\u00f6rtebeker fl\u00fcstert mit Ocka und will ihr ein Brieflein zuschieben.<\/li>\n<li><strong> Akt:<\/strong> L\u00fctet Attena sieht das und nimmt den Brief hastig an sich und studiert ihn. Pl\u00f6tzlich blickt L\u00fctet auf und explodiert augenblicklich vor Eifersucht. Ubbo, der B\u00e4nkels\u00e4nger, stachelt L\u00fctet weiter auf. L\u00fctet liest St\u00f6rtebekers Brieflein vor. Es ist eine Liebeswerbung, aber St\u00f6rtebeker behauptet, der Brief sei nicht f\u00fcr Ocka bestimmt gewesen. L\u00fctet Attena bezichtigt ihn darauf der L\u00fcge, woraufhin St\u00f6rtebeker und L\u00fctet miteinander raufen.<\/li>\n<\/ol>\n<p>Enno Attena, L\u00fctets Bruder, trennt die Streith\u00e4hne. Vergeblich beteuert Foelke die Unschuld ihrer Tochter. Enno Attena schl\u00e4gt zur Kl\u00e4rung ein Gottesurteil vor.\u00a0 Die Verblendung nimmt ihren Lauf. Foelke verteidigt ihre Tochter. Ocka ist verzweifelt. L\u00fctet Attena, der der Richterschaft angeh\u00f6rt, zelebriert ein (Pseudo-) Gerichtsverfahren. St\u00f6rtebeker will retten, was zu retten ist, aber er wird von L\u00fctet Attena der L\u00fcge bezichtigt. Darum fordert St\u00f6rtebeker L\u00fctet Attena zum Zweikampf auf, denn L\u00fctet verlangt Ockas Tod, wenn sie gefehlt hat. In h\u00f6chster Angst beteuert Ocka ihre Unschuld. Der vertonte Text f\u00fchrt die Dramatik zum H\u00f6hepunkt, unterbrochen von Chorsequenzen, die die Auslassungen des Volkes widerspiegeln, z. B. die Hasstirade &#8222;Steinigt sie!&#8220;<\/p>\n<ol start=\"5\">\n<li><strong> Akt:<\/strong> Es folgt der Zweikampf zwischen St\u00f6rtebeker und L\u00fctet Attena auf Leben und Tod. L\u00fctet Attena unterliegt aber St\u00f6rtebeker schenkt ihm gro\u00dfz\u00fcgig das Leben.<\/li>\n<li><strong> Akt:<\/strong><a name=\"_Toc115162886\"><\/a> Ocka im Garten der Burg singt die wundersch\u00f6ne Liebesarie \u201eDie Luft erf\u00fcllt von M\u00f6wenschrei\u2026\u201c Ocka trifft einen Boten im Garten. Da platzt L\u00fctet w\u00fctend dazwischen. Er verh\u00f6rt den Boten an Ort und Stelle, der aber sein Geheimnis nicht preisgibt. Daraufhin schl\u00e4gt L\u00fctet Ocka ins Gesicht, aber auch sie beteuert nur ihre Liebe zu ihm. Gemeinsam singen das Duett: \u201eMein hei\u00dfes Herz sehnt sich nach dir&#8230;\u201c Ocka gelobt, dass sie ihm ihr Leben schenken w\u00fcrde. Schon fast \u00fcberzeugt, macht L\u00fctet sich auf den Weg zur Burg. Da f\u00e4llt der Fackelschein auf den heruntergefallenen Brief.<\/li>\n<li><strong> Akt:<\/strong> (Verwandlung) Es schlie\u00dft sich das Verh\u00f6r an. Hero Attena wirft Ocka Hochverrat vor. In Raserei ersticht L\u00fctet die Kammerfrau Imma. In sinnloser Wut schl\u00e4gt L\u00fctet auf Ocka ein. Der Bote will Ocka sch\u00fctzen und wird von L\u00fctet blindw\u00fctig erstochen.<\/li>\n<li><strong> Akt:<\/strong> Verwandlung zur Olde Borg. Foelke erh\u00e4lt Nachricht, dass L\u00fctet Attena ihrer Tochter Ehebruch vorwirft. \u2013 Pause \u2013<\/li>\n<li><strong> Akt:<\/strong> Verwandlung Dornum: Von Todesahnung erf\u00fcllt, f\u00fcrchtet Ocka um ihre Kinder und singt die ergreifende Bitte \u201eSch\u00fctze die Kinder\u201c \u2013 der Chor schlie\u00dft sich an mit \u201eHerr, erbarme dich\u201c.<\/li>\n<\/ol>\n<p>Man fesselt Ocka\u00a0 an den W\u00fcrgepfahl. Gleichzeitig verlangen St\u00f6rtebeker und Keno, Ockas Bruder, Einlass in die Burg. Unterdessen wird das Todesurteil gegen Ocka verk\u00fcndet. Als Keno und St\u00f6rtebeker zur Stelle sind, ist das Urteil bereits vollstreckt. Die Garotte sieht aus wie ein grausiges Monument im Schein der Fackeln.<\/p>\n<p>L\u00fctet Attena erh\u00e4lt von St\u00f6rtebeker den Beweis, dass Ocka unschuldig war. Der Henker nimmt Ocka ab, St\u00f6rtebeker tr\u00e4gt sie auf seinen Armen zur Bahre.<\/p>\n<ol start=\"10\">\n<li><strong> Akt:<\/strong> Verwandlung Olde Borg: Keno und St\u00f6rtebeker haben Ocka zur Olde Borg gebracht. Foelke fleht zur Gott in gro\u00dfem Schmerz: Arie \u201eHerrgott, mein Kind gib mir zur\u00fcck\u2026\u201c<\/li>\n<\/ol>\n<p>Dann \u201e<strong>Totentanz\u201c; <\/strong>der Tod l\u00e4sst Ocka von der Bahre auferstehen und f\u00fchrt sie in ein helles Licht. Der Tod wendet sich wieder zur\u00fcck auf die B\u00fchne u. tanzt mit den Leuten einen Reigen in den \u201aTod\u2019 von der B\u00fchne herunter in das helle Licht.<\/p>\n<p><strong>Schlusslied als Zugabe, um die Spannungen zu l\u00f6sen.<\/strong><\/p>\n<p><strong><span style=\"color: #ff6600;\">Noten zu verschiedenen Musikst\u00fccken hierzu sind abrufbar unter:\u00a0<\/span> <a href=\"http:\/\/www.musicalion.com\/\" rel=\"nofollow ugc\">http:\/\/www.musicalion.com<\/a><\/strong><\/p>\n<p>&nbsp;<\/p>\n<hr \/>\n<h2>\u00a0 \u00a0 \u00a0 \u00a0 \u00a0 \u00a0 \u00a0 \u00a0 \u00a0 \u00a0 \u00a0 \u00a0 \u00a0 \u00a0 \u00a0 \u00a0 7.\u00a0 \u00a0St\u00fcck aus dem Zyklus \u201etom Brok\u201c Ocko II.<\/h2>\n<h1><strong><img decoding=\"async\" class=\"alignleft\" src=\"http:\/\/www.von-dehn.de\/site\/wp-content\/uploads\/2023\/10\/Ritter-mit-Hut-254x300.jpg\" \/><\/strong><\/h1>\n<blockquote>\n<h1 style=\"text-align: center;\"><strong>\u00a0 \u00a0 \u00a0 \u00a0 \u00a0 \u00a0 \u00a0 <em><span style=\"color: #993300;\">&#8222;<\/span><\/em><\/strong><em><span style=\"color: #993300;\"><strong>Die Niederlage&#8220;<\/strong><\/span><\/em><\/h1>\n<\/blockquote>\n<h2 style=\"text-align: center;\"><span style=\"color: #993300;\">Die Schlacht auf den \u00a0\u201eWilden \u00c4ckern\u201c\u00a0 Ocko <em>II.<\/em>\u00a0 : \u00a0Focko Ukena<\/span><\/h2>\n<p>&nbsp;<\/p>\n<h3 style=\"text-align: center;\"><strong>Dramatisches Theaterst\u00fcck in 4 Aufz\u00fcgen mit <span style=\"color: #993300;\">Musik-\u00a0 und Tanzeinlagen<\/span>&#8211; <\/strong><strong>plattdt. + hochdt.<\/strong><\/h3>\n<h3 style=\"text-align: center;\"><strong>Ort des Geschehens: Die Wilden \u00c4cker bei Oldeborg \u2013 S\u00fcdbrookmerland<\/strong><\/h3>\n<p><strong>\u00a0<\/strong><\/p>\n<h4 style=\"text-align: center;\">Hauptdarsteller: 4 \u00a0&#8211;\u00a0 Kleindarsteller: 6\u00a0 &#8211;\u00a0 Komparsen: ca. 20 Pers. od. mehr<\/h4>\n<p>Vorgeschichte: Seit <strong>1426<\/strong> bek\u00e4mpft Fokko Ukena seinen Lehnherrn Ocko II; er siegt\u00a0 bei Detern \u00fcber die Verb\u00fcndeten von Ocko II. Danach wird ein Waffenstillstand geschlossen, den Focko Ukena 1427 bricht. Er r\u00fcckt in einem \u00dcberraschungsangriff mit seinen Verb\u00fcndeten gegen die Olde Borg (S\u00fcdbrookmerland \/Oldeborg) vor. \u2013 Es kommt zur Schlacht auf den Wilden \u00c4ckern.<\/p>\n<p><strong>Inhalt: <\/strong><\/p>\n<p>W\u00e4hrend der Vorbereitungen zu einem Fest auf der Olde Borg kommt die Nachricht herein, dass Focko Ukena mit einem gro\u00dfen Heer anr\u00fcckt. In aller Eile er\u00f6rtert Ocko II. die Lage mit seinen Hauptleuten\u00a0 und schlie\u00dft ein B\u00fcndnis mit dem Hauptmann der Seer\u00e4uber.<\/p>\n<p>Nach herzbewegendem Abschied erfleht Ockos Frau (die Grafentochter Ingeborg von Oldenburg) Gottes Schutz und Segen f\u00fcr ihren Gemahl.<\/p>\n<p>Ehe Hinnerk, der Liebste der Magd Clara, an einer Kriegsverletzung stirbt, \u00fcberbringt er noch die Nachricht, dass der \u00dcbermacht der Angreifer kein Einhalt geboten werden kann.<\/p>\n<p>Ocko gelingt die Flucht vom Schlachtfeld auf die Burg und leitet Verteidigungsma\u00dfnahmen ein.\u00a0 Erneuter Abschied der Eheleute in gro\u00dfer Liebe.<\/p>\n<p>Ingeborg kommentiert vom Fenster aus das dramatische Geschehen auf dem Schlachtfeld.<\/p>\n<p>Angesichts der erdr\u00fcckenden \u00dcbermacht ist die Niederlage unausweichlich. Ocko flieht,\u00a0 wird aber von Focko Ukenas Leuten gefangen und vorgef\u00fchrt.<\/p>\n<p>Adda tom Brok bietet L\u00f6segeld f\u00fcr ihren Sohn aber Focko Ukena zitiert den Henker herbei und will Ocko hinrichten lassen. Auch Ockos Frau fleht um Gnade und sogar Focko Ukenas S\u00f6hne bitten um Ockos Leben. Bleibt Focko Ukena unerbittlich?<\/p>\n<p><strong><span style=\"color: #ff6600;\">Noten zu verschiedenen Musikst\u00fccken hierzu sind abrufbar unter: <\/span><a href=\"http:\/\/www.musicalion.com\/\" rel=\"nofollow ugc\">http:\/\/www.musicalion.com<\/a><\/strong><\/p>\n<h1><strong>&#8212;&#8212;&#8212;&#8212;&#8212;&#8212;&#8212;&#8212;&#8212;&#8212;&#8212;&#8212;&#8212;&#8212;&#8212;&#8212;&#8212;&#8212;&#8212;&#8212;&#8212;&#8212;&#8212;&#8212;&#8212;&#8212;&#8212;&#8212;&#8212;&#8212;&#8212;&#8212;&#8212;&#8212;&#8212;&#8212;&#8212;&#8212;&#8212;<\/strong><\/h1>\n<h2><strong><em>8. St\u00fcck aus dem Zyklus \u201ctom Brok, Ocko II.\u201c<\/em><\/strong><strong><em><a href=\"http:\/\/www.von-dehn.de\/site\/wp-content\/uploads\/2023\/10\/Luetet.jpg\"><img decoding=\"async\" class=\" wp-image-7107 alignleft\" src=\"http:\/\/www.von-dehn.de\/site\/wp-content\/uploads\/2023\/10\/Luetet-227x300.jpg\" alt=\"\" width=\"383\" height=\"507\" srcset=\"http:\/\/www.von-dehn.de\/site\/wp-content\/uploads\/2023\/10\/Luetet-227x300.jpg 227w, http:\/\/www.von-dehn.de\/site\/wp-content\/uploads\/2023\/10\/Luetet-768x1014.jpg 768w, http:\/\/www.von-dehn.de\/site\/wp-content\/uploads\/2023\/10\/Luetet-1163x1536.jpg 1163w, http:\/\/www.von-dehn.de\/site\/wp-content\/uploads\/2023\/10\/Luetet-1551x2048.jpg 1551w, http:\/\/www.von-dehn.de\/site\/wp-content\/uploads\/2023\/10\/Luetet.jpg 1679w\" sizes=\"(max-width: 383px) 100vw, 383px\" \/><\/a><\/em><\/strong><\/h2>\n<h1 style=\"padding-left: 40px; text-align: center;\"><strong><em>\u00a0<\/em><\/strong><em><span style=\"color: #993300;\"><strong> &#8222;<\/strong><\/span><strong><span style=\"color: #993300;\">Zorn im Blut&#8220;<\/span><\/strong><\/em><\/h1>\n<h2 style=\"padding-left: 40px; text-align: center;\"><span style=\"color: #993300;\">Untertitel: Focko Ukena, der L\u00f6we von Neermoor<\/span><\/h2>\n<h3 style=\"text-align: center;\"><span style=\"color: #993300;\"><strong>Ocko tom Brok II. in Gefangenschaft bei Focko Ukena und seine Befreiung<\/strong><\/span><\/h3>\n<p><strong>Gro\u00dfes dramatisches Theaterst\u00fcck in 5 Aufz\u00fcgen f\u00fcr die Freilichtb\u00fchne mit <span style=\"color: #993300;\">Musik- und Tanzeinlagen\u00a0<\/span> (plattdt. + hochdt.)<\/strong><\/p>\n<p>Vorgeschichte: <strong>1427<\/strong> bricht Focko Ukena\u00a0 seinen Waffenstillstand mit Ocko II. und r\u00fcckt in einem \u00dcberraschungsangriff mit seinen Verb\u00fcndeten gegen die Olde Borg (S\u00fcdbrookmerland \/ Oldeborg) vor. \u2013 Es kommt zur Schlacht auf den Wilden \u00c4ckern, in der Ocko II. vernichtend geschlagen wird.<\/p>\n<h3 style=\"text-align: center;\">Das St\u00fcck beinhaltet Kerkerhaft und Befreiung des H\u00e4uptlings Ocko tom Brok II. nach seiner Niederlage auf den Wilden \u00c4ckern.<\/h3>\n<p style=\"text-align: center;\"><strong>Ort des Geschehens: Leer &#8211; Fockenburg<\/strong><\/p>\n<h3 style=\"text-align: center;\">Hauptdarsteller: 4 \u00a0&#8211;\u00a0 Kleindarsteller: 12\u00a0 &#8211;\u00a0 Komparsen: ca. 20 od. mehr<\/h3>\n<p>&nbsp;<\/p>\n<p>Ocko II. tom Brok wird in der Fockenburg in Neermoor gefangen gehalten. Focko Ukenas S\u00f6hne sowie auch Ockos Kaplan versucht vergebens, Focko Ukena davon zu \u00fcberzeugen, dass er Ocko II. freilassen muss.<\/p>\n<p>Ockos Gemahlin Ingeborg von Oldenburg, singt in gro\u00dfer Trauer das Solo \u201eGlocken sind verstummt\u201c.<\/p>\n<p>Im Kerker der Fockenburg sitzt Ocko II in j\u00e4mmerlichem Zustand, ist schier verzweifelt und m\u00f6chte sterben. Da besucht Clara ihn und er erf\u00e4hrt, dass seine Gemahlin Ingeborg vor Gram gestorben ist.<\/p>\n<p>Clara begehrt auf gegen Focko Ukena und soll zur Strafe nun auch im Kerker schmachten. Aber die Fockenburg wird eingenommen durch <strong>Enno Circsena<\/strong> und Ocko II. wird befreit. Sein Volk huldigt ihm und er heiratet Clara, die ihm so treu zur Seite gestanden hat.<\/p>\n<p>Arie &#8222;<strong>Ach, ich ich w\u00fcnscht, ich w\u00fcrde sterben&#8230;&#8220; <\/strong><\/p>\n<p><strong>&#8222;Bis die Distel traget Rosen&#8230;&#8220; mit <span style=\"color: #ff0000;\">Musicalstar<\/span> Katharina Schutza: <span style=\"color: #ff6600;\">Noten hierzu sind abrufbar unter:\u00a0<\/span> <a href=\"http:\/\/www.musicalion.com\/\" rel=\"nofollow ugc\">http:\/\/www.musicalion.com<\/a><\/strong><\/p>\n<p style=\"text-align: center;\"><strong>&#8212;&#8212;&#8212;&#8212;&#8212;&#8212;&#8212;&#8212;&#8212;&#8212;&#8212;&#8212;&#8212;&#8212;&#8212;&#8212;&#8212;&#8212;&#8212;&#8212;&#8212;&#8212;&#8212;&#8212;&#8212;&#8212;&#8212;&#8212;&#8212;&#8212;&#8212;&#8212;&#8212;&#8212;&#8212;&#8212;&#8212;&#8212;&#8212;&#8212;&#8212;&#8212;&#8212;&#8212;&#8212;&#8212;&#8212;&#8212;&#8211;<\/strong><strong>&#8212;<\/strong><\/p>\n<p>&nbsp;<\/p>\n<h1 style=\"text-align: center;\"><a href=\"http:\/\/www.von-dehn.de\/site\/wp-content\/uploads\/2023\/10\/LandsknechteHeer2.jpg\"><img decoding=\"async\" class=\"size-medium wp-image-7059 alignleft\" src=\"http:\/\/www.von-dehn.de\/site\/wp-content\/uploads\/2023\/10\/LandsknechteHeer2-300x300.jpg\" alt=\"\" width=\"300\" height=\"300\" srcset=\"http:\/\/www.von-dehn.de\/site\/wp-content\/uploads\/2023\/10\/LandsknechteHeer2-66x66.jpg 66w, http:\/\/www.von-dehn.de\/site\/wp-content\/uploads\/2023\/10\/LandsknechteHeer2-150x150.jpg 150w, http:\/\/www.von-dehn.de\/site\/wp-content\/uploads\/2023\/10\/LandsknechteHeer2-300x300.jpg 300w, http:\/\/www.von-dehn.de\/site\/wp-content\/uploads\/2023\/10\/LandsknechteHeer2.jpg 342w\" sizes=\"(max-width: 300px) 100vw, 300px\" \/><\/a><em><span style=\"color: #993300;\">&#8222;Die Stedinger&#8220;<\/span><\/em><\/h1>\n<h3 style=\"text-align: center;\">Musiktheater in 6 Akten von Georg Ruseler redigiert und vertont von Gunda von Dehn<\/h3>\n<h3 style=\"text-align: center;\">Spielt im Jahr 1234 n. Chr. im Stedinger Land (Bremen)<\/h3>\n<h3 style=\"text-align: center;\">Gro\u00dfes dramatisches Theaterst\u00fcck f\u00fcr die Freilichtb\u00fchne mit <span style=\"color: #993300;\">Musik- und Tanzeinlagen<\/span><\/h3>\n<h3 style=\"text-align: center;\">&#8211; <u>auch als <span style=\"color: #993300;\">gro\u00dfes Musical<\/span> erh\u00e4ltlich.<\/u><\/h3>\n<p style=\"text-align: center;\">Hauptdarsteller: 8 &#8211;\u00a0Kleindarsteller : 19 &#8211; Komparsen: ca. 30 od. mehr\u00a0 \/ bei der gro\u00dfen Fassung ca. 100 Komparsen<\/p>\n<h4><\/h4>\n<h4><u>Geschichtlicher Hintergrund: <\/u>Zwischen Hunte und Weser leben die Stedinger.<\/h4>\n<p>Im 12. Jh. hatten die Erzbisch\u00f6fe als Herren Weststedingens Ansiedler aus Sachsen, Holland, Westfalen und Ostfriesland herangezogen. Diese deichten das bisher schutzlose Land ein und schufen damit neues Acker- und Weideland. Das urbar gemachte Bruchland wurde ihnen zugeteilt. Daf\u00fcr mussten sie den Hollerzins und den Zehnten abf\u00fchren.<\/p>\n<p>Da es im Stedinger Land keine Regierungsform gab, entstand eine freie Bauernrepublik. Die Stedinger f\u00fchlten sich unabh\u00e4ngig.<\/p>\n<p>Nachdem die Armut \u00fcberwunden und Reichtum ins Stedinger Land eingezogen war, trachteten die <u>Oldenburger Grafen<\/u> und <u>Bremer<\/u> <u>Erzbisch\u00f6fe<\/u> danach, das Stedinger Land zu beherrschen und weitere Abgaben einzutreiben. Zu diesem Zweck legten sie Zwingburgen an. Trotz ihrer \u00dcbergriffe mit Waffengewalt konnten sich die Stedinger wacker verteidigen und ihre Freiheit erhalten.<\/p>\n<p>Schlie\u00dflich erwirkte der Erzbischof von Bremen beim Papst den Kirchenbann und Kaiser Friedrich sprach die Reichsacht \u00fcber sie aus. 1234 nun wurde das Kreuz gegen die Stedinger gepredigt. Es sammelte sich ein Kreuzzugsheer von 40.000 Mann. (Der Deutsche Ritterorden beteiligte sich nicht an dieser Menschenjagd auf die Stedinger, die angeblich Ketzer sein sollten.) Zehntausend Stedinger zogen ihnen entgegen, M\u00e4nner, Frauen und Kinder. Bei Altenesch kam es zum Kampf. Das erbitterte Ringen, in dem viele tausend Kreuzfahrer fielen, schien den Stedingern den Sieg zu bescheren. Gegen Abend aber fiel <u>Graf Dietrich von Cleve<\/u> den ermatteten Bauern in die Flanke. Das bedeutete den Todessto\u00df gegen ein ganzes Volk.<\/p>\n<p>An der Spitze der tapferen Stedinger standen <u>die Anf\u00fchrer Bolko von Bardenfleth, Thammo von Huntorp und Detmar tom Dyk.<\/u> Ihnen begegnen wir auch in dem St\u00fcck von Georg Ruseler.<\/p>\n<p>Die Schlacht neigt sich dem bitteren Ende. Tausende sind gefallen. Noch auf dem Schlachtfeld verm\u00e4hlt der blinde Dietrich die Liebenden Adda und Raimund. Sie k\u00f6nnen der Heereswalze entkommen und fliehen nach Friesland. Fanfaren verk\u00fcnden den Sieg. Die Kreuzler schmettern triumphierend das alte Kreuzfahrerlied \u201eChrist ist erstanden\u201c.<\/p>\n<p><em>\u00a0<\/em>Bolko von Bardenfleth stirbt an einer Verletzung und entgeht so der Hinrichtung.<\/p>\n<p>Der gewaltige Choral \u201eHalleluja\u201c beendet das Musical.<\/p>\n<p>&#8222;Jung Ritter ritt wohl durch das Ried&#8220; u.v.a. Musikst\u00fccke &#8211;\u00a0<strong><span style=\"color: #ff6600;\">Noten hierzu sind abrufbar unter:\u00a0<\/span> <a href=\"http:\/\/www.musicalion.com\/\" rel=\"nofollow ugc\">http:\/\/www.musicalion.com<\/a><\/strong><\/p>\n<p style=\"text-align: center;\"><strong>\u00a0 \u00a0 \u00a0 \u00a0 \u00a0 \u00a0 \u00a0 \u00a0 \u00a0 \u00a0 \u00a0 \u00a0&#8212;&#8212;&#8212;&#8212;&#8212;&#8212;&#8212;&#8212;&#8212;&#8212;&#8212;&#8212;&#8212;&#8212;&#8212;&#8212;&#8212;&#8212;&#8212;&#8212;&#8212;&#8212;&#8212;&#8212;&#8212;&#8212;&#8212;&#8212;&#8212;&#8212;&#8212;&#8212;&#8212;&#8212;&#8212;&#8212;&#8212;&#8212;&#8212;&#8212;&#8211;<\/strong><\/p>\n<p>&nbsp;<\/p>\n<h1 style=\"text-align: center;\">\u00a0\u00a0\u00a0\u00a0\u00a0\u00a0\u00a0\u00a0\u00a0\u00a0\u00a0 <em><span style=\"color: #993300;\"><a style=\"color: #993300;\" href=\"http:\/\/www.von-dehn.de\/site\/wp-content\/uploads\/2023\/10\/Anton-Guenther-auf-Kranich.jpg\"><img decoding=\"async\" class=\" wp-image-7116 alignleft\" src=\"http:\/\/www.von-dehn.de\/site\/wp-content\/uploads\/2023\/10\/Anton-Guenther-auf-Kranich.jpg\" alt=\"\" width=\"366\" height=\"341\" \/><\/a>&#8222;Gel\u00f6bnis unterm Sternenzelt&#8220;<\/span><\/em><\/h1>\n<h3 style=\"text-align: center;\">Musiktheater\u00a0 in 4 Akten. Musik und Text von Gunda von Dehn, Co-Autorin Annette von Dehn M.A.<\/h3>\n<h2 style=\"text-align: center;\">Das St\u00fcck spielt in <strong>Aurich<\/strong> im Drei\u00dfigj\u00e4hrigen Krieg.<\/h2>\n<h3 style=\"text-align: center;\">Ein gleiches Musical mit prim\u00e4rem Schwerpunkt <span style=\"color: #993300;\"><strong>Oldenburg<\/strong><\/span> steht zur Auswahl.<\/h3>\n<h4 style=\"text-align: center;\">Hauptdarsteller: 8\u00a0 &#8211; Kleindarsteller : 13\u00a0&#8211; Komparsen: ca. 30 od. mehr<\/h4>\n<ol>\n<li><strong> Akt: <\/strong><\/li>\n<\/ol>\n<p><strong>Aufruhr<\/strong>: Graf Anton G\u00fcnther von Oldenburg besucht seinen Verwandten Graf\u00a0 Ulrich in Aurich. Anton G\u00fcnther lernt dort die Hofdame Elisabeth von Ungnad kennen, eine aus B\u00f6hmen gefl\u00fcchtete junge Frau. Elisabeth verliebt sich in den Oldenburger Grafen und will ihn f\u00fcr sich gewinnen, obwohl sie wei\u00df, dass sie ihm nicht ebenb\u00fcrtig ist.<\/p>\n<p>Weil Graf Ulrich Kontakt zu den Spaniern aufgenommen hat, st\u00fcrmt das Volk zum Schloss und attackiert Graf Ulrich mit dem packenden Chorst\u00fcck \u201eOh, myn God\u201c.<\/p>\n<p>Graf Ulrich beklagt die hohen Kosten, die ihm durch Tillys Kriegsvolk entstehen, welches in seinem Land haust. Er m\u00f6chte den Generalissimus Tilly und sein Kriegsvolk aus dem Land haben, denn seine Bev\u00f6lkerung leidet darunter. Graf Anton G\u00fcnther von Oldenburg soll ihn dabei finanziell unterst\u00fctzen. Zum Dank daf\u00fcr will Ulrich die Ehe anbahnen zwischen Graf Anton G\u00fcnther und Sophia Catharina von Holstein-Sonderburg, die in Aurich zu Besuch weilt. Anton G\u00fcnther ist aber vorerst mehr an Elisabeth von Ungnad interessiert. Bei der Gavotte kommt er Elisabeth n\u00e4her und wirbt heftig um sie.<\/p>\n<p>Unterdessen betritt der Gesandte des Kaisers den Saal mit Depeschen f\u00fcr die Grafen Ulrich, Tilly und Anton G\u00fcnther. Der kaiserliche Gesandte ist niemand anderes als David von Ungnad, der in B\u00f6hmen zur\u00fcckgelassene Sohn der Familie. Das Wiedersehen in gro\u00dfer Freude gipfelt in dem beschwingten Terzett \u201eDu bist da\u201c.<\/p>\n<p>Graf Tilly hat Order, aus Ostfriesland abzuziehen. Als Tilly sich verabschiedet hat, schmettern alle den fr\u00f6hlichen Rundgesang \u201eUnd wenn Tillys Schwarm sich verzogen hat.\u201c<\/p>\n<p>Mit Gesang und Paukenschlag zieht Tillys Heer ab.<\/p>\n<p>Graf Anton G\u00fcnther flirtet heftig mit Sophia Catharina von Holstein-Sonderburg, wenngleich sein Interesse auch Elisabeth von Ungnad gilt.<\/p>\n<ol start=\"2\">\n<li><strong> Akt: <\/strong><\/li>\n<\/ol>\n<p><strong>Der Liebestrank:<\/strong> Elisabeth liebt Graf Anton G\u00fcnther so innig, dass sie glaubt, es nicht ertragen zu k\u00f6nnen, ohne ihn zu sein. Sie verlangt darum von Wanda, ihrer Zofe, dass sie einen Liebestrank brauen soll.<\/p>\n<ol start=\"3\">\n<li><strong> Akt: <\/strong><\/li>\n<\/ol>\n<p><strong>Das Versprechen:<\/strong> Graf Anton G\u00fcnther will seine Leibgarde aufsuchen, als ihm Elisabeth in die Arme l\u00e4uft, die dem J\u00e4ger entwischt ist. Sie flirten\u00a0 miteinander und gehen gemeinsam zum Leibregiment, um dem Abendlied zu lauschen.<\/p>\n<p>Die Liebenden &#8211; ein zauberhaftes Liebesduett auf den Lippen &#8211; geloben einander unterm Sternenzelt ewige Treue, auch wenn der Graf jetzt an den kaiserlichen Hof von Wien beordert ist und rasch abreisen muss. Mit ihrem schlichten Solo \u201eAls ich Abschied von dir nahm\u201c beweist Elisabeth Liebe, Vertrauen und Zuversicht.<\/p>\n<ol start=\"4\">\n<li><strong> Akt:<\/strong><\/li>\n<\/ol>\n<p><strong>Kindersegen:<\/strong> Sieben Monate sp\u00e4ter schenkt Gr\u00e4fin Juliane ihrem Sohn Enno Ludwig das Leben. Bald danach bringt Elisabeth Anton zur Welt, den Sohn des Grafen Anton G\u00fcnther von Oldenburg.\u00a0 Elisabeth ist v\u00f6llig verzweifelt, weil sie f\u00fcrchtet, der Graf\u00a0 werde sie nach so langer Abwesenheit nicht mehr lieben. Erneut kommt sie auf den Liebestrank zur\u00fcck, den Wanda ihr nun brauen muss. Diese Szene gipfelt in der gl\u00fccklichen R\u00fcckkehr des Grafen. Wird Graf Anton G\u00fcnther von Oldenburg seine Elisabeth nun heiraten?<\/p>\n<p><u>Mit dem fr\u00f6hlichen Trinklied <strong>\u201eS\u00fc\u00dfen Wein und Gerstensaft\u201c<\/strong> endet das Musical.<\/u><\/p>\n<p><u><strong><span style=\"color: #ff6600;\">Noten zu verschiedenen Musikst\u00fccken hierzu sind abrufbar unter: <\/span>\u00a0<a href=\"http:\/\/www.musicalion.com\/\" rel=\"nofollow ugc\">http:\/\/www.musicalion.com<\/a><\/strong> <\/u><\/p>\n<p style=\"text-align: center;\"><strong>&#8212;&#8212;&#8212;&#8212;&#8212;&#8212;&#8212;&#8212;&#8212;&#8212;&#8212;&#8212;&#8212;&#8212;&#8212;&#8212;&#8212;&#8212;&#8212;&#8212;&#8212;&#8212;&#8212;&#8212;&#8212;&#8212;&#8212;&#8212;&#8212;&#8212;&#8212;&#8212;&#8212;&#8212;&#8212;&#8212;&#8212;&#8212;&#8212;&#8212;&#8212;&#8212;&#8212;&#8212;&#8212;&#8212;&#8211;<\/strong><\/p>\n<h1 style=\"text-align: center;\"><a href=\"http:\/\/www.von-dehn.de\/site\/wp-content\/uploads\/2023\/10\/Schuhe-Barock-3.jpg\"><img decoding=\"async\" class=\"wp-image-7054 alignright\" src=\"http:\/\/www.von-dehn.de\/site\/wp-content\/uploads\/2023\/10\/Schuhe-Barock-3.jpg\" alt=\"\" width=\"246\" height=\"172\" \/><\/a>\u00a0 \u00a0 \u00a0 \u00a0 \u00a0 \u00a0 \u00a0 \u00a0 \u00a0 \u00a0 \u00a0 <span style=\"color: #993300;\">&#8222;<em><strong>Die Schuhe der Prinzessin&#8220;<\/strong><\/em><\/span><\/h1>\n<h3><em>&#8218;Die Schuhe der Prinzessin&#8216;<\/em> ist dem Werk von Georg Ruseler entnommen, redigiert\u00a0 und vertont von Gunda von Dehn<\/h3>\n<h3>Das St\u00fcck ist von mir mit <strong>neuen<\/strong> Kompositionen musikalisch untermalt und auf eine zweckm\u00e4\u00dfige L\u00e4nge gek\u00fcrzt worden.<\/h3>\n<p>Dieses B\u00fchnenst\u00fcck f\u00fcr Kinder handelt von einer Prinzessin, die am Tage ihrer Hochzeit ihre Brautschuhe von einem Schusterjungen mit goldenen N\u00e4geln pr\u00e4parieren l\u00e4sst, denn die goldenen N\u00e4gel sollen der Braut Gl\u00fcck bringen. Der Schusterjunge aber, dem von einer weisen Frau gesagt worden war, dass er eines Tages K\u00f6nig werde, verschenkt die Brautschuhe an ein armes Weib.<\/p>\n<p>W\u00e4hrend die spannende Frage im Raum schwebt, ob Schusterjunge und Prinzessin heiraten werden und der Schusterjunge tats\u00e4chlich den Thron besteigen wird, sucht der Autor Georg Ruseler die unverzichtbaren Werte &#8218;manierlichen&#8216; Miteinanders, Anstandes und Achtung zu vermitteln.<\/p>\n<p>Das St\u00fcck ist p\u00e4dagogisch sehr wertvoll. Georg Ruseler hat in seiner Eigenschaft als P\u00e4dagoge ein Lehrst\u00fcck geschaffen, das den Kindern u. a. den Wert handwerklichen K\u00f6nnens, den Nutzen von Mobilit\u00e4t, Einsicht in menschliche Schw\u00e4chen und Abh\u00e4ngigkeiten (vermeintliche und tats\u00e4chliche) Ehrgeiz, Mitleid, Undank, Dankbarkeit, Selbst\u00fcbersch\u00e4tzung, Durchsetzungsverm\u00f6gen, Machtaus\u00fcbung u. v. m. vermitteln soll. Verpackt ist dies alles in eine spannend-heitere Geschichte.<\/p>\n<p>Dieses musikalische B\u00fchnenst\u00fcck ist &#8211; obschon vor fast 100 Jahren zu Papier gebracht &#8211; durchaus aktuell und wert, nicht im verstaubten Regal zu verrotten. Man sollte es erneut zu Ehren kommen lassen. Als Tr\u00e4ger des Schillerpreises ist Georg Ruseler ein sehr angesehener Autor gewesen.<\/p>\n<p>K\u00fcrzungen k\u00f6nnten u. U. vorgenommen werden, evtl. im 4. Akt die 3. Szene, was allerdings dann nicht nur bedeuten w\u00fcrde, ein St\u00fcck Komik abzuschneiden, sondern auch Ruselers Exempel bzgl. der Wahl der &#8218;angemessenen Mittel&#8216; abzutrennen. Sollte man sich dennoch daf\u00fcr entscheiden, diese Szene zu streichen, bzw. andere Szenen zu k\u00fcrzen, bin ich gern bereit, das St\u00fcck entspr. zu modifizieren.<\/p>\n<p style=\"text-align: center;\">&#8212;&#8212;&#8212;&#8212;&#8212;&#8212;&#8212;&#8212;&#8212;&#8212;&#8212;-<\/p>\n<h2 style=\"text-align: center;\">Singspiel in 5 Aufz\u00fcgen f\u00fcr die Freilichtb\u00fchne &#8211; M\u00e4r<span style=\"color: #993300;\">c<\/span>hen mit <span style=\"color: #993300;\">Musik-<\/span>\u00a0 und <span style=\"color: #993300;\">Tanzeinlagen<\/span> <span style=\"color: #993300;\">(Lustspiel)<\/span> \u2013 hochdt.<\/h2>\n<h4 style=\"text-align: center;\">Hauptdarsteller: 4\u00a0 &#8211;\u00a0\u00a0Kleindarsteller : 12\u00a0 &#8211;\u00a0\u00a0Komparsen: ca. 20 Pers. od. mehr<\/h4>\n<ol>\n<li><strong> Akt.<\/strong> In der Werkstatt des Hofschusters Heimo arbeitet Baltram, der Lehrbub. Er ist unzufrieden und glaubt, einst K\u00f6nig zu werden, weil seine Tante ihm das an der Wiege gesungen hat. Baltram hat hochfliegende Pl\u00e4ne und geht auf Wanderschaft. Weil Baltram aber ein Sonntagskind ist, muss er zuvor noch 12 goldene N\u00e4gel in die Brautschuhe der Prinzessin Adeltraud einschlagen. Das wird der Prinzessin Gl\u00fcck bringen, hat einst ihre Mutter gesagt. Als Baltram die Hochzeitsschuhe ins Schloss bringen will, trifft er ein armes Weib, der er aus Mitleid die Brautschuhe schenkt. Die alte Frau entpuppt sich sp\u00e4ter als die weise Gotrun.<\/li>\n<li><strong> Akt:<\/strong> Weil Baltram die Hochzeitsschuhe nicht gebracht hat, heiratet Adeltraud den Prinzen nicht. Baltram soll hingerichtet werden, aber die Prinzessin erwirkt Gnade und Baltram bekommt eine Frist von einem Jahr, um die Schuhe zu beschaffen, aber eine Prinzessin muss die Schuhe tragen, die mit Bertram rechtm\u00e4\u00dfig verheiratet ist. Dann soll ihm das Leben geschenkt werden. Prinzessin Adeltraud und er Dankmar, der Narr, verlassen den k\u00f6niglichen Hof, um die Schuhe suchen.<\/li>\n<li><strong> Akt:<\/strong> im Wald von <strong><u>Godensloh<\/u><\/strong> wohnt die gute Fee Gotrun.<\/li>\n<\/ol>\n<p>Ein entz\u00fcckender Zwergenchor ehrt Gotrun. Baltrum verirrt sich zu ihr, ebenso wie Adeltraud und Dankmar. Adeltraud bekommt ihre Schuhe von Gotrun f\u00fcr den Preis, dass sie fortan niemand mehr als Prinzessin wahrnimmt. Fortan glaubt Adeltraud, bei ihrer Gro\u00dfmutter zu sein. Dankmar erkennt sie allerdings als Prinzessin wieder, nun erkennt Adeltraud allerdings Dankmar nicht. Baltram und Adeltraud verlieben sich ineinander, ohne sich wiederzuerkennen. Baltram wagt es aber nicht, Adeltraud zu k\u00fcssen, weil er glaubt, dann kein K\u00f6nig zu werden und das will er von ganzem Herzen. Er darf niemanden sonst k\u00fcssen als seine Prinzessin, die er sucht. Somit verpasst er die Gelegenheit. Er war am Ende seines Weges und hat es nicht gesehen. Jetzt muss er weiter wandern. Und er muss Adeltraud mitnehmen, denn sie tr\u00e4gt ja die Schuhe, die er ben\u00f6tigt, um seinen Kopf zu retten.<\/p>\n<ol start=\"4\">\n<li><strong> Akt: <\/strong>Baltram und Adeltraud sind bei der K\u00f6nigin Bertrada in Diensten. Bertram glaubt, dass Bertrada ihn heiraten wird und sich damit die Weissagung seiner Tante erf\u00fcllt und er zum K\u00f6nig aufsteigt. Die K\u00f6nigin Bertrada aber verheiratet aus Rachsucht Bertram und Adeltraud.<\/li>\n<li><strong> Akt: <\/strong>Martinstag <strong>\u2013 <\/strong>der Tag, an dem Bertram die Schuhe und die Prinzessin zur\u00fcckbringen muss an den Hof von Adelstan oder sein Leben verwirkt hat. Bertram und Adeltraud treten Hand in Hand vor den K\u00f6nig, aber \u2013 bedingt durch den Zauber der Gotrun &#8211; erkennt der K\u00f6nig seine Tochter nicht und so droht Bertram der Tod durch den Henker. Als der Zauber sich l\u00f6st, erkennen alle einander wieder. Eine Sequenz aus dem Gotrun-Lied schlie\u00dft das Spiel.<\/li>\n<\/ol>\n<p>Ein Mann namens <strong>Georg Ruseler<\/strong>: Wer Georg Ruseler war, w\u00fcsste heute wohl kaum jemand, w\u00e4re nicht sein Drama \u201eDie Stedinger\u201c im Oldenburger Staatstheater vor dem Herzog von Oldenburg mit gro\u00dfem Erfolg aufgef\u00fchrt worden. Als Tr\u00e4ger des <strong>Schillerpreises<\/strong> ist Georg Ruseler ein \u00fcberaus angesehener Autor gewesen.<\/p>\n<p>W\u00e4hrend die spannende Frage im Raum schwebt, ob Schusterjunge und Prinzessin ein Paar werden, sucht der Westersteder Lehrer und Poet die unverzichtbaren Werte &#8218;manierlichen&#8216; Miteinanders, Anstandes und Achtung zu vermitteln. Hier schuf <strong><u>Georg Ruseler<\/u><\/strong> ein Lehrst\u00fcck, das den Kindern u. a. den Wert handwerklichen K\u00f6nnens, den Nutzen von Mobilit\u00e4t, Einsicht in menschliche Schw\u00e4chen und Abh\u00e4ngigkeiten (vermeintliche und tats\u00e4chliche) Ehrgeiz, Mitleid, Undank und Dankbarkeit, Selbst\u00fcbersch\u00e4tzung, Durchsetzungsverm\u00f6gen, Machtaus\u00fcbung u. v. m. vermitteln soll. Verpackt ist dies alles die spannend-heitere Geschichte von Bertram und Adeltraud.<\/p>\n<p><strong><span style=\"color: #ff6600;\">Noten zu verschiedenen Musikst\u00fccken hierzu sind abrufbar unter:\u00a0<\/span><span style=\"color: #000000;\">\u00a0<a href=\"http:\/\/www.musicalion.com\/\" rel=\"nofollow ugc\">http:\/\/www.musicalion.com<\/a><\/span><\/strong><\/p>\n<p style=\"text-align: center;\"><strong>&#8212;&#8212;&#8212;&#8212;&#8212;&#8212;&#8212;&#8212;&#8212;&#8212;&#8212;&#8212;&#8212;&#8212;&#8212;&#8212;&#8212;&#8212;&#8212;&#8212;&#8212;&#8212;&#8212;&#8212;&#8212;&#8212;&#8211;<\/strong><\/p>\n","protected":false},"excerpt":{"rendered":"<p>Web-Seite neue Rubrik: Theater Nachfolgende Theaterst\u00fccke sind \u00fcberwiegend hochdeutsch verfasst, teilweise jedoch bereits vollst\u00e4ndig ins Plattdeutsche \u00fcbertragen. K\u00fcrzungen und \/oder Erg\u00e4nzungen sind jederzeit machbar.\u00a0 Zu allen Theaterst\u00fccken gibt es Musik, die live gespielt und gesungen werden kann, aber auch als Hintergrund im Playbackmodus gespielt werden kann (mit Variationsm\u00f6glichkeiten). Alle Theaterst\u00fccke sind geeignet als Freilichttheater mit [&hellip;]<\/p>\n","protected":false},"author":2,"featured_media":0,"parent":0,"menu_order":0,"comment_status":"closed","ping_status":"closed","template":"","meta":{"footnotes":""},"class_list":["post-7038","page","type-page","status-publish","hentry"],"_links":{"self":[{"href":"http:\/\/www.von-dehn.de\/site\/wp-json\/wp\/v2\/pages\/7038","targetHints":{"allow":["GET"]}}],"collection":[{"href":"http:\/\/www.von-dehn.de\/site\/wp-json\/wp\/v2\/pages"}],"about":[{"href":"http:\/\/www.von-dehn.de\/site\/wp-json\/wp\/v2\/types\/page"}],"author":[{"embeddable":true,"href":"http:\/\/www.von-dehn.de\/site\/wp-json\/wp\/v2\/users\/2"}],"replies":[{"embeddable":true,"href":"http:\/\/www.von-dehn.de\/site\/wp-json\/wp\/v2\/comments?post=7038"}],"version-history":[{"count":61,"href":"http:\/\/www.von-dehn.de\/site\/wp-json\/wp\/v2\/pages\/7038\/revisions"}],"predecessor-version":[{"id":7149,"href":"http:\/\/www.von-dehn.de\/site\/wp-json\/wp\/v2\/pages\/7038\/revisions\/7149"}],"wp:attachment":[{"href":"http:\/\/www.von-dehn.de\/site\/wp-json\/wp\/v2\/media?parent=7038"}],"curies":[{"name":"wp","href":"https:\/\/api.w.org\/{rel}","templated":true}]}}