{"id":70,"date":"2014-04-07T09:21:11","date_gmt":"2014-04-07T07:21:11","guid":{"rendered":"http:\/\/www.von-dehn.de\/site\/?page_id=70"},"modified":"2023-10-05T22:53:11","modified_gmt":"2023-10-05T20:53:11","slug":"die-pest","status":"publish","type":"page","link":"http:\/\/www.von-dehn.de\/site\/friesen-und-freiheit\/die-pest\/","title":{"rendered":"Die Pest"},"content":{"rendered":"<div id=\"fb-root\"><\/div>\n<audio class=\"wp-audio-shortcode\" id=\"audio-70-1\" preload=\"none\" style=\"width: 100%;\" controls=\"controls\"><source type=\"audio\/mpeg\" src=\"http:\/\/www.von-dehn.de\/site\/wp-content\/uploads\/2014\/04\/05-Tanz-der-Plu\u0308nderer-fu\u0308r-MP3_cap.mp3?_=1\" \/><a href=\"http:\/\/www.von-dehn.de\/site\/wp-content\/uploads\/2014\/04\/05-Tanz-der-Plu\u0308nderer-fu\u0308r-MP3_cap.mp3\">http:\/\/www.von-dehn.de\/site\/wp-content\/uploads\/2014\/04\/05-Tanz-der-Plu\u0308nderer-fu\u0308r-MP3_cap.mp3<\/a><\/audio>\n<h4 style=\"text-align: right;\" align=\"justify\"><span style=\"color: #800000;\">\u00a9\u00a0&#8211; Gunda von Dehn &#8211; &#8222;Tanz der Pl\u00fcnderer&#8220; aus meinem Musical &#8222;Die Stedinger&#8220;<\/span><\/h4>\n<h1 align=\"justify\"><strong><em><span style=\"color: #000000;\">Die Pest<\/span><\/em><\/strong><\/h1>\n<p align=\"justify\"><span style=\"color: #333333;\"><strong>Zur<\/strong> Regierungszeit des r\u00f6mischen Kaisers Justinian (527 &#8211; 565) drang die erste gro\u00dfe Pestwelle im Oktober 541, von \u00c4thiopien oder Arabien ausgehend, \u00fcber den Schiffsverkehr ins Mittelmeergebiet vor und reduzierte die Bev\u00f6lkerung dort um ungef\u00e4hr 40%. Viele kleinere Pestz\u00fcge folgten, bis von 740-750 die 2. gro\u00dfe Pestwelle f\u00fcr Schrecken, Angst und Tausende Tote sorgte. Der 3. gro\u00dfe Pestausbruch 1346-1352 \u00fcbertraf alle fr\u00fcheren Pestepidemien. Die Krankheit blieb n\u00e4mlich nicht wie bisher haupts\u00e4chlich auf das Mittelmeergebiet beschr\u00e4nkt. Um 1346 lebten in Europa, in Nordafrika und in den angrenzenden Regionen des Nahen Ostens ungef\u00e4hr 100 Millionen Menschen. Ein Drittel von ihnen \u00fcberlebte die Pest nicht. Der Krankheitsherd befand sich diesmal in Zentralasien. Durch H\u00e4ndler gelangten die t\u00f6dlichen Bakterien mit Murmeltierpelzen, die mit Pestfl\u00f6hen verseucht waren, \u00fcber die Seidenstra\u00dfe und den Norden des Kaspischen Meeres nach Astrachan. Von dort ging es weiter \u00fcber Kaffa, einer Genueser Handelsniederlassung am Schwarzen Meer, nach Pera, dem Vorort von Konstantinopel, wo schon gro\u00dfe Handelsschiffe auf die t\u00f6dliche Fracht warteten. Im Sommer 1347 forderte die Pest ihre ersten Todesopfer in Konstantinopel, auf den griechischen Inseln, an den K\u00fcsten Anatoliens und des Balkans. Ende September 1347 brach die Pest in Messina, im Oktober 1347 in ganz Sizilien und an Allerheiligen 1347 in Marseille und Ende 1347 in Alexandria, Kairo, Gaza, Beirut, Damaskus und Marokko aus. Anfang 1348 wurden Tunis, Sardinien, Spanien, S\u00fcd- und Westeuropa, im Juli 1348 zun\u00e4chst nur Trient, dann K\u00e4rnten und das Inntal und im August 1348 die Britischen Inseln mit den t\u00f6dlichen Bakterien konfrontiert. Gegen Ende 1348 wurden die lothringischen St\u00e4dte, 1349 Norddeutschland und D\u00e4nemark, 1351 Polen und 1352 Russland heimgesucht. Nur wenige Gebiete blieben von der Seuche verschont wie z.B. das s\u00fcdliche Oberschlesien, das westliche B\u00f6hmen, die Niederlande, die n\u00f6rdlichen Bereiche Skandinaviens und erstaunlicherweise die Stadt Mailand. In Deutschland w\u00fctete die Pest von 1349-1351. 1351 schrieben die Ratsschreiber von L\u00fcbeck 6966 Namen in das Totenbuch. Ungef\u00e4hr 35 % der L\u00fcbecker Einwohner fanden innerhalb eines Jahres ihren Tod. In Paris mit seinen 100 000 Einwohnern starb die H\u00e4lfte der Stadtbev\u00f6lkerung, Florenz verlor sogar fast vier F\u00fcnftel seiner Einwohner. 1356 brach in Deutschland erneut die Pest aus und verbreitete sich wieder rasch \u00fcber Europa. Diese &#8222;Kinderpest&#8220;, wie sie von den Historikern genannt wird, forderte besonders viele Opfer unter Kindern und Jugendlichen, die im Gegensatz zu den Erwachsenen, die die Pestepidemie von 1349 &#8211; 1351 \u00fcberlebt hatten, gegen\u00fcber dem Krankheitserreger nicht immun waren. <\/span><\/p>\n<p align=\"justify\"><span style=\"color: #333333;\">Die Pest erschien mit schrecklicher Regelm\u00e4\u00dfigkeit immer wieder in Europa. Von 1326 &#8211; 1400 gab es insgesamt 32, von 1400-1500\u00a0 41, von 1500-1600\u00a0 30 Pestjahre! Besonders schwere Pestepidemien w\u00fcteten in Europa in den Jahren 1563-1569, w\u00e4hrend des Drei\u00dfigj\u00e4hrigen Krieges von 1629-1644, in London im Jahre 1665, in Wien von 1678-1681, in Marseille und in der Provence von 1720- 1722. Der letzte gro\u00dfe <span style=\"color: #993300;\">Pestausbruch<\/span> fand in Indien statt und forderte in Bombay 1898 sechs Millionen Menschenleben! In Europa flackerte die Seuche zum letzten Mal im Jahre 1902 in S\u00fcdengland und Marseille auf. Heute lebt der Pestbazillus noch endemisch und unauff\u00e4llig in Nordindien, Kurdistan, Westarabien, in der Gobi-W\u00fcste, in Uganda, in S\u00fcdafrika, in S\u00fcdamerika, in Ostasien und im S\u00fcdwesten der USA. Im September 1994 brach die Pest jedoch erneut in Indien aus.<\/span><\/p>\n<p align=\"justify\"><span style=\"color: #333333;\">Gunda v. Dehn <\/span><\/p>\n<hr \/>\n<div id=\"attachment_3171\" style=\"width: 160px\" class=\"wp-caption alignleft\"><a href=\"http:\/\/www.von-dehn.de\/site\/wp-content\/uploads\/2014\/04\/AutogrammkarteGunda.png\"><img decoding=\"async\" aria-describedby=\"caption-attachment-3171\" class=\"wp-image-3171 size-thumbnail\" src=\"http:\/\/www.von-dehn.de\/site\/wp-content\/uploads\/2014\/04\/AutogrammkarteGunda-150x150.png\" alt=\"AutogrammkarteGunda\" width=\"150\" height=\"150\" srcset=\"http:\/\/www.von-dehn.de\/site\/wp-content\/uploads\/2014\/04\/AutogrammkarteGunda-66x66.png 66w, http:\/\/www.von-dehn.de\/site\/wp-content\/uploads\/2014\/04\/AutogrammkarteGunda-150x150.png 150w\" sizes=\"(max-width: 150px) 100vw, 150px\" \/><\/a><p id=\"caption-attachment-3171\" class=\"wp-caption-text\">Gunda von Dehn<\/p><\/div>\n<h2><em><span style=\"color: #993300;\">Hinweis: Roman Chroniken der tom Brook<\/span><\/em><\/h2>\n<h4><span style=\"color: #800000;\">Band I-IV &#8222;Chroniken der tom Brook&#8220; Download bei versch. Anbietern<\/span><\/h4>\n<p><span style=\"color: #0000ff;\"><a style=\"color: #0000ff;\" href=\"http:\/\/www.hugendubel.de\/de\/ebook\/gunda_von_dehn-chroniken_der_tom_brook-29133974-produkt-details.html\">http:\/\/www.hugendubel.de\/de\/ebook\/gunda_von_dehn-chroniken_der_tom_brook-29133974-produkt-details.html<\/a><\/span><\/p>\n<h4><span style=\"color: #800000;\">Band II &#8222;Chroniken der tom Brook &#8211; Das Erbe&#8220;:<\/span> <span style=\"color: #0000ff;\"><a class=\"moz-txt-link-freetext\" style=\"color: #0000ff;\" href=\"http:\/\/store.kobobooks.com\/de-DE\/ebook\/chroniken-der-tom-brook-1\">http:\/\/store.kobobooks.com\/de-DE\/ebook\/chroniken-der-tom-brook-1<\/a><\/span><\/h4>\n<hr \/>\n<p>Letzte \u00c4nderung 01.10.2023<\/p>\n<hr \/>\n","protected":false},"excerpt":{"rendered":"<p>\u00a9\u00a0&#8211; Gunda von Dehn &#8211; &#8222;Tanz der Pl\u00fcnderer&#8220; aus meinem Musical &#8222;Die Stedinger&#8220; Die Pest Zur Regierungszeit des r\u00f6mischen Kaisers Justinian (527 &#8211; 565) drang die erste gro\u00dfe Pestwelle im Oktober 541, von \u00c4thiopien oder Arabien ausgehend, \u00fcber den Schiffsverkehr ins Mittelmeergebiet vor und reduzierte die Bev\u00f6lkerung dort um ungef\u00e4hr 40%. Viele kleinere Pestz\u00fcge folgten, [&hellip;]<\/p>\n","protected":false},"author":1,"featured_media":0,"parent":34,"menu_order":11,"comment_status":"closed","ping_status":"open","template":"side-navigation.php","meta":{"footnotes":""},"class_list":["post-70","page","type-page","status-publish","hentry"],"_links":{"self":[{"href":"http:\/\/www.von-dehn.de\/site\/wp-json\/wp\/v2\/pages\/70","targetHints":{"allow":["GET"]}}],"collection":[{"href":"http:\/\/www.von-dehn.de\/site\/wp-json\/wp\/v2\/pages"}],"about":[{"href":"http:\/\/www.von-dehn.de\/site\/wp-json\/wp\/v2\/types\/page"}],"author":[{"embeddable":true,"href":"http:\/\/www.von-dehn.de\/site\/wp-json\/wp\/v2\/users\/1"}],"replies":[{"embeddable":true,"href":"http:\/\/www.von-dehn.de\/site\/wp-json\/wp\/v2\/comments?post=70"}],"version-history":[{"count":34,"href":"http:\/\/www.von-dehn.de\/site\/wp-json\/wp\/v2\/pages\/70\/revisions"}],"predecessor-version":[{"id":6958,"href":"http:\/\/www.von-dehn.de\/site\/wp-json\/wp\/v2\/pages\/70\/revisions\/6958"}],"up":[{"embeddable":true,"href":"http:\/\/www.von-dehn.de\/site\/wp-json\/wp\/v2\/pages\/34"}],"wp:attachment":[{"href":"http:\/\/www.von-dehn.de\/site\/wp-json\/wp\/v2\/media?parent=70"}],"curies":[{"name":"wp","href":"https:\/\/api.w.org\/{rel}","templated":true}]}}