{"id":6432,"date":"2017-05-21T19:08:27","date_gmt":"2017-05-21T17:08:27","guid":{"rendered":"http:\/\/www.von-dehn.de\/site\/?page_id=6432"},"modified":"2023-10-05T22:27:49","modified_gmt":"2023-10-05T20:27:49","slug":"trazegnies","status":"publish","type":"page","link":"http:\/\/www.von-dehn.de\/site\/die-tom-brok\/trazegnies\/","title":{"rendered":"Das Haus Trazegnies Conn\u00e9table"},"content":{"rendered":"<div id=\"fb-root\"><\/div>\n<audio class=\"wp-audio-shortcode\" id=\"audio-6432-1\" preload=\"none\" style=\"width: 100%;\" controls=\"controls\"><source type=\"audio\/mpeg\" src=\"http:\/\/www.von-dehn.de\/site\/wp-content\/uploads\/2014\/09\/GelderenEnde10a.mp3?_=1\" \/><a href=\"http:\/\/www.von-dehn.de\/site\/wp-content\/uploads\/2014\/09\/GelderenEnde10a.mp3\">http:\/\/www.von-dehn.de\/site\/wp-content\/uploads\/2014\/09\/GelderenEnde10a.mp3<\/a><\/audio>\n<p style=\"text-align: right;\">\u00a9Musikomposition: Gunda von Dehn &#8211; &#8222;Reiter&#8220;<\/p>\n<div id=\"attachment_6452\" style=\"width: 170px\" class=\"wp-caption aligncenter\"><a href=\"http:\/\/www.von-dehn.de\/site\/wp-content\/uploads\/2017\/05\/160px-Gilles_le_Brun_de_Trazegnies.jpg\"><img decoding=\"async\" aria-describedby=\"caption-attachment-6452\" class=\"wp-image-6452 size-full\" src=\"http:\/\/www.von-dehn.de\/site\/wp-content\/uploads\/2017\/05\/160px-Gilles_le_Brun_de_Trazegnies.jpg\" alt=\"160px-Gilles_le_Brun_de_Trazegnies\" width=\"160\" height=\"160\" srcset=\"http:\/\/www.von-dehn.de\/site\/wp-content\/uploads\/2017\/05\/160px-Gilles_le_Brun_de_Trazegnies-66x66.jpg 66w, http:\/\/www.von-dehn.de\/site\/wp-content\/uploads\/2017\/05\/160px-Gilles_le_Brun_de_Trazegnies-150x150.jpg 150w, http:\/\/www.von-dehn.de\/site\/wp-content\/uploads\/2017\/05\/160px-Gilles_le_Brun_de_Trazegnies.jpg 160w\" sizes=\"(max-width: 160px) 100vw, 160px\" \/><\/a><p id=\"caption-attachment-6452\" class=\"wp-caption-text\">Gilles le Brun de Trazegnies<\/p><\/div>\n<p style=\"text-align: center;\">Die Krone \u00fcber dem Wappenschild ist gleichartig wie die Krone eines Pairs von Frankreich (ohne Blattschmuck); der rote Rand sowie das Streifenmuster ist das von Burgund, jed. gezaddelt; die Hermelin-Schw\u00e4nze symbolisieren die Position des Conn\u00e9tables von Frankreich<\/p>\n<p style=\"text-align: center;\"><em><span style=\"text-decoration: underline;\"><span style=\"color: #800000; text-decoration: underline;\"><strong>Gilles de Trazegnies le Brun<\/strong><\/span> <span style=\"color: #800000; text-decoration: underline;\">(\u2020 nach 1272) war der <strong>Sohn<\/strong> des <strong>Gilles II. de Trazegnies<\/strong> (\u2020 1204) <\/span><\/span><\/em><\/p>\n<p style=\"text-align: center;\"><em><span style=\"text-decoration: underline;\"><span style=\"color: #800000; text-decoration: underline;\">erblicher <strong>Conn\u00e9table des Grafen von Flandern<\/strong><\/span><\/span><\/em><\/p>\n<p><span style=\"color: #800000;\">seine Gemahlin war <strong>Ida<\/strong> <strong>de Sotrud<\/strong>, dame de Bailleul sur l&#8217;Escaut, fille de Engelbert IV d&#8217;Enghien<\/span><\/p>\n<p><span style=\"color: #800000;\"><strong>Gilles de Trazegnies le Brun\u00b9<\/strong><\/span> wurde zum Vertrauten des franz. <strong>K\u00f6nigs Ludwig IX., der Heilige<\/strong>, der ihn 1248 zum <strong>Conn\u00e9table<\/strong> <strong>von Frankreich<\/strong> erhob. 1248 bis 1250 begleitete er <strong>Ludwig IX.<\/strong> zum <strong>6. Kreuzzug nach \u00c4gypten<\/strong>.<\/p>\n<p><strong>1266<\/strong> diente er <span style=\"color: #800000;\"><strong>Karl von Anjou<\/strong> <\/span>in Sizilien, wo er zu den Kommandeuren der franz\u00f6sischen Truppen in der Schlacht bei Benevent geh\u00f6rte.<\/p>\n<h3><span style=\"text-decoration: underline;\">Abstammung des <span style=\"color: #800000; text-decoration: underline;\"><strong>Gilles de Trazegnies <\/strong><\/span><\/span><span style=\"color: #800000;\"><strong><span style=\"text-decoration: underline;\">le Brun:<\/span><\/strong><\/span><\/h3>\n<p><span style=\"text-decoration: underline;\"><span style=\"color: #800000; text-decoration: underline;\"><strong>Gilles de Trazegnies<\/strong> <strong>le Brun<\/strong><\/span><\/span> entstammt dem Geschlecht <span style=\"text-decoration: underline; color: #800000;\"><strong>Gilles I. de Trazegnies<\/strong> und<\/span><span style=\"text-decoration: underline; color: #800000;\"> der <\/span><span style=\"color: #800000;\"><strong><span style=\"text-decoration: underline;\">Gerberge von Landen. <\/span><\/strong><\/span><\/p>\n<p>Freilich gab es mehrere Frauen des Namens &#8218;Gerberge&#8216; bzw. &#8218;Gerberga&#8216; aus dem Hochadel. Aber alle sind zuzuordnen den Pippiniden\/Karolingern.<\/p>\n<p>(Pippin der \u00c4ltere, \u2020 640, 623\/629 Hausmeier in Austrien; \u221e Itta\/Iduberga * 592, \u2020 652 \/ Pippin I. verm\u00e4hlte seine Tochter Begga (<strong><span style=\"color: #800000;\">Doda<\/span><\/strong> von Heristal) mit\u00a0<span style=\"color: #800000;\">Ansegisl, <\/span>dem\u00a0 Sohn von <span style=\"color: #800000;\">Arnulf von Metz.<\/span> (Metz = Hauptstadt von Austrasien) <span style=\"color: #800000;\">Arnulf von Metz<\/span> war Berater am Hofe Chlothars. Als anno 623 Chlothars f\u00fcnfzehnj\u00e4hriger Sohn <a title=\"Dagobert I.\" href=\"https:\/\/de.wikipedia.org\/wiki\/Dagobert_I.\">Dagobert I.<\/a> zum Unterk\u00f6nig in Austrasien ernannt wurde, \u00fcbernahm Arnulf von Metz die Position seines Erziehers. Arnulf und Pippin b\u00fc\u00dften ihren Einfluss weitgehend ein, als <span style=\"color: #800000;\">Dagobert I.<\/span> 629 nach Neustrien zog, um die Herrschaft im gesamten Frankenreich anzutreten. Arnulf von Metz legte sein Bischofsamt nieder und zog er sich in die <a title=\"Abtei Remiremont\" href=\"https:\/\/de.wikipedia.org\/wiki\/Abtei_Remiremont\">Abtei Remiremont<\/a> in den Vogesen zur\u00fcck (+685). &#8211; Der Name &#8218;Doda&#8216; in dieser Familie stammte urspr\u00fcnglich ab von &#8218;Doda von Sachsen&#8216;.<\/p>\n<p><span style=\"color: #800000;\">Arnulf von Metz<\/span> hatte aus seiner Ehe zwei S\u00f6hne:<\/p>\n<ul>\n<li><a title=\"Chlodulf\" href=\"https:\/\/de.wikipedia.org\/wiki\/Chlodulf\">Chlodulf<\/a>, der um 660 ebenfalls Bischof von Metz wurde<\/li>\n<li><a title=\"Ansegisel\" href=\"https:\/\/de.wikipedia.org\/wiki\/Ansegisel\">Ansegisel<\/a>, der 662 belegt ist, vor 679 erschlagen wurde. Er heiratete <a title=\"Begga\" href=\"https:\/\/de.wikipedia.org\/wiki\/Begga\">Begga<\/a>, die Tochter <span style=\"color: #800000;\"><strong>Pippins<\/strong><\/span> und legte mit dieser Ehe den Grundstein f\u00fcr den Aufstieg der Karolinger.<br \/>\n<hr \/>\n<\/li>\n<\/ul>\n<p>Eine von ihnen war<strong> Gerberga von Landen<\/strong> +969 (die Schwester Kaiser Ottos I.), sie heiratete in 2. Ehe <strong><span style=\"color: #800000;\">K\u00f6nig Ludwig IV. von Frankreich<\/span><\/strong>; <strong>Gerberga<\/strong> hatte einen j\u00fcngeren <strong>Bruder<\/strong> <span style=\"color: #800000;\"><strong>Brun<\/strong><\/span>, Erzbischofs von K\u00f6ln und Herzog von Lothringen, Kanzler und Bruder von <span style=\"color: #800000;\">Kaiser Otto I. <\/span><\/p>\n<p>Die vorgenannte <strong>Gerberge<\/strong> ist also eine <strong>Ahnfrau<\/strong> von <strong>Gilles de Trazegnies<\/strong> <strong>le Brun<\/strong>.<\/p>\n<p>Das Wappen der Trazegnies weist hin auf Burgund (blau\/gelbe Streifen; roter Rand). Ebenso ist auffallend, dass das \u00fcberlieferte Wappen des Ordens der Zisterzienser (Kloster Ihlow geh\u00f6rte dem Orden an) mit eben jenem Wappenschild von Burgund unter Hinzuf\u00fcgung der franz\u00f6sischen Lilien \u00fcbereinstimmt. Evtl. f\u00fchrte u.a. die Verbundenheit mit dem Hause Valois-Anjou die tom Brok einst dazu, das Zisterzienser-Kloster Ihlow unter ihren Schutz zu stellen.<\/p>\n<p>Legt man all das zugrunde, dann d\u00fcrfte das <span style=\"color: #800000;\">herrschaftliche Wappen der tom Brok<\/span> kein so gro\u00dfes R\u00e4tsel mehr sein: Adler sind dem Amt des K\u00f6nigsrichters zuzuordnen, Kronen k\u00f6nnte man Valois-Anjou oder sogar noch weiter zur\u00fcck den Pippiniden\/Karolingern zuordnen. Leider scheitert das an gro\u00dfen \u00dcberlieferungsl\u00fccken und damit an einer nicht zu erstellenden Abstammungsliste. Somit ist es leider unumg\u00e4nglich, manches zu mutma\u00dfen.<\/p>\n<hr \/>\n<p>Anm: Benediktiner M\u00f6nche gr\u00fcndeten 1098 das Kloster C\u00eeteaux (lat. <em>Cistercium<\/em>, dt. Zisterze) mit der Ma\u00dfgabe, ein Leben des Gebets, der Lesung und der Arbeit f\u00fchren wollen, um die urspr\u00fcnglichen Ideale der Benediktiner wieder hervorzuheben, die weitgehend abhanden gekommen waren.<\/p>\n<hr \/>\n<p><span style=\"color: #800000;\"><strong>Otto I. +1136 oo Helvide von R\u00e8ve +1138<\/strong><\/span><\/p>\n<p>Sie haben den Sohn:<\/p>\n<p><span style=\"color: #800000;\"><strong>Gilles I. de Trazegnies *1134 +1161 oo Gerberge von Landen<\/strong><strong>, <\/strong>geb. ca. 1133 in Landen (heute L\u00fcttich), sie starb <strong>1188<\/strong>. (Vater: Heinrich von Landen)<\/span> <strong><span style=\"color: #800000;\">Gerberge<\/span><\/strong> heiratete\u00a0<span style=\"color: #800000;\">Gilles I. de Trazegnies und nach<\/span> Gilles Tod heiratete sie Gilles I de Blicguy<\/p>\n<p><span style=\"color: #800000;\"><strong>Gilles I. de Trazegnies<\/strong><\/span> und <span style=\"color: #800000;\"><strong>Gerberge<\/strong><\/span> haben einen Sohn:<\/p>\n<p><strong><span style=\"color: #800000;\">Othon II de Trazegnies<\/span> *ca.1151 <span style=\"color: #800000;\">\u2020 <\/span><\/strong><span style=\"color: #800000;\">im Kreuzzug im Gefecht von Akkon Juli 1192<\/span> <span style=\"color: #800000;\">&#8211; <strong>Othon II oo Mathilde de Alleu de Neyghem (Neigem),<\/strong> <\/span>sie hatten die S\u00f6hne <span style=\"color: #800000;\">Gilles de Trazegnies le Brun<\/span> und <span style=\"color: #800000;\">Gilles II. de Trazegnies<\/span>:<\/p>\n<ul>\n<li><span style=\"color: #800000;\"><strong>Gilles II. de Trazegnies <\/strong><\/span>ca. *1173 \u20201204. (Sohn von <a href=\"https:\/\/de.wikipedia.org\/w\/index.php?title=Othon_II._de_Trazegnies&amp;action=edit&amp;redlink=1\">Othon II. de Trazegnies<\/a> \u2020 1192). <strong>1156<\/strong> wurde <strong>Gilles<\/strong> de <strong>Trazegnies<\/strong> mit dem Titel &#8222;de Silly&#8220; benannt (<strong>J. Plumet<\/strong> &#8222;Les Seigneurs de Trazegnies pp.&#8220;; 1959 Seite 17-53) &#8211; Silly lag in einem Grenzgebiet im Osten vom Hennegau und war urspr\u00fcnglich im Besitz der Abtei von Lobbes. Ab dem 12. Jh. hatten die Herren de <strong>Trazegnies<\/strong> auch Silly in ihrem Besitz. Die Herrlichkeit Trazegnies geh\u00f6rte zum frz. Gebiet. Er war der Herr von Trazegnies (heute <a href=\"https:\/\/de.wikipedia.org\/wiki\/Courcelles_%28Belgien%29\">Courcelles<\/a> in <a href=\"https:\/\/de.wikipedia.org\/wiki\/Belgien\">Belgien<\/a>) und <a href=\"https:\/\/de.wikipedia.org\/wiki\/Silly_%28Belgien%29\">Silly<\/a> sowie erblicher Conn\u00e9table der <a href=\"https:\/\/de.wikipedia.org\/wiki\/Grafschaft_Flandern\">Grafen von Flandern,<\/a> er nahm<strong> 1202 am 4. Kreuzzug <\/strong>teil. Gilles II. l\u00f6ste sich aber mit anderen w\u00e4hrend der Belagerung von Zara vom Hauptheer, um direkt in die Levante weiterzuziehen. Dort unterst\u00fctzten die Kreuzfahrer den F\u00fcrsten von Antiochia im Kampf gegen die Armenier, wobei Gilles 1204 get\u00f6tet wurde.<strong> <span style=\"color: #800000;\">Gilles II. de Trazegnies<\/span><\/strong><span style=\"color: #800000;\"> <strong>oo <em>Alix van Boelaere, <\/em><\/strong><\/span><em>Alix und Gilles hatten die Kinder: <\/em><\/li>\n<\/ul>\n<ul>\n<li>\n<ol>\n<li><strong><span style=\"color: #800000;\">Gilles de Trazegnies le Brun<\/span><\/strong> <strong>(\u2020 nach 1272),<\/strong> <strong>Connetabl\u00e9 von Frankreich <span style=\"color: #800000;\">oo Simonnette de Joinville<\/span> \/ <\/strong><span style=\"text-decoration: underline;\"><span style=\"color: #800000; text-decoration: underline;\">Die Tochter Marie von Gilles de Trazegnies le Brun<\/span> <\/span>* zw. 1204 u. 1264 wurde verheiratet mit<strong> Thomas de Mortagne, seigneur de Romeries, <\/strong><em><span style=\"color: #800000;\">den Sohn von Arnoul, seigneur de Mortagne u. Yolande de Coucy. &#8211; <\/span><\/em><strong><span style=\"color: #ff6600;\">Marie<\/span> war die Schwester von <span style=\"color: #800000;\">Adam Le Brun<\/span>, sgr de palaiseau, Nainville de de la Grange au Bois <\/strong>(Anm.: <strong>La Grange =<\/strong> Ortschaft in der Gemeinde Blussans im D\u00e9partement Doubs; bois = Wald Geh\u00f6lz)<\/li>\n<li><span style=\"color: #800000;\"><strong>Othon III. de Trazegnies<\/strong><\/span> Sieur, de Trazegnie (heute Courcelles in Belgien), de Silly, de Bra\u00eene-le-Ch\u00e2teau, de Haut-Ittre, Pair vom Hennegau (Pair = politisch privilegierte Hochadelige), erblicher <span style=\"color: #800000;\">Conn\u00e9table der Grafen von Flandern<\/span> oo <span style=\"color: #800000;\"><strong><em>Agnes de<\/em><\/strong><\/span><em><span style=\"color: #800000;\"><strong> Trazegnies<\/strong><\/span>, dame de Hacquegnies<\/em> (Kommune Hennegau) \u2020 12.8.1241\/ April 1242;\u00a0<span style=\"text-decoration: underline;\"><strong>Othon III. de Trazegnies<\/strong> und <strong><em>Agnes de<\/em><\/strong><em><strong> Trazegnies<\/strong><\/em> haben den Sohn:<\/span> <strong><span style=\"color: #800000;\">Othon IV. de Trazegnies<\/span><\/strong> <strong>*ca. 1224 +1300;\u00a0<\/strong><strong>Othon IV. de Trazegnies<\/strong> heiratet<span style=\"color: #800000;\"><strong> Jeanne de Bousies, <\/strong><\/span><span style=\"text-decoration: underline;\">sie haben den Sohn: <\/span><span style=\"color: #800000;\"><strong>Gilles de Trazegnies<\/strong><\/span><\/li>\n<li><span style=\"color: #800000;\"><strong>Elisabeth<\/strong><\/span> (Alix \/ Aleide) de Trazegnies ux <strong>NN<\/strong><\/li>\n<li><u><strong><span style=\"color: #800000;\">Otto I. van Wedegrate<\/span><\/strong><\/u> <strong>*ca. 1180 +1230,<\/strong> mit Geburtsnamen <strong><u><span style=\"color: #800000;\">Trazegnies<\/span>, <\/u><\/strong>Kreuzritter<span style=\"color: #800000;\"><strong> oo Osilia van Wedergrate <\/strong><\/span>(das Wort \u201eWede\u201c leitet sich von Wedeme ab, was Wittum \/ Morgengabe oder <em>Kirchengut\/Pfarrgut<\/em> bedeutet; das pa\u00dft genau, weil Osilia das Gut in die Ehe eingebracht hat) <strong>Sie haben den Sohn: <\/strong><u><strong><span style=\"color: #800000;\">Otto II. van Wedergrate<\/span><\/strong> (oder auch Wedegrate) &#8211; <\/u>Otto erbte als 2. Sohn alle Besitzungen von Mutterseite, was haupts\u00e4chlich die Herrlichkeiten Meerbeke (Br\u00fcssel) und Neigem betraf. Mathilde starb 1219, wonach Otto &#8222;Herr von Meerbeke und Neigem&#8220; wurde. &#8211; <span style=\"text-decoration: underline;\">Mit Otto begann das <strong>Haus van Wedergrate<\/strong> als <strong>Abkommen des Hauses von Trazegnies.<\/strong> I<\/span>n seinem Testament nannte Otto sich selbst Herr van Wedergrate und \u00fcbernahm das Wappen von Wedegrate.<\/li>\n<\/ol>\n<\/li>\n<\/ul>\n<hr \/>\n<hr \/>\n<p><a href=\"http:\/\/www.von-dehn.de\/site\/wp-content\/uploads\/2014\/04\/Wappen-ten-Broek-Holland1.jpg\"><img decoding=\"async\" class=\"  wp-image-876 alignleft\" src=\"http:\/\/www.von-dehn.de\/site\/wp-content\/uploads\/2014\/04\/Wappen-ten-Broek-Holland1-202x300.jpg\" alt=\"Wappen ten Broek Holland\" width=\"225\" height=\"335\" srcset=\"http:\/\/www.von-dehn.de\/site\/wp-content\/uploads\/2014\/04\/Wappen-ten-Broek-Holland1-202x300.jpg 202w, http:\/\/www.von-dehn.de\/site\/wp-content\/uploads\/2014\/04\/Wappen-ten-Broek-Holland1.jpg 215w\" sizes=\"(max-width: 225px) 100vw, 225px\" \/><\/a>Gilles -Otthon de Trazegnies oo Jacqueline <a href=\"https:\/\/fr.wikipedia.org\/wiki\/Seigneurs_de_Lallaing\">de Lalaing<\/a><\/p>\n<p>hat ebenfalls\u00a0 <a href=\"http:\/\/www.von-dehn.de\/site\/wp-content\/uploads\/2017\/05\/Trazegnies_050911_53.jpg\"><img decoding=\"async\" class=\"  wp-image-6594 alignright\" src=\"http:\/\/www.von-dehn.de\/site\/wp-content\/uploads\/2017\/05\/Trazegnies_050911_53-300x225.jpg\" alt=\"Trazegnies_050911_(53)\" width=\"381\" height=\"286\" srcset=\"http:\/\/www.von-dehn.de\/site\/wp-content\/uploads\/2017\/05\/Trazegnies_050911_53-300x225.jpg 300w, http:\/\/www.von-dehn.de\/site\/wp-content\/uploads\/2017\/05\/Trazegnies_050911_53-1024x768.jpg 1024w\" sizes=\"(max-width: 381px) 100vw, 381px\" \/><\/a><\/p>\n<p>3 Muscheln in einem Wappen auf dem Sarkophagsockel<\/p>\n<p>(au\u00dfen rechts oben), aber ohne mittiges Kreuz.<\/p>\n<p>Siehe Wiki Gillion-Othon de Trazegnies<\/p>\n<hr \/>\n<p>Das Haus Trazegnies bestand aus mehreren Linien. Hier ist nur die Linie benannt, die zum Haus Wedergrate f\u00fchrt.<\/p>\n<ol>\n<li>Otto I. Herr de Trazegnies en Silly hatte den Sohn Otto II.<\/li>\n<li>Otto II heiratete Mathilde de l\u2019Alleu auch van den Eyghene oder van Neigem gehei\u00dfen. Sie war Erbtochter van <span style=\"text-decoration: underline;\">Meerbeke en l\u2019Alleu<\/span> (Neigem), gelegen in der Herrlichkeit van Wedergrate.\u00a0Mathilde erbte auch das gleichnamige Kastell von Meerbeke. Sie erbte die Besitzungen von ihrem Vater H\u00e9ribrand de l\u2019Alleu, Sohn von Henri. Mathilde und Otto haben mind. 4 Kinder: Gilles, Otto, Walter u. Siger. Der Sohn Gilles II wurde Nachfolger von seinem Vater, Herr von Trazegnies und erbte den L\u00f6wenanteil von der v\u00e4terlichen Linie. &#8211; Der Sohn Otto III. erbte die Besitzungen seiner Mutter. Er war Vogt von seinem minderj\u00e4hrigen Neffen Otto IV. de Trazegnies, bis dieser die Erbfolge antreten konnte. Da sein Neffe auch Otto hie\u00df, wurde Otto III. ab 1214 Otto \u2018l\u2019oncle\u2019 (de oom) genannt. &#8211; Otto III de Trazegnies \u2018de oom\u2019\u00a0war geboren rund 1180.<\/li>\n<li>Otto III war &#8211; wie oben vermeldet, der Sohn von Otto II de Trazegnies und Mathilde de l\u2019Alleu. Er erbte alle Besitzungen der Mutter, vornehmlich die Herrlichkeiten Meerbeke und Neigem.\u00a0Mathilde de l\u2019Alleu starb 1219, wonach Otto III. Herr von Meerbeke und Neigem wurde.\u00a0Meerbeke war ein Lehen vom Herzog von Brabant. Neigem, wozu auch das Kastell \u201cten Eyghene\u201d geh\u00f6rte, lag dann wieder in der Grafschaft Flandern. Otto III. wr auch im Besitz von Court-Saint-Etienne bis zu seinem Tod. Court-Saint-Etienne geh\u00f6rte zur Grafschaft Namen und lag im Einflu\u00dfbereich von Trazegnies, wodurch man vermuten kann, dass her das von seinem Vater erbte. In seinem Testament nannte Otto III. sich selbst &#8222;heer van Wedergrate&#8220;. Dadurch vereinigte er seinen Besitz unter dem Namen &#8222;Wedergrate&#8220;. Dazu geh\u00f6rte eine Anzahl D\u00f6rfer: Denderwindeke, Pollare, Appelterre-Eichem und Neigem, 1486 das \u2018Land van Wedergrate\u2019 genannt. Generation f\u00fcr Generation nannte sich nun &#8222;Wedergrate&#8220; und <span style=\"color: #800000;\">Otto \u00fcbernahm das Wappen von Wedegrate<\/span>. Sie beherrschten de facto ein Konglomerat von Herrlichkeiten an der Grenze von Flandern und Brabant. Otto III, de oom, de Trazegnies wurde zu <span style=\"color: #800000;\">Otto I. van Wedergrate.<\/span> Er heiratete <span style=\"color: #800000;\">Osilia<\/span>, sie hatten 4 S\u00f6hne und 1 Tochter: Otto II, Siger Pestel (er heiratete Heila van Neep), Gilles, Gerard und Helwildis (sie heiratete Jan Vrechem). Otto I van Wedergrate starb 1230, wonach ihm Otto II. folgte.<\/li>\n<li>Otto II. wurde 1235 Ritter und heiratete 1237\u00a0 Johanne. Sie hatten 1 Sohn Otto III., der Cl\u00e9mence heiratete.<\/li>\n<\/ol>\n<ol>\n<li><span style=\"text-decoration: underline;\">Gro\u00dfeltern\u00a0 :<\/span>\u00a0 Othon II. de Trazegnies (\u2020 1192) und Mathilde de Alleu de Neyghem<\/li>\n<li><span style=\"text-decoration: underline;\">Vater \u00a0 \u00a0 \u00a0 \u00a0 \u00a0\u00a0 :<\/span>\u00a0 Gilles\u00a0 II. de Trazegnies (+1204)<\/li>\n<li><span style=\"text-decoration: underline;\">Sohn\u00a0\u00a0\u00a0\u00a0\u00a0\u00a0\u00a0\u00a0\u00a0\u00a0\u00a0 :<\/span>\u00a0 Gilles de Trazegnies le Brun (\u2020 nach 1272) Connetable von Frankreich<br \/>\n<hr \/>\n<\/li>\n<\/ol>\n<ul>\n<li><a href=\"https:\/\/de.wikipedia.org\/wiki\/Conn%C3%A9table_von_Frankreich\"><span style=\"color: #000000;\">Die Familie van Wedergrate hatte seinen Ursprung im Hause Silly-de Trazegnies.<\/span><\/a><\/li>\n<li>Die Namen Ada, Mathilde = Kosename Tetta, Otto = Ocko; Gilles = Wilhelm sind in der Familie tom Brok weitergeben worden<br \/>\n<hr \/>\n<\/li>\n<\/ul>\n<ul>\n<li><em><strong><u>Yolande de Coucy<\/u><\/strong> * ca.1220 +1289, Tochter von Thomas de Coucy, sgr de Vervins und Mahaut (Mathilde) von Rethel <\/em><br \/>\n<em> Mutter von Elisabeth Arnoud Everard de Mortagne; Marie de Mortagne; Mathilde de Mortagne; Baudouin III. de Mortagne; Guillaume de Mortagne sgr de Templeuve und 2 andere Kinder;<\/em><br \/>\n<em> Schwester von Agnes de Coucy; Thomas III. de Coucy sgr de Vervins; Elisende Alison Coucy Vervins, \u00c4btissin Notre Dame; Jean de Coucy Vervins und Felicit\u00e9 de Coucy de Vervins<\/em><\/li>\n<\/ul>\n<hr \/>\n<ul>\n<li><strong>Isabella von Hennegau<\/strong> (frz: <em>Isabelle de Hainaut<\/em>) (*wohl am 23. April 1170 in <a href=\"http:\/\/de.wikipedia.org\/wiki\/Lille\">Lille<\/a>; \u2020 <a href=\"http:\/\/de.wikipedia.org\/wiki\/15._M%C3%A4rz\">15. M\u00e4rz<\/a> <a href=\"http:\/\/de.wikipedia.org\/wiki\/1190\">1190<\/a> in <a href=\"http:\/\/de.wikipedia.org\/wiki\/Paris\">Paris<\/a>) war ab 1180 K\u00f6nigin von Frankreich<br \/>\n<hr \/>\n<\/li>\n<\/ul>\n<p><strong>\u00a0\u00a0\u00a0\u00a0\u00a0 Quellen:<\/strong><\/p>\n<ul>\n<li>Auszug aus dem Artikel\u00a0Gilles de Trazegnies der freien Enzyklop\u00e4die Wikipedia. In der Wikipedia ist eine Liste der Autoren verf\u00fcgbar.<\/li>\n<li><a href=\"https:\/\/de.wikipedia.org\/wiki\/Gottfried_von_Villehardouin\">Gottfried von Villehardouin<\/a>, <em>Histoire de la conqu\u00eate de Constantinople<\/em>, hrsg. von Jean Alexandre C. Buchon: <em>Chronique de la prise de Constantinople par les Francs<\/em>, in: <em>Collections des chroniques nationales fran\u00e7aises<\/em> Bd. 3 (1828), S. 91<\/li>\n<li><em>L\u2019Estoire de Eracles empereur<\/em> Liv. 27, Cap. XXV, in: <em>Recueil des Historiens des Croisades<\/em> (1859), Historiens Occidentaux II, S. 249<\/li>\n<li>Universit\u00e4t Gent Proefschrift KATRIEN GOSSELIN 00703824 &#8211; Academiejaar 2010-2011:\u00a0 Een adellijke familie in het laatmiddeleeuwse Gent: de familie van Wedergrate<\/li>\n<li>Jean Favier: <em>Dictionnaire de la France m\u00e9di\u00e9vale<\/em>, Stichwort: &#8222;Trasiginies&#8220;<\/li>\n<li><span style=\"color: #ff0000;\"><strong>Signeur de Trasignies<\/strong> als Berater genannt &#8211; erw\u00e4hnt im Testament von <strong>Floris von Hennegau<\/strong> anno 1285 &#8211; No. 237 Seite 196 Oorkondenboek Van Holland En Zeeland (1901) James de Fremery<\/span><\/li>\n<li>\u00b9Wappenbeschreibung: <em>band\u00e9 d&#8217;azur et d&#8217;or \u00e0 la bordure engr\u00eal\u00e9e de gueules, au franc-quartier d&#8217;hermine<\/em>. L&#8217;\u00e9cu des armes du conn\u00e9table avait pour ornements ext\u00e9rieurs, de chaque c\u00f4te, une \u00e9p\u00e9e nue, la pointe en haut, tenue par un dextroch\u00e8re ou main droite, arm\u00e9e d&#8217;un gantelet et sortant d&#8217;une nu\u00e9e<\/li>\n<li>gem. <em>Annalen von Groningen: Gilles de Trazegnies le Brun war Conn\u00e9table<\/em><em>, <\/em>vermutlich jener Kene (K\u00f6nigsrichter), der im Rheiderland Vogt und K\u00f6nigsrichter war.<br \/>\n<hr \/>\n<\/li>\n<\/ul>\n<div id=\"attachment_5125\" style=\"width: 178px\" class=\"wp-caption alignleft\"><a href=\"http:\/\/www.von-dehn.de\/site\/wp-content\/uploads\/2014\/08\/Gunda-Kopie2.jpg\"><img decoding=\"async\" aria-describedby=\"caption-attachment-5125\" class=\"wp-image-5125\" src=\"http:\/\/www.von-dehn.de\/site\/wp-content\/uploads\/2014\/08\/Gunda-Kopie2.jpg\" alt=\"Gunda Kopie2\" width=\"168\" height=\"183\" \/><\/a><p id=\"caption-attachment-5125\" class=\"wp-caption-text\">Gunda von Dehn<\/p><\/div>\n<h2><span style=\"color: #800000;\">Hinweis: Roman &#8222;Chroniken der tom Brook&#8220;<\/span><\/h2>\n<h4><span style=\"color: #800000;\">Band I-IV &#8222;Chroniken der tom Brook&#8220; als E-Books bei versch. Anbietern erh\u00e4ltlich<\/span><\/h4>\n<p><span style=\"color: #0000ff;\"><a style=\"color: #0000ff;\" href=\"http:\/\/www.hugendubel.de\/de\/ebook\/gunda_von_dehn-chroniken_der_tom_brook-29133974-produkt-details.html\">http:\/\/www.hugendubel.de\/de\/ebook\/gunda_von_dehn-chroniken_der_tom_brook-29133974-produkt-details.html<\/a><\/span><\/p>\n<h4><span style=\"color: #800000;\">Band II &#8222;Chroniken der tom Brook&#8220;:<\/span> <span style=\"color: #0000ff;\"><a class=\"moz-txt-link-freetext\" style=\"color: #0000ff;\" href=\"http:\/\/store.kobobooks.com\/de-DE\/ebook\/chroniken-der-tom-brook-1\">http:\/\/store.kobobooks.com\/de-DE\/ebook\/chroniken-der-tom-brook-1<\/a><\/span><\/h4>\n<hr \/>\n<p>letzte \u00c4nderung 05.10.2023<\/p>\n","protected":false},"excerpt":{"rendered":"<p>\u00a9Musikomposition: Gunda von Dehn &#8211; &#8222;Reiter&#8220; Die Krone \u00fcber dem Wappenschild ist gleichartig wie die Krone eines Pairs von Frankreich (ohne Blattschmuck); der rote Rand sowie das Streifenmuster ist das von Burgund, jed. gezaddelt; die Hermelin-Schw\u00e4nze symbolisieren die Position des Conn\u00e9tables von Frankreich Gilles de Trazegnies le Brun (\u2020 nach 1272) war der Sohn des [&hellip;]<\/p>\n","protected":false},"author":2,"featured_media":0,"parent":66,"menu_order":15,"comment_status":"closed","ping_status":"open","template":"side-navigation.php","meta":{"footnotes":""},"class_list":["post-6432","page","type-page","status-publish","hentry"],"_links":{"self":[{"href":"http:\/\/www.von-dehn.de\/site\/wp-json\/wp\/v2\/pages\/6432","targetHints":{"allow":["GET"]}}],"collection":[{"href":"http:\/\/www.von-dehn.de\/site\/wp-json\/wp\/v2\/pages"}],"about":[{"href":"http:\/\/www.von-dehn.de\/site\/wp-json\/wp\/v2\/types\/page"}],"author":[{"embeddable":true,"href":"http:\/\/www.von-dehn.de\/site\/wp-json\/wp\/v2\/users\/2"}],"replies":[{"embeddable":true,"href":"http:\/\/www.von-dehn.de\/site\/wp-json\/wp\/v2\/comments?post=6432"}],"version-history":[{"count":29,"href":"http:\/\/www.von-dehn.de\/site\/wp-json\/wp\/v2\/pages\/6432\/revisions"}],"predecessor-version":[{"id":6942,"href":"http:\/\/www.von-dehn.de\/site\/wp-json\/wp\/v2\/pages\/6432\/revisions\/6942"}],"up":[{"embeddable":true,"href":"http:\/\/www.von-dehn.de\/site\/wp-json\/wp\/v2\/pages\/66"}],"wp:attachment":[{"href":"http:\/\/www.von-dehn.de\/site\/wp-json\/wp\/v2\/media?parent=6432"}],"curies":[{"name":"wp","href":"https:\/\/api.w.org\/{rel}","templated":true}]}}