{"id":59,"date":"2014-04-07T09:11:36","date_gmt":"2014-04-07T07:11:36","guid":{"rendered":"http:\/\/www.von-dehn.de\/site\/?page_id=59"},"modified":"2023-10-05T22:29:01","modified_gmt":"2023-10-05T20:29:01","slug":"zeitleiste","status":"publish","type":"page","link":"http:\/\/www.von-dehn.de\/site\/die-tom-brok\/zeitleiste\/","title":{"rendered":"Zeitleiste"},"content":{"rendered":"<div id=\"fb-root\"><\/div>\n<audio class=\"wp-audio-shortcode\" id=\"audio-59-1\" autoplay preload=\"none\" style=\"width: 100%;\" controls=\"controls\"><source type=\"audio\/mpeg\" src=\"http:\/\/www.von-dehn.de\/site\/wp-content\/uploads\/2014\/04\/01-Tilly-4_-Concerto-11_10_11_cap.mp3?_=1\" \/><a href=\"http:\/\/www.von-dehn.de\/site\/wp-content\/uploads\/2014\/04\/01-Tilly-4_-Concerto-11_10_11_cap.mp3\">http:\/\/www.von-dehn.de\/site\/wp-content\/uploads\/2014\/04\/01-Tilly-4_-Concerto-11_10_11_cap.mp3<\/a><\/audio>\n<h4 style=\"text-align: left;\"><\/h4>\n<div id=\"attachment_4350\" style=\"width: 138px\" class=\"wp-caption alignleft\"><a href=\"http:\/\/www.von-dehn.de\/site\/wp-content\/uploads\/2014\/04\/Vase-modern.jpg\"><img decoding=\"async\" aria-describedby=\"caption-attachment-4350\" class=\"wp-image-4350\" src=\"http:\/\/www.von-dehn.de\/site\/wp-content\/uploads\/2014\/04\/Vase-modern-225x300.jpg\" alt=\"Vase modern\" width=\"128\" height=\"171\" srcset=\"http:\/\/www.von-dehn.de\/site\/wp-content\/uploads\/2014\/04\/Vase-modern-225x300.jpg 225w, http:\/\/www.von-dehn.de\/site\/wp-content\/uploads\/2014\/04\/Vase-modern-768x1024.jpg 768w, http:\/\/www.von-dehn.de\/site\/wp-content\/uploads\/2014\/04\/Vase-modern.jpg 1920w\" sizes=\"(max-width: 128px) 100vw, 128px\" \/><\/a><p id=\"caption-attachment-4350\" class=\"wp-caption-text\">G. v. Dehn 1968<\/p><\/div>\n<h4 style=\"text-align: right;\"><span style=\"color: #800000;\">\u00a0\u00a0\u00a0\u00a0\u00a0\u00a0\u00a0\u00a0\u00a0\u00a0\u00a0\u00a0\u00a0\u00a0\u00a0\u00a9 &#8211; Gunda von Dehn &#8211;<br \/>\n<\/span><\/h4>\n<h4 style=\"text-align: right;\"><span style=\"color: #800000;\">\u00a0\u00a0\u00a0\u00a0\u00a0\u00a0\u00a0\u00a0\u00a0\u00a0\u00a0\u00a0\u00a0\u00a0\u00a0\u00a0\u00a0\u00a0\u00a0\u00a0\u00a0\u00a0\u00a0\u00a0\u00a0\u00a0\u00a0\u00a0 \u00a0 \u00a0 \u00a0 \u00a0 Concertino aus meinem Musical &#8222;Gel\u00f6bnis unterm Sternenzelt&#8220;<\/span><\/h4>\n<h2 style=\"text-align: center;\"><\/h2>\n<h2 style=\"text-align: center;\"><\/h2>\n<h2 style=\"text-align: center;\"><span style=\"color: #800000;\"><b>Zeitleiste<\/b><\/span><\/h2>\n<p><strong>550\u00a0\u00a0 K\u00f6nig Audulf<\/strong> &#8211; K\u00f6nig vermutlich im Westergo, dem heutigen Friesland &#8211; (siehe\u00a0 Goldfund von <strong>Wieuwerd<\/strong>. Die Inschrift \u201eVictoria\u201c auf den gefundenen M\u00fcnzen deutet darauf hin, dass unter seiner Herrschaft die Friesen siegreich gegen die Franken gewesen sind.)<\/p>\n<p style=\"text-align: justify;\">+ ca. 680 &#8211; K\u00f6nig Aldgisl. Er war vermutlich ein Sohn von Audulf; er regierte \u00fcber die Provinzen Holland und Utrecht bis zur Weser mit Sitz in Dorestad oder Utrecht<\/p>\n<p>714 \u00a0\u00a0K\u00f6nig Redbad (Radbod) \u2013 D\u00e4ne \u2013 ansch. Herrscher \u00fcber Haithabu und K\u00f6nig der Friesen<br \/>\n714 \u00a0\u00a0K\u00f6nig Redbad (Radbod) siegt \u00fcber den Franken Karl Martell bei K\u00f6ln<br \/>\n719+ K\u00f6nig Redbad (Radbod) &#8211; danach beginnt die Integration Frieslands ins Frankenreich<\/p>\n<p>719 K\u00f6nig Poppo \u2013 wahrscheinlich Sohn von Redbad.<\/p>\n<p>734+ Poppo in der Schlacht an der Boorne gefallen. Als Folge der Niederlage ging das Gebiet westlich der Lauwers an das fr\u00e4nkische Reich. Nur der Osten Frieslands konnte sich noch f\u00fcr einige Zeit halten.<\/p>\n<p>772 wurde auch das von dem Frankenk\u00f6nig Karl (d. Gr.) einverleibt.<\/p>\n<hr \/>\n<p>Anmerkung:<\/p>\n<p>Es gibt ausreichend Zeugnisse daf\u00fcr, dass fremde Volksteile in Friesland eingedrungen sind. Neben Sachsen treten auch D\u00e4nen auf. Zwischen 561 und 575 wurden Sachsen und D\u00e4nen an der Bordena in der niederl\u00e4ndischen Provinz Friesland von den Franken besiegt und bis zur Lauwers verfolgt. Dass D\u00e4nen als Herren von Friesland auftraten, ist auch nachzulesen in s\u00e4chsischen Dichtungen. (Beowulf \/ Gudrunlied \/ Finn, der Friesenk\u00f6nig, wird im Widsithlied erw\u00e4hnt.) Erst die j\u00fcngere Geschichte hat K\u00f6nig Redbad (Radbod) zu einem Friesen gemacht.<span style=\"text-decoration: underline;\"> Nach der \u00e4lteren \u00dcberlieferung der 17 K\u00fcren war er <strong>D\u00e4ne<\/strong><\/span>. Die d\u00e4nischen Gewalthaber treten zw. 561 und 575 zusammen mit den Sachsen auf. Die Sachsen haben den Osten Frieslands in ihr Gebiet einbezogen. Dar\u00fcber gibt es keinen Zweifel. Als Herzog Widukind die Scharen gegen die Franken sammelt, stehen die Ostfriesen an seiner Seite. Largau und Wigmodien sind s\u00e4chsisch. Dieser Zusammenhalt resultierte auch aus den ehelichen Verflechtungen zwischen Sachsen und D\u00e4nen. Es ist den Friesen nicht gelungen die Fremdherrschaft abzusch\u00fctteln. Nach den D\u00e4nen kamen die Franken (804 n. Chr.). Die Scharen, die 810 an der K\u00fcste landeten, werden bald als D\u00e4nen, bald als Normannen bezeichnet. Beides ist gleichbedeutend &#8211; sie kamen von der J\u00fctischen Halbinsel und machten den Franken die Herrschaft streitig. ( s. Carl Woebken S. 17 pp Kurze Geschichte Ostfrieslands)<\/p>\n<hr \/>\n<div id=\"attachment_3914\" style=\"width: 131px\" class=\"wp-caption aligncenter\"><a href=\"http:\/\/www.von-dehn.de\/site\/wp-content\/uploads\/2014\/04\/Ritter-Westsseite-Nord.jpg\"><img decoding=\"async\" aria-describedby=\"caption-attachment-3914\" class=\"wp-image-3914\" src=\"http:\/\/www.von-dehn.de\/site\/wp-content\/uploads\/2014\/04\/Ritter-Westsseite-Nord.jpg\" alt=\"Ritter Westsseite Nord\" width=\"121\" height=\"312\" \/><\/a><p id=\"caption-attachment-3914\" class=\"wp-caption-text\">Ritterfigur Dom von St. Marien<\/p><\/div>\n<p><b>Frankenherrschaft<\/b><\/p>\n<p>785 sind Ostfriesland und das n\u00f6rdliche Sachsen v\u00f6llig durch die Franken bezwungen; Eingliederung ins Frankenreich durch Karl den Grossen<\/p>\n<p>802 Karl der Gro\u00dfe l\u00e4sst das friesische Volksrecht <b>Lex Frisonum <\/b>aufzeichnen &#8211; Schutz der heidn. St\u00e4tten, nicht der christlichen!<\/p>\n<p>826 Harald Klak (D\u00e4ne) &#8211; belehnt durch Karl den Gro\u00dfen<\/p>\n<p>882 der Sohn des Harald Klak, <b>Gottfried<\/b>, wird von Kaiser Karl III. (Karl d. Dicke) mit dem gesamten Friesland belehnt; Gottfried versklavt die Friesen<br \/>\n884 Schlacht bei Norden &#8211; Friesen schlagen D\u00e4nen vernichtend!<br \/>\n885+ Gottfried &#8211; Kaiser Karl III. (der Dicke) l\u00e4sst Gottfried beseitigen<\/p>\n<p>um 1000 &#8211; Bau der ersten Deiche<\/p>\n<p>1217\/18 Kaiser Ludwig II. &#8211; Kreuzzug mit Eroberung des Kettenturms von Damiette in \u00c4gypten unter Teilnahme von 100 Friesenschiffen<\/p>\n<p>um 1250 wird <b>Keno <\/b>als Konsul und Richter von Norden genannt \u2013 Er ist\u00a0 der Vater d. Keno Kenesa tom Brok<\/p>\n<p>1276 Brokmerbrief &#8211; Gesetzbuch-Aufzeichnung<\/p>\n<p>1300 Nennung des Keno Kenisna tom Brok, Sohn des Konsuls Keno von Norden und weitere Nennung<\/p>\n<p>1310 Keno Kenisna &#8211; Richter u. H\u00e4uptling von Brookmerland<\/p>\n<p>1347\u00a0Keno Hilmerisna tom Brok H\u00e4uptling von Brookmerland +1376;\u00a0Enkel v. Keno Kenisna tom Brok von Norden<\/p>\n<p>1372+ Ihmel tom Brok \u2013 Sohn des H\u00e4uptlings Keno Hilmerisna tom Brok<\/p>\n<p>1378\u00a0(ca.) Ritter Ocko tom Brok \/ H\u00e4uptling von Brokmerland &#8211; So. des Keno Hilmerisna tom Brok<\/p>\n<p>1379 Schlacht bei Loppersum \u2013 Ritter Ocko tom Brok contra Folkmar Allena und dessen Gefolgschaft<br \/>\n1381\u00a0Ritter Ocko tom Brok wird Lehnsmann von Herzog Albrecht von Bayern Graf v. Holland<\/p>\n<p>1389+ wird Ritter Ocko tom Brok bei der Schnappe zu F\u00fc\u00dfen seiner Burg in Aurich ermordet<\/p>\n<p>1389\u00a0\u00a0 Widzelt Kenisna &#8211; H\u00e4uptling<br \/>\n1399+ Widzelt Kenisna im Brand in der Kirche zu Detern umgekommen<\/p>\n<p>1399 \u00a0\u00a0Keno II. tom Brok &#8211; H\u00e4uptling &#8211; Sohn des Ritters Ocko tom Brok<\/p>\n<p>1417+ Keno II. &#8211; nach der Schlacht bei Oxwerderzyl (Holland)<\/p>\n<p>1417\u00a0\u00a0 Ocko II. tom Brok H\u00e4uptling &#8211; Sohn von Keno II. tom Brok<\/p>\n<p>1427 \u00a0\u00a0Schlacht auf den Wilden \u00c4ckern &#8211; Ocko II contra Focko Ukena<\/p>\n<p>1427\u00a0\u00a0 Ocko II. ger\u00e4t in Gefangenschaft von Focko Ukena, die \u201eOlde Borg\u201c wird geschleift<\/p>\n<p>1431 \u00a0\u00a0Ocko II. wird befreit aus der Gefangenschaft bei Focko Ukena in Leermoor<\/p>\n<p>1435+ Ocko II. stirbt vermutlich an den Folgen der Haft, die er im Verlies von Focko Ukena in Leermoor erlitten hatte<\/p>\n<p><strong><span style=\"color: #800000;\">Gunda v. Dehn in Zusammenarbeit mit Annette v. Dehn M.A.<\/span><\/strong><\/p>\n<hr \/>\n<blockquote>\n<div id=\"attachment_3171\" style=\"width: 160px\" class=\"wp-caption alignleft\"><a href=\"http:\/\/www.von-dehn.de\/site\/wp-content\/uploads\/2014\/04\/AutogrammkarteGunda.png\"><img decoding=\"async\" aria-describedby=\"caption-attachment-3171\" class=\"wp-image-3171 size-thumbnail\" src=\"http:\/\/www.von-dehn.de\/site\/wp-content\/uploads\/2014\/04\/AutogrammkarteGunda-150x150.png\" alt=\"AutogrammkarteGunda\" width=\"150\" height=\"150\" srcset=\"http:\/\/www.von-dehn.de\/site\/wp-content\/uploads\/2014\/04\/AutogrammkarteGunda-66x66.png 66w, http:\/\/www.von-dehn.de\/site\/wp-content\/uploads\/2014\/04\/AutogrammkarteGunda-150x150.png 150w\" sizes=\"(max-width: 150px) 100vw, 150px\" \/><\/a><p id=\"caption-attachment-3171\" class=\"wp-caption-text\">Gunda von Dehn<\/p><\/div>\n<h3>\u00a0<strong><em><span style=\"color: #993300;\">Hinweis: Roman Chroniken der tom Brook<\/span><\/em><\/strong><\/h3>\n<h4><span style=\"color: #800000;\"><span style=\"color: #800000;\">Band I-IV &#8222;Chroniken der tom Brook&#8220;:\u00a0 als E-Books bei versch. Anbietern erh\u00e4ltlich<\/span><\/span><\/h4>\n<p><span style=\"color: #0000ff;\"><a style=\"color: #0000ff;\" href=\"http:\/\/www.hugendubel.de\/de\/ebook\/gunda_von_dehn-chroniken_der_tom_brook-29133974-produkt-details.html\">http:\/\/www.hugendubel.de\/de\/ebook\/gunda_von_dehn-chroniken_der_tom_brook-29133974-produkt-details.html<\/a><\/span><\/p>\n<h4><span style=\"color: #800000;\">Band II &#8222;Chroniken der tom Brook&#8220; :<\/span> <span style=\"color: #0000ff;\"><a class=\"moz-txt-link-freetext\" style=\"color: #0000ff;\" href=\"http:\/\/store.kobobooks.com\/de-DE\/ebook\/chroniken-der-tom-brook-1\">http:\/\/store.kobobooks.com\/de-DE\/ebook\/chroniken-der-tom-brook-1<\/a><\/span><\/h4>\n<h4><\/h4>\n<\/blockquote>\n<hr \/>\n<h6>Letzte \u00c4nderung 05.10.2023<\/h6>\n<hr \/>\n","protected":false},"excerpt":{"rendered":"<p>\u00a0\u00a0\u00a0\u00a0\u00a0\u00a0\u00a0\u00a0\u00a0\u00a0\u00a0\u00a0\u00a0\u00a0\u00a0\u00a9 &#8211; Gunda von Dehn &#8211; \u00a0\u00a0\u00a0\u00a0\u00a0\u00a0\u00a0\u00a0\u00a0\u00a0\u00a0\u00a0\u00a0\u00a0\u00a0\u00a0\u00a0\u00a0\u00a0\u00a0\u00a0\u00a0\u00a0\u00a0\u00a0\u00a0\u00a0\u00a0 \u00a0 \u00a0 \u00a0 \u00a0 Concertino aus meinem Musical &#8222;Gel\u00f6bnis unterm Sternenzelt&#8220; Zeitleiste 550\u00a0\u00a0 K\u00f6nig Audulf &#8211; K\u00f6nig vermutlich im Westergo, dem heutigen Friesland &#8211; (siehe\u00a0 Goldfund von Wieuwerd. Die Inschrift \u201eVictoria\u201c auf den gefundenen M\u00fcnzen deutet darauf hin, dass unter seiner Herrschaft die Friesen siegreich gegen die Franken [&hellip;]<\/p>\n","protected":false},"author":1,"featured_media":0,"parent":66,"menu_order":16,"comment_status":"closed","ping_status":"closed","template":"side-navigation.php","meta":{"footnotes":""},"class_list":["post-59","page","type-page","status-publish","hentry"],"_links":{"self":[{"href":"http:\/\/www.von-dehn.de\/site\/wp-json\/wp\/v2\/pages\/59","targetHints":{"allow":["GET"]}}],"collection":[{"href":"http:\/\/www.von-dehn.de\/site\/wp-json\/wp\/v2\/pages"}],"about":[{"href":"http:\/\/www.von-dehn.de\/site\/wp-json\/wp\/v2\/types\/page"}],"author":[{"embeddable":true,"href":"http:\/\/www.von-dehn.de\/site\/wp-json\/wp\/v2\/users\/1"}],"replies":[{"embeddable":true,"href":"http:\/\/www.von-dehn.de\/site\/wp-json\/wp\/v2\/comments?post=59"}],"version-history":[{"count":79,"href":"http:\/\/www.von-dehn.de\/site\/wp-json\/wp\/v2\/pages\/59\/revisions"}],"predecessor-version":[{"id":6943,"href":"http:\/\/www.von-dehn.de\/site\/wp-json\/wp\/v2\/pages\/59\/revisions\/6943"}],"up":[{"embeddable":true,"href":"http:\/\/www.von-dehn.de\/site\/wp-json\/wp\/v2\/pages\/66"}],"wp:attachment":[{"href":"http:\/\/www.von-dehn.de\/site\/wp-json\/wp\/v2\/media?parent=59"}],"curies":[{"name":"wp","href":"https:\/\/api.w.org\/{rel}","templated":true}]}}