{"id":54,"date":"2014-04-04T13:26:05","date_gmt":"2014-04-04T11:26:05","guid":{"rendered":"http:\/\/www.von-dehn.de\/site\/?page_id=54"},"modified":"2023-10-05T22:26:33","modified_gmt":"2023-10-05T20:26:33","slug":"das-haus-anjou","status":"publish","type":"page","link":"http:\/\/www.von-dehn.de\/site\/die-tom-brok\/das-haus-anjou\/","title":{"rendered":"Das Haus ANJOU"},"content":{"rendered":"<div id=\"fb-root\"><\/div>\n<audio class=\"wp-audio-shortcode\" id=\"audio-54-1\" autoplay preload=\"none\" style=\"width: 100%;\" controls=\"controls\"><source type=\"audio\/mpeg\" src=\"http:\/\/www.von-dehn.de\/site\/wp-content\/uploads\/2014\/04\/02-Trommeln-u.Trompeten.mp3?_=1\" \/><a href=\"http:\/\/www.von-dehn.de\/site\/wp-content\/uploads\/2014\/04\/02-Trommeln-u.Trompeten.mp3\">http:\/\/www.von-dehn.de\/site\/wp-content\/uploads\/2014\/04\/02-Trommeln-u.Trompeten.mp3<\/a><\/audio>\n<h4 style=\"text-align: right;\"><span style=\"color: #800000;\">\u00a0\u00a9 &#8211; Gunda von Dehn &#8211;\u00a0 aus meinem Musical &#8222;Gel\u00f6bnis unterm Sternenzelt&#8220;<\/span><\/h4>\n<h2 style=\"text-align: center;\"><span id=\"K.C3.B6nig_von_Jerusalem\" class=\"mw-headline\" style=\"color: #993300;\">Karl von ANJOU <\/span><\/h2>\n<h4 style=\"text-align: center;\"><span id=\"K.C3.B6nig_von_Jerusalem\" class=\"mw-headline\"><span style=\"color: #993300;\">Palazzo Reale von Neapel<\/span><br \/>\n<\/span><\/h4>\n<div id=\"attachment_2784\" style=\"width: 278px\" class=\"wp-caption aligncenter\"><a href=\"http:\/\/www.von-dehn.de\/site\/wp-content\/uploads\/2014\/04\/Karl-von-Anjou-4.jpg\"><img decoding=\"async\" aria-describedby=\"caption-attachment-2784\" class=\"wp-image-2784 size-medium\" src=\"http:\/\/www.von-dehn.de\/site\/wp-content\/uploads\/2014\/04\/Karl-von-Anjou-4-268x300.jpg\" alt=\"Microsoft Word - Karl von Anjou.docx\" width=\"268\" height=\"300\" srcset=\"http:\/\/www.von-dehn.de\/site\/wp-content\/uploads\/2014\/04\/Karl-von-Anjou-4-268x300.jpg 268w, http:\/\/www.von-dehn.de\/site\/wp-content\/uploads\/2014\/04\/Karl-von-Anjou-4.jpg 397w\" sizes=\"(max-width: 268px) 100vw, 268px\" \/><\/a><p id=\"caption-attachment-2784\" class=\"wp-caption-text\">Karl von Anjou<\/p><\/div>\n<h2><span style=\"color: #800000;\">Das Haus ANJOU<\/span><\/h2>\n<p>Das K\u00f6nigreich Neapel war hei\u00df umk\u00e4mpft, denn die testamentarischen Bestimmungen <span style=\"color: #800000;\">Roberts des Weisen,<\/span> der einer Frau, n\u00e4mlich seine Enkelin Johanna, den Thron vererbte, enthielten von vornherein Sprengstoff. Die Zusammenh\u00e4nge sind diffizil und in den Erbfolge-Gesetzen begr\u00fcndet. Die Einzelheiten w\u00fcrden hier den Rahmen sprengen. Aber vielleicht ist es interessant, die Lage in Italien ein wenig zu beleuchten. Beginnen wir mit den K\u00f6nigen des Hauses Anjou.<\/p>\n<p>Das Haus Anjou stellte im K\u00d6NIGREICH NEAPEL folgende Herrscher:<span id=\"K.C3.B6nig_von_Jerusalem\" class=\"mw-headline\"><br \/>\n<\/span><\/p>\n<p>Karl I. von Anjou K\u00f6nig von Neapel + 1285; er wurde 1277 K\u00f6nig von Jerusalem (Karl war ein brutaler Herrscher)<br \/>\nKarl II. d. Lahme K\u00f6nig von Neapel + 1309<br \/>\nRobert der Weise K\u00f6nig von Neapel + 1343<\/p>\n<p>Johanna I. K\u00f6nigin von Neapel\u00a0 Gr\u00e4fin der Provence *1326, + 27.7.1382 ermordet<br \/>\n1. Ehe: Andreas von Ungarn Titular-K\u00f6nig von Neapel + 1345<br \/>\n2. Ehe: Ludwig von Anjou-Tarent K\u00f6nig von Neapel + 1362<br \/>\n3. Ehe: Jakob von Aragon-Mallorca +1375<br \/>\n4. Ehe: Otto von Braunschweig-Grubenhagen +1.12.1398 od. + 13.5.1399<\/p>\n<p>Karl III. von Anjou-Durazzo K\u00f6nig von Neapel + 1385<br \/>\nLadislaus von Anjou-Durazzo K\u00f6nig von Neapel + 1414<br \/>\nJohanna II. von Anjou-Durazzo K\u00f6nigin von Neapel + 1435<\/p>\n<p>Wenden wir uns Johanna von Anjou zu, der K\u00f6nigin von Neapel und Gr\u00e4fin der Provence, der Ocko tom Brok als Heerf\u00fchrer diente und die ihn zum Ritter erhob:<\/p>\n<p style=\"text-align: center;\"><a href=\"http:\/\/www.von-dehn.de\/site\/wp-content\/uploads\/2014\/04\/Jeanne2.png\"><img decoding=\"async\" class=\"aligncenter wp-image-2236 size-medium\" src=\"http:\/\/www.von-dehn.de\/site\/wp-content\/uploads\/2014\/04\/Jeanne2-232x300.png\" alt=\"Jeanne2\" width=\"232\" height=\"300\" srcset=\"http:\/\/www.von-dehn.de\/site\/wp-content\/uploads\/2014\/04\/Jeanne2-232x300.png 232w, http:\/\/www.von-dehn.de\/site\/wp-content\/uploads\/2014\/04\/Jeanne2-794x1024.png 794w\" sizes=\"(max-width: 232px) 100vw, 232px\" \/><\/a>Johanna I. von Anjou, * 1326, + 27.7.1382 ermordet<br \/>\nEltern: Karl, Herzog von Kalabrien (Sohn K\u00f6nig Roberts des Weisen) und Maria von Valois<\/p>\n<p>Johanna I. war sch\u00f6n, hochgebildet, politisch klug, kunstsinnig aber auch ausschweifend. Sie folgte ihrem Gro\u00dfvater Robert unter Ausschlu\u00df der Abk\u00f6mmlinge der \u00fcbrigen Anjou-Linien in der Regierung. Johanna wurde mit Andreas von Anjou-Ungarn, dem Bruder K\u00f6nig Ludwigs I., verm\u00e4hlt. Kurz nach ihrer Thronbesteigung wurde Johannas Gemahl ermordet. Johanna gebar im Dezember 1345 einen Sohn, Karl Martell, der trotz zahlreicher Liebschaften der K\u00f6nigin als Kind des Andreas von Anjou-Ungarn und Thronerbe von Neapel auch von K\u00f6nig Ludwig I. von Ungarn, dem Bruder des ermordeten Andreas, anerkannt wurde. Trotzdem verfolgte der Ungarn-K\u00f6nig Ludwig Anjou die Verurteilung und Absetzung Johannas als M\u00f6rderin ihres Gatten Andreas. Ebenso erneuerte Ludwig den Anspruch der ungarischen ANJOU auf das Papst-Lehen Neapel-Sizilien. Die vom Papst befohlene Untersuchung der Mordtat verlief ergebnislos, weil &#8211; so hei\u00dft es &#8211; die Mordanstifter die T\u00e4ter eilends hinrichten lie\u00dfen. Nach \u00dcberwindung der kritischen Situation, die der Ermordung von Andreas folgte, heiratete Johanna im August 1346 Ludwig von Anjou-Tarent, mu\u00dfte aber 1347 vor der Invasion des Ungarnk\u00f6nig Ludwig I. zur Provence fl\u00fcchten. Die Ungarn, hatten sich schon unter Andreas bei den Neapolitanern verha\u00dft gemacht. Nachdem Ludwig I. wegen einer Pestilenz abgezogen war, erhoben sich die Neapolitaner gegen die ungarischen Eroberer. Mit Unterst\u00fctzung von Papst Clemens VI, den Johanna durch die Abtretung Avignons f\u00fcr sich einnehmen konnte, gelang es Johanna, 1352 nach Neapel zur\u00fcckzukehren.<\/p>\n<p>Die Zeit nach 1352 war gepr\u00e4gt von verheerenden Bandenkriegen gegen die Vetternlinien Tarent und Durazzo, und \u00fcberdies von kr\u00e4ftezehrenden Erbkriegen um Sizilien, auf das Johanna 1372 endg\u00fcltig verzichtete. Um in ihrem Land Frieden zu halten, verm\u00e4hlte Johanna sich nach dem Tode Ludwigs von Tarent (1362) mit Jakob von Aragaon-Mallorca, auch er ein Anjou. Jakob (* 24.8.1336, + 16.1.1375) war der Sohn und rechtm\u00e4\u00dfige Nachfolger von K\u00f6nig Jakob III. von Mallorca (+ 1349). K\u00f6nig Jakob III. von Mallorca hatte im Jahre 1344 sein K\u00f6nigreich an K\u00f6nig Peter IV. von Aragon verloren und sich mit seiner Familie in Gefangenschaft begeben m\u00fcssen. Sein Sohn Jakob war seitdem, also als 8-j\u00e4hriger Knabe, bis zu seiner Flucht, wenige Monate vor der Eheschlie\u00dfung (1362) mit Johanna von Neapel, &#8211; insgesamt also 18 Jahre lang &#8211; in einem eisernen K\u00e4fig in Barcelona eingesperrt gewesen. Die psychischen Sch\u00e4den seiner Gefangenschaft zeigten sich bereits in den ersten Ehejahren und f\u00fchrten zur Trennung von Johanna. Sofort nach dem Tode ihres Sohnes Karl-Martell (aus der Ehe mit Andreas von Ungarn-Anjou) sicherte Johanna ihrem Vetter Karl von Durazzo die Erbfolge zu. Jakob, hier\u00fcber ver\u00e4rgert, zog sich nach Mallorca zur\u00fcck, wo er 1375 verstarb. Als Johanna nach Jakobs Tod eine vierte Ehe mit dem Condottiere Otto von Braunschweig-Grubenhagen einging, rebellierte Johannas Adoptivsohn Karl von Anjou-Durazzo. Karl Anjou-Durazzo wurde unterst\u00fctzt von dem r\u00f6mischen Papst Urban VI. gegen Johanna. F\u00fcr Johanna erkl\u00e4rte sich Clemens VII., der Gegenpapst in Avignon (es ist die verworrene Zeit des Schismas). K\u00f6nigin Johanna I. wurde von ihrem Adoptivsohn Karl von Durazzo gefangengenommen und zu Muro erdrosselt (+ 1382).<\/p>\n<p>Zwischenzeitlich hatte Johanna, um die Thronfolge zu kl\u00e4ren sowie auch um Unterst\u00fctzung zu erhalten, Ludwig I. Anjou zum Erben eingesetzt. Ludwig I. von Anjou traf aber erst im Jahre 1384 in Italien ein, Neapel hat er nie erreicht. Johanna von Anjou und Ludwig von Anjou haben als Urenkel zu Karl II. von Anjou denselben Verwandtschaftsgrad. Aus dieser Sicht war Ludwig von Anjou als m\u00e4nnlicher Nachkomme erbberechtigt. Unter diesen Voraussetzungen ist das dynastische Problem zu verstehen, dem K\u00f6nigin Johanna von Anbeginn ihrer Herrschaft an ausgesetzt war.<\/p>\n<p>Zu den Kriegen des Hauses Anjou kamen hinzu die Machtk\u00e4mpfe der P\u00e4pste, der Visconti (der Tyrann Bernabo Visconti von Mailand), della Scala und anderer F\u00fcrsten, die Invasion der \u201eGro\u00dfen Compagnie\u201c des Grafen von Landau 1355 u.v.m.<\/p>\n<p>Italien war ein einziges Schlachtfeld und zwischen England und Frankreich tobte der Hundertj\u00e4hrige Krieg. Ob Ocko tom Brok hier mit von der Partie war? Diese Mutma\u00dfung ist wohl nicht unbedenklich von der Hand zu weisen. Auf dem Kontinent herrschten fast \u00fcberall Krieg und Chaos. Viele Hasardeure verdienten sich als S\u00f6ldner und Freischarf\u00fchrer ihr Brot und mancher ist als reich beg\u00fcterter Mann heimgekehrt.<\/p>\n<p>Im Brookmerland war Ihmel, Ockos j\u00fcngerer Bruder, der Erbe. Es war in jenen Zeiten \u00fcblich, da\u00df nicht erbberechtigte S\u00f6hne ihr Gl\u00fcck auf Heerfahrten und den Schlachtfeldern Europas suchten.\u00a0 Vielleicht war Ocko tom Brok ein Condottiere wie Herzog Otto von Braunschweig, der sp\u00e4ter K\u00f6nigin Johannas 4. Ehemann wurde. Diese Einlassung zu Ritter Ocko I. von Eggerik Beninga ist unter Historikern umstritten und bleibt noch zu belegen. Interessant in Beningas Chronik ist allerdings der Hinweis auf den &#8218;Boyocken&#8216;, einer silberner Ged\u00e4chtnism\u00fcnze, obwohl bisher keiner dieser silbernen Ged\u00e4chtnispfennige gefunden wurde. Beninga schreibt, da\u00df diese M\u00fcnze zu seiner Zeit (um 1550) noch &#8222;&#8230; in Neapolis und gantz Italien gangber sinnen\u2018, also als Zahlungsmittel verwendet wurde. Vielleicht finden wir doch noch eines Tages ein St\u00fcck?<\/p>\n<p>Gunda v. Dehn in Zusammenarbeit mit Annette v. Dehn M.A.<\/p>\n<hr \/>\n<div id=\"attachment_4490\" style=\"width: 310px\" class=\"wp-caption aligncenter\"><a href=\"http:\/\/www.von-dehn.de\/site\/wp-content\/uploads\/2014\/04\/Montmatre2crossbalance.jpg\"><img decoding=\"async\" aria-describedby=\"caption-attachment-4490\" class=\"wp-image-4490 size-medium\" src=\"http:\/\/www.von-dehn.de\/site\/wp-content\/uploads\/2014\/04\/Montmatre2crossbalance-300x188.jpg\" alt=\"Montmatre2crossbalance\" width=\"300\" height=\"188\" srcset=\"http:\/\/www.von-dehn.de\/site\/wp-content\/uploads\/2014\/04\/Montmatre2crossbalance-300x188.jpg 300w, http:\/\/www.von-dehn.de\/site\/wp-content\/uploads\/2014\/04\/Montmatre2crossbalance-320x202.jpg 320w, http:\/\/www.von-dehn.de\/site\/wp-content\/uploads\/2014\/04\/Montmatre2crossbalance-700x441.jpg 700w, http:\/\/www.von-dehn.de\/site\/wp-content\/uploads\/2014\/04\/Montmatre2crossbalance-1024x642.jpg 1024w\" sizes=\"(max-width: 300px) 100vw, 300px\" \/><\/a><p id=\"caption-attachment-4490\" class=\"wp-caption-text\">G. v. Dehn &#8211; Paris &#8211; Montmatre 1966<\/p><\/div>\n<hr \/>\n<div id=\"attachment_3171\" style=\"width: 160px\" class=\"wp-caption alignleft\"><a href=\"http:\/\/www.von-dehn.de\/site\/wp-content\/uploads\/2014\/04\/AutogrammkarteGunda.png\"><img decoding=\"async\" aria-describedby=\"caption-attachment-3171\" class=\"wp-image-3171 size-thumbnail\" src=\"http:\/\/www.von-dehn.de\/site\/wp-content\/uploads\/2014\/04\/AutogrammkarteGunda-150x150.png\" alt=\"AutogrammkarteGunda\" width=\"150\" height=\"150\" srcset=\"http:\/\/www.von-dehn.de\/site\/wp-content\/uploads\/2014\/04\/AutogrammkarteGunda-66x66.png 66w, http:\/\/www.von-dehn.de\/site\/wp-content\/uploads\/2014\/04\/AutogrammkarteGunda-150x150.png 150w\" sizes=\"(max-width: 150px) 100vw, 150px\" \/><\/a><p id=\"caption-attachment-3171\" class=\"wp-caption-text\">Gunda von Dehn<\/p><\/div>\n<h2>\u00a0<strong><span style=\"color: #993300;\"><em>Hinweis: Roman Chroniken der tom Brook<\/em><\/span><\/strong><\/h2>\n<h4><span style=\"color: #800000;\"><span style=\"color: #800000;\">Band I &#8222;Chroniken der tom Brook&#8220; als E-Books bei versch. Anbietern erh\u00e4ltlich<\/span><\/span><\/h4>\n<p><span style=\"color: #0000ff;\"><a style=\"color: #0000ff;\" href=\"http:\/\/www.hugendubel.de\/de\/ebook\/gunda_von_dehn-chroniken_der_tom_brook-29133974-produkt-details.html\">http:\/\/www.hugendubel.de\/de\/ebook\/gunda_von_dehn-chroniken_der_tom_brook-29133974-produkt-details.html<\/a><\/span><\/p>\n<h4><span style=\"color: #800000;\">Band II &#8222;Chroniken der tom Brook&#8220;:<\/span> <span style=\"color: #0000ff;\"><a class=\"moz-txt-link-freetext\" style=\"color: #0000ff;\" href=\"http:\/\/store.kobobooks.com\/de-DE\/ebook\/chroniken-der-tom-brook-1\">http:\/\/store.kobobooks.com\/de-DE\/ebook\/chroniken-der-tom-brook-1<\/a><\/span><\/h4>\n<hr \/>\n<p>Letzte \u00c4nderung 05.10.2023<\/p>\n<hr \/>\n<h5><\/h5>\n","protected":false},"excerpt":{"rendered":"<p>\u00a0\u00a9 &#8211; Gunda von Dehn &#8211;\u00a0 aus meinem Musical &#8222;Gel\u00f6bnis unterm Sternenzelt&#8220; Karl von ANJOU Palazzo Reale von Neapel Das Haus ANJOU Das K\u00f6nigreich Neapel war hei\u00df umk\u00e4mpft, denn die testamentarischen Bestimmungen Roberts des Weisen, der einer Frau, n\u00e4mlich seine Enkelin Johanna, den Thron vererbte, enthielten von vornherein Sprengstoff. Die Zusammenh\u00e4nge sind diffizil und in [&hellip;]<\/p>\n","protected":false},"author":1,"featured_media":0,"parent":66,"menu_order":15,"comment_status":"closed","ping_status":"closed","template":"side-navigation.php","meta":{"footnotes":""},"class_list":["post-54","page","type-page","status-publish","hentry"],"_links":{"self":[{"href":"http:\/\/www.von-dehn.de\/site\/wp-json\/wp\/v2\/pages\/54","targetHints":{"allow":["GET"]}}],"collection":[{"href":"http:\/\/www.von-dehn.de\/site\/wp-json\/wp\/v2\/pages"}],"about":[{"href":"http:\/\/www.von-dehn.de\/site\/wp-json\/wp\/v2\/types\/page"}],"author":[{"embeddable":true,"href":"http:\/\/www.von-dehn.de\/site\/wp-json\/wp\/v2\/users\/1"}],"replies":[{"embeddable":true,"href":"http:\/\/www.von-dehn.de\/site\/wp-json\/wp\/v2\/comments?post=54"}],"version-history":[{"count":42,"href":"http:\/\/www.von-dehn.de\/site\/wp-json\/wp\/v2\/pages\/54\/revisions"}],"predecessor-version":[{"id":6941,"href":"http:\/\/www.von-dehn.de\/site\/wp-json\/wp\/v2\/pages\/54\/revisions\/6941"}],"up":[{"embeddable":true,"href":"http:\/\/www.von-dehn.de\/site\/wp-json\/wp\/v2\/pages\/66"}],"wp:attachment":[{"href":"http:\/\/www.von-dehn.de\/site\/wp-json\/wp\/v2\/media?parent=54"}],"curies":[{"name":"wp","href":"https:\/\/api.w.org\/{rel}","templated":true}]}}