{"id":3692,"date":"2015-05-25T12:35:32","date_gmt":"2015-05-25T10:35:32","guid":{"rendered":"http:\/\/www.von-dehn.de\/site\/?page_id=3692"},"modified":"2023-10-05T22:24:07","modified_gmt":"2023-10-05T20:24:07","slug":"gen-flandern","status":"publish","type":"page","link":"http:\/\/www.von-dehn.de\/site\/die-tom-brok\/gen-flandern\/","title":{"rendered":"Gen. Flandern"},"content":{"rendered":"<div id=\"fb-root\"><\/div>\n<audio class=\"wp-audio-shortcode\" id=\"audio-3692-1\" preload=\"none\" style=\"width: 100%;\" controls=\"controls\"><source type=\"audio\/mpeg\" src=\"http:\/\/www.von-dehn.de\/site\/wp-content\/uploads\/2014\/08\/26_Gotrunlied-ohne-text-fu\u0308r-cpr.mp3?_=1\" \/><a href=\"http:\/\/www.von-dehn.de\/site\/wp-content\/uploads\/2014\/08\/26_Gotrunlied-ohne-text-fu\u0308r-cpr.mp3\">http:\/\/www.von-dehn.de\/site\/wp-content\/uploads\/2014\/08\/26_Gotrunlied-ohne-text-fu\u0308r-cpr.mp3<\/a><\/audio>\n<h4 style=\"text-align: right;\"><span style=\"color: #800000;\">\u00a9\u00a0&#8211; Gunda von Dehn &#8211; Gudrunlied aus meinem Musical &#8222;Die Schuhe der Prinzessin&#8220;<\/span><\/h4>\n<h2><span style=\"color: #800000;\">Genealogie Flandern<\/span><\/h2>\n<h3><span style=\"text-decoration: underline;\"><span style=\"color: #800000; text-decoration: underline;\">Graf Odoscer (Odacre) von Harlebek<\/span> hatte den Sohn:<\/span><\/h3>\n<p><strong>Graf Baldwin I <\/strong>(=Balduin) von<strong> Flandern<\/strong> (862-879), *ca 837\/840, +Auxerre 879; er heiratete in Auxerre 13.12.862 <strong>Judith<\/strong> (*844, +nach 870), die Tochter von<strong> Kaiser Karl<\/strong><strong> II <\/strong>(1. Ehe von Karl II, er heiratete am 14.12.842\u00a0 Ermentrude, To. von Graf Eudes von Orleans und Ingeltrude (*Orleans ca. 825\/27.9.830, +6.10.869, <span style=\"color: #800000;\"><strong>St. Denis<\/strong>,<\/span> Aude)<\/p>\n<h3>Baldwin und Judith hatten folgende <span style=\"text-decoration: underline;\">Kinder<\/span>:<\/h3>\n<p><strong>A1. Graf Baldwin II &#8222;der Kahle&#8220; von Flandern und Artois (879-918), <\/strong>*863\/5, +10.9.918, geboren in Gent; heiratete 884 Prinzessin <strong>Aelfrid<\/strong> (*ca. 877 +7.6.929), <span style=\"text-decoration: underline;\">To. von K\u00f6nig Alfred von Wessex<\/span><\/p>\n<div id=\"attachment_6053\" style=\"width: 396px\" class=\"wp-caption alignleft\"><a href=\"http:\/\/www.von-dehn.de\/site\/wp-content\/uploads\/2015\/05\/Arnulf-der-Gro\u00dfe-von-Flandern-1.png\"><img decoding=\"async\" aria-describedby=\"caption-attachment-6053\" class=\"wp-image-6053\" src=\"http:\/\/www.von-dehn.de\/site\/wp-content\/uploads\/2015\/05\/Arnulf-der-Gro\u00dfe-von-Flandern-1-235x300.png\" alt=\"arnulf-der-grosse-von-flandern-1\" width=\"386\" height=\"492\" srcset=\"http:\/\/www.von-dehn.de\/site\/wp-content\/uploads\/2015\/05\/Arnulf-der-Gro\u00dfe-von-Flandern-1-235x300.png 235w, http:\/\/www.von-dehn.de\/site\/wp-content\/uploads\/2015\/05\/Arnulf-der-Gro\u00dfe-von-Flandern-1-802x1024.png 802w, http:\/\/www.von-dehn.de\/site\/wp-content\/uploads\/2015\/05\/Arnulf-der-Gro\u00dfe-von-Flandern-1.png 1553w\" sizes=\"(max-width: 386px) 100vw, 386px\" \/><\/a><p id=\"caption-attachment-6053\" class=\"wp-caption-text\">Graf Arnold der Gro\u00dfe von Flandern<\/p><\/div>\n<p><strong>B1. Graf Arnulf I &#8222;der Gro\u00dfe&#8220; von Flandern <\/strong>und<strong> Artois (918-965), <\/strong>*Flandern 885\/889, +27.3.964, geb. Gent;\u00a0 Arnulf I. der Gro\u00dfe (niederl.: <em>Arnulf de Grote<\/em>, franz: <em>Arnoul le Grand<\/em>, lat: <em>Magnus Arnulfus<\/em>) war <strong>Graf von Flandern<\/strong>. In zeitgen\u00f6ssischen Chroniken wurden ihm die Titel <em>marchio<\/em> (<strong>Markgraf<\/strong>) und <em>princeps<\/em> (<strong>F\u00fcrst<\/strong>) beigegeben. Er war der \u00e4lteste Sohn des Grafen <span style=\"text-decoration: underline;\">Balduin II. d. Kahle<\/span> (\u2020 918) aus dem Haus Flandern und der <span style=\"text-decoration: underline;\">\u00c6lfthryd (\u2020 929), einer Tochter des Angelsachsenk\u00f6nigs Alfred des Gro\u00dfen<\/span>. Benannt wurde er nach einem fr\u00fchen Vorfahren, <strong>Arnulf von Metz<\/strong>, um die Abstammung seiner Familie (in weiblicher Linie) von den <strong><span style=\"color: #ff0000;\"><a style=\"color: #ff0000;\" href=\"https:\/\/de.wikipedia.org\/wiki\/Karolinger\">Karolingern<\/a><\/span><\/strong> zu betonen. Der <strong><span style=\"color: #ff0000;\">rote Schild<\/span><\/strong> mittig im flandr. Wappen mit dem Strahlenkranz (Oriflamme von <span style=\"color: #800000;\"><strong>St. Denis<\/strong><\/span> sowie die <strong><span style=\"color: #000080;\">graublauen Strahlen <\/span><\/strong><span style=\"color: #000080;\">aus dem Banner<\/span> <span style=\"color: #000080;\">der Abtei Saint-Martin von Tours<\/span> &#8211; siehe unten) weist ebenfalls darauf hin.<\/p>\n<p>1.Ehe: NN<\/p>\n<p>2.Ehe: 934 Adele von Vermandois (*ca 910\/915 +10.10.960);<\/p>\n<p>alle Kinder aus der 2. Ehe<\/p>\n<p style=\"padding-left: 30px;\"><strong>C1. Egbert, *ca 937, +10.7.953<\/strong><\/p>\n<p style=\"padding-left: 30px;\"><strong>C2. Baldwin III, Co-Graf von Flandern (958-962)<\/strong> [mit seinem Vater], *ca 940, +1.1.962; heiratete 961 <strong>Matilda von Sachsen<\/strong> (*ca 942 +25.5.1008)<\/p>\n<p style=\"padding-left: 60px;\"><strong>D1. Graf Arnulf II\u00a0von Flandern (965-988),<\/strong> *961\/2, +30.3.987, geb. Gent; heiratete ca. 968 <strong>Rosele <\/strong>= Suzanna von Ivrea (*945 +26.1.1003), <strong>Tochter<\/strong> von <strong>Berenger<\/strong> <strong>II von Italien<\/strong><\/p>\n<p style=\"padding-left: 90px;\"><strong>E1. Ct Baldwin IV &#8222;le Barbu&#8220; von Flandern (988-1035), <\/strong>Graf von Valenciennes, *ca 980, +30.5.1035<\/p>\n<p style=\"padding-left: 90px;\">1.Ehe: ca. 1012 <strong>Otgiva von Luxemburg<\/strong> (*960\/961 +30.3.1030);<\/p>\n<p style=\"padding-left: 90px;\">2.Ehe: nach 1030 <strong>Eleanor von der Normandy<\/strong><\/p>\n<p style=\"padding-left: 90px;\">3.Ehe: <strong>Orgina von Moselle<\/strong><\/p>\n<p style=\"padding-left: 120px;\">\u00a0<strong><span style=\"text-decoration: underline;\">F1. Ct Baldwin V &#8222;de Lille&#8220; <\/span><\/strong><span style=\"text-decoration: underline;\">von<\/span><strong><span style=\"text-decoration: underline;\"> Flandern<\/span> <a href=\"http:\/\/de.wikipedia.org\/w\/index.php?title=Boudewijn_V.&amp;action=edit\">Boudewijn V.<\/a> (1035-67), <\/strong><span style=\"color: #800000;\">hatte eine Burg bei Zierks Ee (Seeland)<\/span>; <strong>Regent von Frankreich<\/strong> (1060-67); *ca 1012\/13, +Lille 1.9.1067; heiratete in Paris 1028 Gr\u00e4fin <strong>Aelide de Contenance<\/strong> (*1009 +8.1.1079) <strong>Tochter <\/strong>von<strong> K\u00f6nig Robert II. <\/strong>von<strong> Frankreich<\/strong><\/p>\n<p style=\"padding-left: 150px;\">\u00a0<strong>G1. Graf <span style=\"text-decoration: underline;\"><span style=\"color: #0000ff; text-decoration: underline;\"><strong>Baldwin VI von<\/strong> Flandern<\/span><\/span> (1067-70) <\/strong>und<strong> Hainault (1051-70)<\/strong>, <span style=\"text-decoration: underline;\"><span style=\"color: #800000;\"><strong>Markgraf von Antwerpen<\/strong><\/span><\/span>, *ca 1029, +Hanson Abbey 10.7.1070; verheiratet ca. 1055 <strong>Richilde<\/strong>, <strong>Gr\u00e4fin von Hennegau<\/strong> (*Mons ca. 1031, +15.3.1086) <strong>To. des Grafen von Egisheim<\/strong> und Witwe des Grafen Hermann von Hennegau<\/p>\n<p style=\"padding-left: 180px;\"><strong>H1. Ct Arnulf III von Flandern und Hennegau (1070-71),<\/strong> *ca 1055, +k.a.1071; on his death Flanders was seized by his uncle Robert, and Arnulf&#8217;s brother Baldwin was left with the lesser land of Hainault<\/p>\n<p style=\"padding-left: 180px;\"><strong>H2. Ct Baldwin II von Hennegau (1071-98),<\/strong> *ca 1056, +auf dem Kreuzzug nach 8.6.1098; heiratete 1084 Ida von Lothringen\u00a0 (*ca. 1077 +1139);<\/p>\n<p style=\"padding-left: 180px;\"><strong>H3. Agnes, lebte noch 1071<\/strong><\/p>\n<p style=\"padding-left: 150px;\"><strong>G2. <span style=\"color: #800000;\">Graf Robert I &#8222;der Friese&#8220; von Flandern, Graf von Holland<\/span> (1062-71)<\/strong>, *1031, +13.10.1093; m. 1063 <span style=\"text-decoration: underline;\"><strong>Gertrud <\/strong>von<strong> Sachsen To. <\/strong>von<strong> Herzog Bernhard II <\/strong>von<strong> Sachsen,<\/strong> Witwe von Graf Floris I von Holland<\/span><\/p>\n<p style=\"padding-left: 180px;\"><strong>H1. Ct Robert II. von Flandern (1093-1111), +1111; <\/strong>heiratete vor 1092 <strong>Clemence von Bourgogne<\/strong> (+ca 1133)<\/p>\n<p style=\"padding-left: 210px;\"><strong>I1. Ct Baldwin VII von Flandern (1111-19), *1093, +<\/strong>Boulers<strong> 1119; <\/strong>heiratete 1110 <strong>Havide von der Bretagne<\/strong><\/p>\n<p style=\"padding-left: 210px;\"><strong>I2. William, *1094, +1109<\/strong><\/p>\n<p style=\"padding-left: 180px;\"><strong>H2. Philipp van Loo, +ca. 1127<\/strong><\/p>\n<p style=\"padding-left: 210px;\"><strong>I1. <\/strong>[illegitim]<strong> William von Ypern, *ca 1070, +1165, <\/strong>Verwalter der Grafschaft Flandern nach dem Tod von Karl dem Guten; 1.Ehe: NN, <strong>To. <\/strong>von<strong> Guillaume <\/strong>(=Wilhelm)<strong> I <\/strong>von<strong> Burgund <\/strong>und<strong> Macon<\/strong>; 2.Ehe: <strong>Stephanie de Vienne<\/strong><\/p>\n<p style=\"padding-left: 240px;\"><strong>J1. Steppo of Viggezele, *ca 1120<\/strong><\/p>\n<p style=\"padding-left: 180px;\"><strong>H3. Baldwin, +ca. 1080<\/strong><\/p>\n<p style=\"padding-left: 180px;\"><strong>H4. Adela, *ca. 1065, +1115; <\/strong>1.Ehe: nach 1080<strong><span style=\"text-decoration: underline;\"> K\u00f6nig Knut II (der Heilige) von D\u00e4nemark<\/span>; +1086 <\/strong>*sp\u00e4testens 1054, ermordet + 10. Juli 1086, begraben in der Kirche St. Albani zu Odense, seit 1095 im Dom, au\u00dferehelicher Sohn von K\u00f6nig Sven II. Estridsen<\/p>\n<p style=\"padding-left: 210px;\"><strong>I.1 So. Karl der Gute Graf von Flandern <\/strong>um<strong> 1085-2.3.1127 <\/strong>ermordet<\/p>\n<p style=\"padding-left: 210px;\"><strong>I.2 Inegred <\/strong>heiratete<strong> Folke den Dicken, schwedischer Edler <\/strong>[Stammeltern des Hauses der FOLKUNGER ]\n<p style=\"padding-left: 240px;\"><strong>J.1 C\u00e4cilie <\/strong>heiratet in 1. Ehe <strong>Erich Jarl von Falster<\/strong> &#8211; um 1145,\u00a0\u00a0 2.Ehe: 1090 <strong>Herzog Roger I von Apulien<\/strong><\/p>\n<p style=\"padding-left: 180px;\"><strong>H5. Gertrud, *ca 1080, +1117; <\/strong>1.Ehe: <strong>Graf Heinrich III von Lothringen<\/strong> (+1095); 2.Ehe: 1095\/6 <strong>Herzog Thierry <\/strong>(=Dietrich)<strong> II von Oberlothringen<\/strong> (*vor 1066 +23.1.1115)<\/p>\n<p style=\"padding-left: 180px;\"><strong>H6. Otgiva, \u00c4btissin von Messina, <\/strong>bezeugt<strong> 1127<\/strong><\/p>\n<p style=\"padding-left: 150px;\"><strong>G3. Matilda, *ca 1032, +2.11.1083; <\/strong>heiratete 1053 <strong>K\u00f6nig William I von England, Herzog der Normandy<\/strong> (+1087); ihr Enkel, <strong>William Clito,<\/strong> war Graf von Flandern nach dem Tod von Karl d. Guten bis zu seinem Tod in der Schlacht von 1128.<\/p>\n<p style=\"padding-left: 120px;\"><strong>F2. <\/strong>[1.Ehe]<strong> Ermengarde von Flandern <\/strong>heiratete<strong> Adalbert, Graf von Gand (+ca 1032)<\/strong><\/p>\n<p style=\"padding-left: 120px;\"><strong>F3. <\/strong>[2.Ehe]<strong> Judith von Flandern, *ca. 1037, +5.3.1094;<\/strong> heiratete ca. 1071 <strong>Herzog Welf IV von Bayern<\/strong><\/p>\n<p style=\"padding-left: 90px;\"><strong>E2. Eudes von Cambrai; heiratete Odele de Bois Ferrand<\/strong><\/p>\n<p style=\"padding-left: 120px;\"><strong>F1. Graf Roger I de St. Pol, +13.6.1067; <\/strong>heiratete <strong>Hadwige N<\/strong><\/p>\n<p style=\"padding-left: 120px;\"><strong>F2. Engilbert I de Brienne +<\/strong>nach<strong> 1068<\/strong><\/p>\n<p style=\"padding-left: 90px;\"><strong>E3. Matilda, +ca. 995<\/strong><\/p>\n<p style=\"padding-left: 60px;\"><strong>C3. Hildegard, *ca. 934, +10.4.990; <\/strong>heiratete 940\/5 <strong>Graf Dirk II von West Friesland<\/strong> (*ca 930 +6.5.988)<\/p>\n<p style=\"padding-left: 60px;\"><strong>C4. Liutgard, *935\/941 +29.9.964;\u00a0<\/strong>heiratete ca. 950 <strong>Graf Wichmann II von Hamaland<\/strong> (+after 14.12.973\/983)<\/p>\n<p style=\"padding-left: 60px;\"><strong>C5. Elftrude, *ca 932;\u00a0heiratete Siegfried, Sohn von Guines (+ca 965)<\/strong><\/p>\n<p style=\"padding-left: 30px;\"><strong>B2. Adalolf, Graf von Boulogne-sur-Mer <\/strong>und<strong> Therouanne 918<\/strong><\/p>\n<p style=\"padding-left: 30px;\"><strong>B3. Ealswid<\/strong><\/p>\n<p style=\"padding-left: 30px;\"><strong>B4. Ermentrude<\/strong><\/p>\n<p><strong>A2. Rudolf, Graf von Cambrai, +17.6.896<\/strong><\/p>\n<p style=\"padding-left: 30px;\"><strong>B1. eine Tochter heiratete Isaac, Graf von Cambrai (+ca 948)<\/strong><\/p>\n<p><strong>A3. <\/strong><strong>Guinidilde <\/strong>[nach einigen Quellen ist sie eine Tochter von<strong> Baldwin I<\/strong>] heiratete<strong> Graf Guifredo\/Wilfred I von Urgel<\/strong> (+ca 21.7.897)<\/p>\n<hr \/>\n<p><span style=\"color: #800000;\">M\u00f6glicherweise ist\u00a0Florenz von Hennegau ein Vorfahr der &#8222;tom Brok&#8220;<br \/>\n<\/span><\/p>\n<div id=\"attachment_6131\" style=\"width: 160px\" class=\"wp-caption alignright\"><a href=\"http:\/\/www.von-dehn.de\/site\/wp-content\/uploads\/2015\/05\/Wappen-Otto-IV.png\"><img decoding=\"async\" aria-describedby=\"caption-attachment-6131\" class=\"wp-image-6131 size-thumbnail\" src=\"http:\/\/www.von-dehn.de\/site\/wp-content\/uploads\/2015\/05\/Wappen-Otto-IV-150x150.png\" alt=\"wappen-otto-iv\" width=\"150\" height=\"150\" srcset=\"http:\/\/www.von-dehn.de\/site\/wp-content\/uploads\/2015\/05\/Wappen-Otto-IV-66x66.png 66w, http:\/\/www.von-dehn.de\/site\/wp-content\/uploads\/2015\/05\/Wappen-Otto-IV-150x150.png 150w\" sizes=\"(max-width: 150px) 100vw, 150px\" \/><\/a><p id=\"caption-attachment-6131\" class=\"wp-caption-text\">Wappen Kaiser Otto IV verh. mit Maria von Brabant<\/p><\/div>\n<p><span style=\"color: #800000;\"><strong> <a href=\"http:\/\/www.von-dehn.de\/site\/wp-content\/uploads\/2015\/05\/Florenz-von-FlandernAchai.jpg\"><img decoding=\"async\" class=\" size-full wp-image-6127 alignleft\" src=\"http:\/\/www.von-dehn.de\/site\/wp-content\/uploads\/2015\/05\/Florenz-von-FlandernAchai.jpg\" alt=\"florenz-von-flandernachai\" width=\"260\" height=\"289\" \/><\/a>Florenz von Hennegau<\/strong> <\/span>(* um 1255; \u2020 23. Januar 1297) war F\u00fcrst von Achaia im Namen seiner Ehefrau Isabellede Villehardouin von 1289 bis zu seinem Tod. Er war der j\u00fcngere Sohn von <strong>Johann von Avesnes, Graf von Hennegau, und Adelheid von Holland<\/strong>.<\/p>\n<p>Er hatte die <span style=\"color: #800000;\">Statthalterschaft von Zeeland<\/span> inne, bevor er nach S\u00fcditalien ging und dort in die Dienste des <span style=\"color: #800000;\"><strong>K\u00f6nigs Karl II. von Neapel<\/strong> <\/span>trat, der ihn zum <span style=\"color: #800000;\">Conn\u00e9table des K\u00f6nigreichs Neapel<\/span> machte. Am 16. September 1289 heiratete er <span style=\"color: #800000;\">Isabelle de Villehardouin<\/span>, die Tochter von <span style=\"color: #800000;\">Wilhelm II.<\/span> von Villehardouin, F\u00fcrst von Achaia und Morea, dessen Erbe das Haus <span style=\"color: #800000;\">Anjou<\/span> geworden war. K\u00f6nig Karl II. gab Achaia aufgrund der Ehe an Isabelle zur\u00fcck, durfte aber nicht ohne K\u00f6nig Karls Zustimmung erneut heiraten, falls sie Florenz \u00fcberlebt.<\/p>\n<p><span style=\"color: #800000;\">Florenz von Hennegau<\/span> (Hainaut) und <span style=\"color: #800000;\">Isabelle<\/span> lie\u00dfen sich in Achaia nieder, wo er 1290 Frieden mit Byzanz schloss. Der Vertrag hielt bis 1293, als die Byzantiner Kalamata eroberten. 1296 ging auch die Burg von Agios Georgios in Arkadien verloren. Florenz belagerte die eroberte Burg, starb aber w\u00e4hrend der Belagerung.<\/p>\n<p>Die Tochter von <span style=\"color: #800000;\">Isabelle<\/span> und <span style=\"color: #800000;\">Florenz<\/span> war <strong><span style=\"color: #800000;\">Mathilde von Hennegau<\/span><\/strong> (* 1293; \u2020 1331), F\u00fcrstin von Achaia und Morea, die vier Mal heiratete.<\/p>\n<p><strong>Literatur: <\/strong>Ren\u00e9 Grousset: <em>L&#8217;Empire du Levant. Histoire de la Question d&#8217;Orient.<\/em> Payot, Paris 1992, ISBN 2-228-88506-1<\/p>\n<hr \/>\n<hr \/>\n<p><strong>Anmerkungen:<\/strong><\/p>\n<p><strong>841 <\/strong>belehnte<strong> Kaiser Lothar I. <\/strong>den<strong> Wikinger Heriold <\/strong>(Harold II. &#8222;Klak&#8220; Haraldson Haithabu &#8211; D\u00e4ne &#8211; Herrscher von J\u00fctland) mit <span style=\"text-decoration: underline;\"><span style=\"color: #800000;\"><strong>Walcheren <\/strong><\/span><\/span>an der Rheinm\u00fcndung, das er aber erst erobern musste, wobei er 844 den Tod fand.<\/p>\n<p><strong>Harald<\/strong> war zuvor belehnt <a href=\"#_ftn1\" name=\"_ftnref\"><\/a>mit <strong>Friesland<\/strong> &#8211; er musste sich aber daf\u00fcr taufen lassen. Das geschah 826 auf dem Reichstag in Ingelheim (bei Ffm.) &#8211; \u201eHaroldesheim\u201c = Haralds Heim \/ \u201eHarle\u201c-bucht = Haralds Bucht \/ die Kleiburg bei Jever geh\u00f6rte Harald Klak) * ca. 795 +844 in der Schlacht von Walcheren<a href=\"#_ftn1\" name=\"_ftnref\"><\/a> &#8211;\u00a0 verh. mit NN<\/p>\n<p>880 bis 890 entstanden &#8211; \u00fcber <strong>Zeeland<\/strong> verteilt &#8211; \u00fcberall Fluchtburgen gegen Normannen-\u00dcberf\u00e4lle : Oostburg (Zeeuws-Vlaanderen), Oost-Souburg bei Vlissingen, Middelburg, Domburg und Burgh bei Burgh-Haamstede sind aus derartigen Befestigungen hervorgegangen. Middelburg zeigt bis heute in seinem Grundriss die sternf\u00f6rmige Wehranlage. In Domburg l\u00e4sst sich die rekonstruierte Burg besichtigen.<\/p>\n<hr \/>\n<p><strong>Walcheren<\/strong>\u00a0 geh\u00f6rt 1002-1056 zur fl\u00e4mischen Grafschaft<\/p>\n<hr \/>\n<p>Der mittige <span style=\"color: #800000;\"><strong>rote Schild<\/strong><\/span> im <span style=\"text-decoration: underline;\"><strong><span style=\"color: #800000; text-decoration: underline;\">Wappen der Grafen von Flandern<\/span><\/strong><\/span> symbolisiert ihre <span style=\"color: #800000;\"><strong>Abstammung von Kaiser Karl dem Gro\u00dfen<\/strong><\/span> (in weibl. Line). Es soll auf die sog. Oriflamme hineisen:<\/p>\n<p><b>Oriflamme<\/b> (vom Lateinischen <i>aurea flamma<\/i>; deut: <i>Goldflamme<\/i> oder <i>Goldfeuer<\/i>) ist die vom 12. bis zum Anfang des 15. Jahrhunderts gef\u00fchrte Reichs- und Kriegsfahne der\u00a0 frz. K\u00f6nige. Sie ist das Kirchenbanner der Abtei Saint-Denis und wurde im Mittelalter vor dem K\u00f6nig in der Schlacht hergetragen.<\/p>\n<div class=\"thumb tright\">\n<div class=\"thumbinner\"><a class=\"image\" href=\"https:\/\/de.wikipedia.org\/wiki\/Datei:Oriflamme.svg\"><img decoding=\"async\" class=\"thumbimage alignleft\" src=\"https:\/\/upload.wikimedia.org\/wikipedia\/commons\/thumb\/4\/4a\/Oriflamme.svg\/100px-Oriflamme.svg.png\" srcset=\"\/\/upload.wikimedia.org\/wikipedia\/commons\/thumb\/4\/4a\/Oriflamme.svg\/150px-Oriflamme.svg.png 1.5x, \/\/upload.wikimedia.org\/wikipedia\/commons\/thumb\/4\/4a\/Oriflamme.svg\/200px-Oriflamme.svg.png 2x\" alt=\"\" width=\"100\" height=\"500\" data-file-width=\"100\" data-file-height=\"500\" \/><\/a><\/p>\n<div class=\"thumbcaption\">\u00a0In mittelalterlichen Darstellungen variiert das Aussehen der Oriflamme. Mal wird sie als einfaches rotes Banner, mal mit einer goldenen Sonne sowie Flammen und Sternen oder auch mit dem Schriftzug S.DENIS dargestellt. Auf dem heute in Saint-Denis zu sehenden roten Banner sind neben einem goldenen Kreuz die Schriftz\u00fcge MONTJOIE und ST-DENIS aufgetragen. Es wird vermutet, dass die Oriflamme mit dem Banner Kaiser Karls des Gro\u00dfen identisch war.<\/div>\n<\/div>\n<\/div>\n<div class=\"thumb tright\">\n<div class=\"thumbinner\">\n<div class=\"thumbcaption\"><\/div>\n<div class=\"thumbcaption\"><span style=\"color: #800000;\"><strong>Oriflamme<\/strong><\/span><\/div>\n<\/div>\n<\/div>\n<p>Unter den <span style=\"color: #800000;\">fr\u00e4nkischen K\u00f6nigen<\/span> der <span style=\"color: #800000;\"><strong>Karolinger<\/strong><\/span> und der fr\u00fchen <span style=\"color: #800000;\"><strong>Kapetinger<\/strong><\/span> diente zun\u00e4chst das <span style=\"color: #333399;\">graublaue Banner der Abtei Saint-Martin von Tours<\/span> (<strong><span style=\"color: #0000ff;\">Chape de St. Martin<\/span><\/strong> bzw. <strong><span style=\"color: #000080;\">Mantel des heiligen Martin<\/span>)<\/strong> als bevorzugtes Erkennungszeichen auf dem Schlachtfeld. Nachdem aber im Jahr 1077 ein Teil der Grafschaft Vexin an die Krone fiel und damit die Schutzherrschaft \u00fcber die <span style=\"color: #800000;\"><strong>Abtei Saint-Denis<\/strong> <\/span>durch die K\u00f6nige \u00fcbernommen wurde, begann die ideologische Verbindung zwischen den beiden Institutionen. Gef\u00f6rdert wurde dies dadurch, dass der heilige Dionysius von Paris der himmlische Schutzpatron Frankreichs war und somit als Verb\u00fcndeter des franz\u00f6sischen K\u00f6nigs galt.<\/p>\n<hr \/>\n<hr \/>\n<p><span style=\"text-decoration: underline;\">Anm.:<\/span> M\u00f6glich, dass die Circsena von Harald Klak abstammen und urspr\u00fcnglich aus Zierikzee sind.<br \/>\n<span style=\"text-decoration: underline;\">Namen sind u.a.:<\/span> Edzard, Enno, Haro u. Hero (=Harald), Eger, L\u00fctet, Sibrand aus dem Hause Attana (Attena)\/Circsena<br \/>\nAttana (Attena) ist verwandt mit der Bezeichnung &#8222;athen&#8220; f\u00fcr Gerichtsbeisitzer bzw. die Bauernrichter &#8222;atthen&#8220;<br \/>\n<span style=\"text-decoration: underline;\">V\u00f6gte und Pr\u00f6pste im Emsland:<\/span> der Name Abdena ist im Ursprung von &#8222;Abt&#8220; abzuleiten.<br \/>\nDer Name Wiard entstammt dem Wort &#8222;Winda&#8220; = Vandalen<br \/>\nAnscheinend stammen viele von den Erwiges (Norden) ab. <span style=\"text-decoration: underline;\">Name:<\/span> Ewo<\/p>\n<hr \/>\n<p>Wikipedia: Genealogie Flandern Odoscer \/ Staatsbibl. M\u00fcnchen<\/p>\n<hr \/>\n<div id=\"attachment_3171\" style=\"width: 152px\" class=\"wp-caption alignleft\"><a href=\"http:\/\/www.von-dehn.de\/site\/wp-content\/uploads\/2014\/04\/AutogrammkarteGunda.png\"><img decoding=\"async\" aria-describedby=\"caption-attachment-3171\" class=\"wp-image-3171\" src=\"http:\/\/www.von-dehn.de\/site\/wp-content\/uploads\/2014\/04\/AutogrammkarteGunda-243x300.png\" alt=\"AutogrammkarteGunda\" width=\"142\" height=\"175\" srcset=\"http:\/\/www.von-dehn.de\/site\/wp-content\/uploads\/2014\/04\/AutogrammkarteGunda-243x300.png 243w, http:\/\/www.von-dehn.de\/site\/wp-content\/uploads\/2014\/04\/AutogrammkarteGunda-830x1024.png 830w, http:\/\/www.von-dehn.de\/site\/wp-content\/uploads\/2014\/04\/AutogrammkarteGunda.png 934w\" sizes=\"(max-width: 142px) 100vw, 142px\" \/><\/a><p id=\"caption-attachment-3171\" class=\"wp-caption-text\">Gunda von Dehn<\/p><\/div>\n<h2>\u00a0<span style=\"color: #800000;\"><strong><em>Hinweis: Roman Chroniken der tom Brook<\/em><\/strong><\/span><\/h2>\n<h4><span style=\"color: #800000;\"><span style=\"color: #800000;\">Band I &#8222;Chroniken der tom Brook&#8220; als E-Books bei versch. Anbietern erh\u00e4ltlich<\/span><\/span><\/h4>\n<p><span style=\"color: #0000ff;\"><a style=\"color: #0000ff;\" href=\"http:\/\/www.hugendubel.de\/de\/ebook\/gunda_von_dehn-chroniken_der_tom_brook-29133974-produkt-details.html\">http:\/\/www.hugendubel.de\/de\/ebook\/gunda_von_dehn-chroniken_der_tom_brook-29133974-produkt-details.html<\/a><\/span><\/p>\n<h4><span style=\"color: #0000ff;\"><span style=\"color: #800000;\">Band II &#8222;Chroniken der tom Brook&#8220;:<\/span> <a class=\"moz-txt-link-freetext\" style=\"color: #0000ff;\" href=\"http:\/\/store.kobobooks.com\/de-DE\/ebook\/chroniken-der-tom-brook-1\">http:\/\/store.kobobooks.com\/de-DE\/ebook\/chroniken-der-tom-brook-1<\/a><\/span><\/h4>\n<hr \/>\n<h5><em>Letzte \u00c4nderung 05.10.2023<\/em><\/h5>\n","protected":false},"excerpt":{"rendered":"<p>\u00a9\u00a0&#8211; Gunda von Dehn &#8211; Gudrunlied aus meinem Musical &#8222;Die Schuhe der Prinzessin&#8220; Genealogie Flandern Graf Odoscer (Odacre) von Harlebek hatte den Sohn: Graf Baldwin I (=Balduin) von Flandern (862-879), *ca 837\/840, +Auxerre 879; er heiratete in Auxerre 13.12.862 Judith (*844, +nach 870), die Tochter von Kaiser Karl II (1. Ehe von Karl II, er [&hellip;]<\/p>\n","protected":false},"author":2,"featured_media":0,"parent":66,"menu_order":13,"comment_status":"closed","ping_status":"open","template":"side-navigation.php","meta":{"footnotes":""},"class_list":["post-3692","page","type-page","status-publish","hentry"],"_links":{"self":[{"href":"http:\/\/www.von-dehn.de\/site\/wp-json\/wp\/v2\/pages\/3692","targetHints":{"allow":["GET"]}}],"collection":[{"href":"http:\/\/www.von-dehn.de\/site\/wp-json\/wp\/v2\/pages"}],"about":[{"href":"http:\/\/www.von-dehn.de\/site\/wp-json\/wp\/v2\/types\/page"}],"author":[{"embeddable":true,"href":"http:\/\/www.von-dehn.de\/site\/wp-json\/wp\/v2\/users\/2"}],"replies":[{"embeddable":true,"href":"http:\/\/www.von-dehn.de\/site\/wp-json\/wp\/v2\/comments?post=3692"}],"version-history":[{"count":49,"href":"http:\/\/www.von-dehn.de\/site\/wp-json\/wp\/v2\/pages\/3692\/revisions"}],"predecessor-version":[{"id":6939,"href":"http:\/\/www.von-dehn.de\/site\/wp-json\/wp\/v2\/pages\/3692\/revisions\/6939"}],"up":[{"embeddable":true,"href":"http:\/\/www.von-dehn.de\/site\/wp-json\/wp\/v2\/pages\/66"}],"wp:attachment":[{"href":"http:\/\/www.von-dehn.de\/site\/wp-json\/wp\/v2\/media?parent=3692"}],"curies":[{"name":"wp","href":"https:\/\/api.w.org\/{rel}","templated":true}]}}