{"id":2610,"date":"2014-09-28T20:06:47","date_gmt":"2014-09-28T18:06:47","guid":{"rendered":"http:\/\/www.von-dehn.de\/site\/?page_id=2610"},"modified":"2023-10-05T22:49:47","modified_gmt":"2023-10-05T20:49:47","slug":"grafen-1000-1300","status":"publish","type":"page","link":"http:\/\/www.von-dehn.de\/site\/friesen-und-freiheit\/grafen-1000-1300\/","title":{"rendered":"Grafen 1000-1300"},"content":{"rendered":"<div id=\"fb-root\"><\/div>\n<audio class=\"wp-audio-shortcode\" id=\"audio-2610-1\" preload=\"none\" style=\"width: 100%;\" controls=\"controls\"><source type=\"audio\/mpeg\" src=\"http:\/\/www.von-dehn.de\/site\/wp-content\/uploads\/2014\/09\/11-Angriff-Posaunen-und-Flucht.mp3?_=1\" \/><a href=\"http:\/\/www.von-dehn.de\/site\/wp-content\/uploads\/2014\/09\/11-Angriff-Posaunen-und-Flucht.mp3\">http:\/\/www.von-dehn.de\/site\/wp-content\/uploads\/2014\/09\/11-Angriff-Posaunen-und-Flucht.mp3<\/a><\/audio>\n<h4 style=\"text-align: right;\"><span style=\"color: #800000;\">\u00a9 &#8211; Gunda v. Dehn &#8211; aus meinem Musical &#8222;Tilly in Oldenburg&#8220; resp. &#8222;Gel\u00f6bnis unterm Sternenzelt&#8220;<\/span><\/h4>\n<h2><span style=\"color: #993300;\"><strong>Grafen um 1000 \u2013 1300 waren:<\/strong><\/span><\/h2>\n<ul>\n<li><strong>940\/5<\/strong> <strong><span style=\"color: #993300;\">Graf Dirk (Dietrich) II<\/span><\/strong> [<span style=\"color: #993300;\">Graf von Holland &amp; West Friesland<\/span>] (*938 +6.Mai 988)\u00a0 heiratet <span style=\"color: #993300;\">Hildegard, Gr\u00e4fin von <strong>Flandern<\/strong><\/span> (*ca. 934 &#8211; . Apr. 990)<\/li>\n<\/ul>\n<p style=\"padding-left: 90px;\">Kinder:\u00a0<span style=\"text-decoration: underline;\"><span style=\"color: #993300; text-decoration: underline;\"> Sohn <strong>Arnulf<\/strong> I Graf v. West Friesland<\/span> <\/span>(*Gent ca. 955 \u2013 18. Sep. 993)<\/p>\n<p style=\"padding-left: 120px;\"><span style=\"color: #993300;\">\u00a0\u00a0\u00a0\u00a0 Tochter Hildegard, Prinzessin von Frankreich<\/span> (*ca. 948 -)<\/p>\n<ul>\n<li><strong>\u00a0<\/strong><span style=\"text-decoration: underline;\"><span style=\"color: #800000; text-decoration: underline;\"><strong>Graf Arnulf<\/strong> von West-Friesland<\/span><\/span> (988-993), heiratet <span style=\"color: #800000;\"><strong>Liutgard von Luxemburg<\/strong><\/span> (*ca 962 +14.5.1005) die Tochter von Graf Siegfried). Ihr Schwager war <span style=\"color: #800000;\"><strong>Kaiser\u00a0<\/strong><strong>Heinrich II.<\/strong> (Gemahl ihrer Schwester<strong> Kunigunde<\/strong>) &#8211; sie hatten den Sohn:<\/span><\/li>\n<li><strong>\u00a0<\/strong><span style=\"color: #993300;\"><strong>Dietrich III<\/strong> der <strong>Jerusalemer<\/strong>\u00a0<\/span> (993-+27.5.1039) nennt sich als 1. <span style=\"color: #800000;\"><strong>\u201eGraf von Holland\u201c, <\/strong><\/span>er heiratet<strong> <span style=\"color: #800000;\">Othelendis<\/span><\/strong> von Haldensleben\/Sachsen, Tochter des <span style=\"color: #800000;\">Markgrafen Bernhard I.<\/span> (+1044) <span style=\"color: #993300;\">von der Nordmark<\/span>, der 983 lt. Urk. <strong><span style=\"color: #800000;\">Grafenrechte<\/span> <\/strong>in<strong> <span style=\"color: #800000;\">\u00d6stringen<\/span><\/strong> inne hatte<a href=\"#_ftn1\" name=\"_ftnref\"><\/a>,<\/li>\n<\/ul>\n<p><span style=\"color: #800000;\">Dietrich III, der Sohn von dem o.g. Grafen Arnulf, war also der Neffe der Kaiserin Kunigunde<\/span><\/p>\n<p style=\"text-align: center;\">&#8218;Royal Genealogies&#8216; schl\u00e4gt vor, dass Othelindis (Othelhild) eine To. von Kaiser Otto II. war.<\/p>\n<hr \/>\n<p><em>Anm.: <\/em><em><strong><span style=\"color: #993300;\">Kunigunde<\/span><\/strong>, des Ehebruchs verd\u00e4chtigt, rief das Gottesurteil an und ging \u00fcber 12 gl\u00fchende Pflugschare, ohne eine Brandwunde davonzutragen. <\/em><\/p>\n<p><em><strong><span style=\"color: #993300;\">Dietrich III.<\/span><\/strong> hat das Gleiche mit seiner Frau <span style=\"color: #993300;\"><strong>Othelindis<\/strong><\/span> gemacht. Da Dietrich im Orient gewesen ist, liegt es nahe, dass er jene Menschen erlebt hat, die (in Ekstase) \u00fcber gl\u00fchende Kohlen laufen, ohne sich zu verletzen. \u2013 M\u00f6glicherweise war dieses \u201aGottesurteil\u2019 ein \u201aSchauspiel\u2019 f\u00fcr das wundergl\u00e4ubige Volk. M\u00f6glich, dass die Frauen zuvor durch einen aus dem Orient mitgeschleppten Fakir geschult worden waren, um dieses Wunder vollbringen zu k\u00f6nnen. \u00dcber die Art und Weise, wie die Anschuldigung zustande kam, gibt es keine Aufzeichnungen. Es hei\u00dft, man habe dieses Ger\u00fccht verbreitet, um an des Kaisers Thron \u201azu s\u00e4gen\u2019. Auf der Darstellung am Bamberger Dom von Tilmann Riemenschneider tr\u00e4gt Kunigunde bei \u00dcberschreitung der Pflugschare eine Art Turban als Kopfbedeckung. Ein Hinweis von Riemenschneider? Ferner soll Kunigunde nicht nur freiwillig dieses Gottesurteil auf sich genommen haben, sondern dies sogar gefordert haben, um ihre Unschuld zu beweisen. &#8211; <span style=\"color: #993300;\">Kunigunde<\/span> hat <span style=\"color: #993300;\">Heinrich<\/span> politisch tatkr\u00e4ftig unterst\u00fctzt und es soll eine \u00fcberaus innige Verbindung zwischen ihnen bestanden haben. <\/em><em>F\u00fcr die Ausstattung des Bistums Bamberg stellte Kunigunde 1007\/1008 ihr sicheres Witwengut zur Verf\u00fcgung, denn die Stadt Bamberg war ihr eigentlich von ihrem Gemahl als Heiratsgut \u00fcbertragen worden. Es gibt keinen Hinweis, dass Kunigunde diese fromme Stiftung nicht mitgetragen h\u00e4tte. Die ber\u00fchmte Prachthandschrift der &#8222;Bamberger Apokalypse&#8220; trug die Inschrift: \u201eHeinrich und Kunigunde bringen dir diese Geschenke dar\u201c (Henric et Kunigunt haec tibi munera promunt). Umfangreiche Verf\u00fcgungen Kunigundes \u00fcber Reichsgut wurden von Heinrichs Nachfolger Kaiser Konrad II. teilweise r\u00fcckg\u00e4ngig gemacht.<\/em><\/p>\n<div id=\"attachment_3415\" style=\"width: 160px\" class=\"wp-caption alignright\"><a href=\"http:\/\/www.von-dehn.de\/site\/wp-content\/uploads\/2014\/09\/Kunigunde.png\"><img decoding=\"async\" aria-describedby=\"caption-attachment-3415\" class=\"wp-image-3415 size-full\" src=\"http:\/\/www.von-dehn.de\/site\/wp-content\/uploads\/2014\/09\/Kunigunde.png\" alt=\"Kunigunde\" width=\"150\" height=\"100\" \/><\/a><p id=\"caption-attachment-3415\" class=\"wp-caption-text\">Foto von Prof. Werner Klein<\/p><\/div>\n<p><em>Die unfruchtbare Ehe zwischen Kunigunde und Heinrich wurde sp\u00e4ter zur keuschen <span style=\"color: #993300;\">Josephsehe<\/span> hochstilisiert. <\/em><\/p>\n<p>Papst Innozenz III. (1198-1216) sprach Kaiserin Kunigunde 29. M\u00e4rz 1200 heilig.<\/p>\n<p><em> Kunigunde mit dem Pfennig, der ihre Mildt\u00e4tigkeit unterstreicht, das Buch symbolisiert ihre Fr\u00f6mmigkeit<\/em><\/p>\n<hr \/>\n<p><span style=\"text-decoration: underline;\"><span style=\"color: #993300; text-decoration: underline;\"><strong>Dietrich IV<\/strong>.<\/span><\/span> <strong>+14.1.1049 <\/strong>(So. von Dietrich III s. oben)<\/p>\n<p><span style=\"color: #000000;\">\u00a0<strong>1049-1061<\/strong><\/span> &#8211; <span style=\"color: #993300;\"><strong>Floris I., Graf von Holland\u00a0<\/strong><\/span> (*1017, +ermordet Gelderland 28.6.1061); verh. mit der To. von <span style=\"color: #993300;\">Herzog Bernhard II von Sachsen, <strong>Gertrud von Sachsen<\/strong> <\/span>(*ca. 1030, ca. 1050 geheiratet)<\/p>\n<address><strong>1058<\/strong> ist <span style=\"color: #993300;\"><strong>Herzog Bernhard II. von Sachsen<\/strong> <strong>Graf von R\u00fcstringen, \u00d6stringen<\/strong><strong>, Wangerland und Harlingen<\/strong> <\/span>(zugeh\u00f6rig z. <span style=\"text-decoration: underline;\"><span style=\"color: #993300; text-decoration: underline;\">Erzbistum Bremen<\/span><\/span>).<\/address>\n<address style=\"padding-left: 30px;\"><span style=\"color: #993300;\"><strong>Bernhard<\/strong> II. von Sachsen i<\/span>st der <span style=\"color: #993300;\">Schwiegervater des <\/span><strong><span style=\"color: #993300;\">Floris I., Graf von Holland<\/span> <\/strong>(s. o.)<\/address>\n<address style=\"padding-left: 30px;\"><strong>Bernhard<\/strong> II. zieht 1056 zusammen mit dem Erzbischof <strong>Adalbert<\/strong> von <strong>Bremen <\/strong>(Pfalzgraf von Sachsen) gegen die Friesen, weil sie den schuldigen Zins nicht zahlen, k\u00f6nnen sich aber nicht durchsetzen.<\/address>\n<address><strong>1062-71 <span style=\"color: #993300;\">Graf Robert I &#8222;der Friese&#8220; von Flandern <\/span>(Graf von Holland<\/strong>\u00a0 von 1062 bis &#8217;71<strong>)<\/strong><a href=\"#_ftn1\" name=\"_ftnref\"><\/a> *1031, +13.10.1093;<\/address>\n<address style=\"padding-left: 30px;\"><span style=\"color: #993300;\">Robert<\/span> ist der <span style=\"color: #993300;\">2. Sohn v. Graf (Balduin)<\/span> <span style=\"color: #993300;\"><strong>Baldwin V<\/strong> &#8222;de Lille&#8220; von Flandern<\/span>\u00a0 (1035-67),<\/address>\n<div style=\"padding-left: 30px;\"><span style=\"color: #808080;\"><span style=\"color: #999999;\"><strong>Anm.: Baldwin V.<\/strong> besa\u00df eine Burg bei<strong> Zierks Ee<\/strong> (Seeland)<a style=\"color: #999999;\" href=\"#_ftn2\" name=\"_ftnref\"><\/a>, er war von 1060 bis 1067 <strong>Regent von Frankreich<\/strong> (*ca. 1012\/13, +Lille 1.9.1067,\u00a0 Ehe (Paris 1028) mit: <strong>Komtesse Adela<\/strong> (*1009 +8.1.1079), <\/span><strong><span style=\"color: #999999;\">Tochter von K\u00f6nig Robert II dem Frommen von Frankreich<\/span> <\/strong><\/span><\/div>\n<p style=\"padding-left: 30px;\"><span style=\"color: #999999;\">[Mathilde (die Schwester von Robert II. d. Frommen) *ca. 1032 +3.11.1083 heiratet 1053 Wilhelm I. d. Eroberer, Hzg. d. Normandie, 1066 K\u00f6nig von England +9.9.1087]<\/span><\/p>\n<p><strong><span style=\"color: #800000;\">Graf Robert I \u201eder Friese\u201c ist verheiratet mit 1063 Gertrud von Sachsen, <\/span><\/strong>der Tochter von <span style=\"color: #800000;\">Herzog Bernhard II von Sachsen, <strong>Wtw. von Graf Floris I von Holland<\/strong>; <strong>Robert<\/strong><\/span> ist somit Regent von <strong><span style=\"color: #800000;\">Holland<\/span><\/strong>, (sein Beiname geht auf diese Ehe zur\u00fcck); Gertruds Sohn Dirk V. aus ihrer 1. Ehe mit Graf Floris I von Holland ist noch minderj\u00e4hrig)<\/p>\n<p><span style=\"color: #800000;\">Robert<\/span> und <span style=\"color: #800000;\">Gertrud<\/span> haben die Tochter <span style=\"color: #800000;\"><strong>Adela<\/strong><\/span>:<\/p>\n<p style=\"padding-left: 30px;\">\u00a0<strong><span style=\"color: #800000;\">Adela (Adelaide) von Flandern<\/span>,<\/strong> *ca. 1065, +1115; heiratet in<\/p>\n<ol>\n<li><span style=\"text-decoration: underline;\">Ehe:<\/span> nach 1080<strong><span style=\"color: #800000;\"> Knut (der Heilige), K\u00f6nig von D\u00e4nemark<\/span>,<\/strong> ermordet +10. Juli 1086, au\u00dferehelicher <span style=\"color: #800000;\">Sohn<\/span> von <span style=\"color: #800000;\">K\u00f6nig Sven II. Estridsen<\/span><\/li>\n<\/ol>\n<p style=\"padding-left: 60px;\"><span style=\"color: #800000;\">Adela<\/span> und <span style=\"color: #800000;\">Knut<\/span> haben den Sohn <span style=\"color: #800000;\"><strong>Karl den Guten,<\/strong> <strong>Graf von Flandern<\/strong> <\/span>um 1085-ermordet 2.3.1127<\/p>\n<ol start=\"2\">\n<li>Ehe: 1090 <strong><span style=\"color: #800000;\">Herzog Roger I von Apulien<\/span><\/strong><\/li>\n<\/ol>\n<hr \/>\n<p><span style=\"color: #800000;\"><strong>Wilhelm<\/strong> <strong>von<\/strong> <\/span><strong><span style=\"color: #800000;\">Ypern <\/span><\/strong>(<strong>*<\/strong>vor 1104, + 24. Januar 1164), (nachtr\u00e4glich legitimierter) <span style=\"color: #800000;\">Sohn von Philipp, Herr von Loo<\/span> (+vor 1127), <span style=\"color: #800000;\"><strong>Philipp<\/strong> war der <span style=\"text-decoration: underline;\">Bruder<\/span> von Graf Robert II. von Flandern; <span style=\"text-decoration: underline;\">Enkel<\/span> von Graf Robert I. dem Friesen von Flandern.<\/span><\/p>\n<p><span style=\"text-decoration: underline;\"><strong>Wilhelm von Ypern ist eine tragische Gestalt:<\/strong><\/span><br \/>\nIm Jahr 1119 starb Graf Balduin VII. von Flandern ohne Nachkommen. &#8211; Unter den Pr\u00e4tendenten f\u00fcr die Nachfolge von Graf Balduin VII. war <span style=\"text-decoration: underline;\"><span style=\"color: #800000; text-decoration: underline;\"><strong>Wilhelm<\/strong><\/span><\/span> als einziger m\u00e4nnlicher Nachkomme <span style=\"color: #800000;\">Roberts I. der Favorit,<\/span> der von der Mutter <span style=\"color: #800000;\">Balduins VII., <strong>Clementia<\/strong> von Burgund,<\/span> die auch seine Tante war, sowie von seinem Schwiegervater <span style=\"color: #800000;\">Gottfried I. von L\u00f6wen<\/span> auf den Schild gehoben werden sollte. <span style=\"color: #800000;\"><strong>Wilhelm<\/strong><\/span> war ein Sohn von <span style=\"color: #800000;\">Philipp,<\/span><span style=\"color: #800000;\"> Herrn von Loo und der Dame von Loo. <strong>Wilhelm<\/strong><\/span><strong>\u00a0 <\/strong><span style=\"text-decoration: underline;\">heiratete<\/span> eine<strong> Cousine, <\/strong>eine<span style=\"color: #800000;\"><strong> Base der Gr\u00e4fin Clementia, Gemahlin seines Onkels Robert II., Graf von Flandern <\/strong><\/span>(eine Tochter des Gottfried von L\u00f6wen) und Schwester der Adelheid von L\u00f6wen, K\u00f6nigin von England als Ehefrau von K\u00f6nig Heinrich I.).<\/p>\n<p>Im Gegensatz dazu stand <span style=\"color: #800000;\"><strong>Karl von D\u00e4nemark<\/strong><\/span>, ein Sohn des <span style=\"color: #800000;\">d\u00e4nischen K\u00f6nigs Knut IV<\/span>. und der <span style=\"color: #800000;\">Adele von Flandern<\/span>, der 1119 schlie\u00dflich von den Landst\u00e4nden als Nachfolger anerkannt wurde.<strong><span style=\"color: #800000;\"> Wilhelm von Ypern<\/span><\/strong> wurde gefangen gesetzt und mit einigen Herrschaften und Geld ruhig gestellt.<\/p>\n<p>Schon <span style=\"text-decoration: underline;\">vor dem Tod<\/span> von <span style=\"color: #800000;\"><strong>Karl von D\u00e4nemark<\/strong><\/span> wollten viele Flamen den Karl von D\u00e4nemark durch <strong><span style=\"color: #800000;\">Wilhelm<\/span><\/strong> ersetzen. Nach Karls Tod 1127 wurde <strong><span style=\"color: #800000;\">Wilhelm<\/span><\/strong> (erneut) als nat\u00fcrlicher Nachfolger in der Grafschaft angesehen \u2013 diesmal widersetzte sich der <span style=\"color: #800000;\"><strong>franz\u00f6sische K\u00f6nig Ludwig VI.,<\/strong><\/span> der seinen <span style=\"color: #800000;\">Schwager <strong>Wilhelm Clito <\/strong><\/span>durchsetzte, einen <span style=\"color: #800000;\">Enkel von Mathilde von Flandern, der Ehefrau Wilhelms des Eroberers und Urenkel von Graf Balduin V.<\/span><\/p>\n<p>Nach <span style=\"color: #800000;\"><strong>Wilhelm<\/strong> <strong>Clitos<\/strong> <\/span>Tod 1128 eroberte <span style=\"color: #800000;\"><strong>Dietrich von Elsass<\/strong><\/span>, der bereits ein <span style=\"color: #800000;\">Konkurrent Wilhelm Clitos<\/span> gewesen war, die Grafschaft. 1133 wurde <strong><span style=\"color: #800000;\">Wilhelm von Ypern<\/span> <\/strong>von <strong><span style=\"color: #800000;\">Dietrich<\/span> <\/strong><span style=\"text-decoration: underline;\"><span style=\"color: #800000; text-decoration: underline;\">aus Flandern verbannt<\/span><\/span>, da sich <span style=\"color: #800000;\">Wilhelm<\/span> gegen <span style=\"color: #800000;\">Dietrich<\/span> um den Besitz der Grafschaft verschworen hatte. <span style=\"color: #800000;\">Wilhelms<\/span> Besitz wurde beschlagnahmt, die Burggrafschaft von <span style=\"color: #800000;\"><strong>Loo<\/strong><\/span> erhielt er jedoch sp\u00e4ter zur\u00fcck.<a href=\"#_ftn3\" name=\"_ftnref\">[1]<\/a><\/p>\n<p><a href=\"#_ftnref\" name=\"_ftn2\"><\/a><span style=\"color: #993300;\"><strong>Wilhelm<\/strong> <strong>von<\/strong> <strong>Ypern<\/strong><\/span> wurde 1141 von <span style=\"color: #993300;\">K\u00f6nig <strong>Stephan<\/strong> <strong>von<\/strong> <strong>Blois<\/strong> von England (sein Cousin)<\/span> f\u00fcr seine Verdienste im Kampf gegen <span style=\"color: #993300;\"><strong>K<\/strong>aiserin <strong>Mathilde<\/strong><\/span> mit dem Titel eines <strong><span style=\"color: #800080;\">Earl of Kent <\/span><\/strong>belohnt. Allerdings wurde ihm der Titel 1155 von Stephans Nachfolger Heinrich II. wieder aberkannt.<\/p>\n<p><span style=\"color: #993300;\"><strong>Wilhelm <\/strong><\/span>war seit <span style=\"color: #993300;\">1144<\/span> blind und wurde <span style=\"color: #800080;\">1154<\/span> aus <span style=\"color: #800080;\">England<\/span> <span style=\"color: #800080;\">verjagt<\/span>. <span style=\"text-decoration: underline;\">Er wurde durch den gr\u00e4flichen Cousin <strong>Dietrich <\/strong>als <strong>Graf von Loo <\/strong>anerkannt.<\/span><\/p>\n<p>&#8212;&#8212;&#8212;&#8212;&#8212;&#8212;&#8212;&#8212;&#8212;&#8212;&#8212;&#8211;<\/p>\n<p><a href=\"#_ftnref\" name=\"_ftn3\">[1]<\/a> <strong>B<\/strong>randenburg Erich: Die Nachkommen Karls des Gro\u00dfen. Verlag Degener &amp; Co Neustadt an der Aisch 1998 Tafel 22 Seite 44,143 &#8211; <strong>Th<\/strong>iele, Andreas: Erz\u00e4hlende genealogische Stammtafeln zur europ\u00e4ischen Geschichte Band II, Teilband 1 Europ\u00e4ische Kaiser-, K\u00f6nigs- und F\u00fcrstenh\u00e4user I Westeuropa, R.G. Fischer Verlag 1993 Tafel 27 &#8211;<\/p>\n<hr \/>\n<p><span style=\"color: #800000;\"><strong>Floris I<\/strong><\/span> (s. oben vor Wilhelm von Ypern) wird <span style=\"color: #800000;\">1061<\/span> ermordet.<\/p>\n<p>Sein <span style=\"color: #800000;\"><strong>Sohn Dirk V.<\/strong><\/span> folgt ihm in <span style=\"color: #800000;\">Holland<\/span> nach 1071 (<span style=\"color: #800000;\">vorher regiert Robert I. der Friese, sein Stiefvater<\/span>, *ca.1055 +17.6.1091); <strong><span style=\"color: #800000;\">Dirk V<\/span><\/strong> heiratet vor 26.7.1083 <span style=\"color: #800000;\"><strong>Othelindis<\/strong><\/span> Gr\u00e4fin von Holland (*ca. 1054) Sie haben den<span style=\"color: #800000;\"> Sohn <strong>Floris II.:<\/strong><\/span><\/p>\n<p><strong>1091-1121<\/strong> <span style=\"color: #800000;\"><strong>Graf Floris II.,<\/strong> <strong>Graf von Holland<\/strong>\u00a0 <span style=\"color: #000000;\">(<\/span><\/span><span style=\"color: #000000;\">*ca<\/span>. 1085, +2.3.1121), 1113 Ehe mit <span style=\"color: #800000;\">Gertrude<\/span> = <span style=\"color: #800000;\"><strong>Petronella<\/strong> von Sachsen Prinzessin von Ober-Lothringen <\/span>(*ca. 1086, +24.5.1144), der Tochter von <span style=\"color: #800000;\">Herzog Dietrich II von Ober-Lothringen<\/span><\/p>\n<p><span style=\"text-decoration: underline;\">Nach dem Tod<\/span> von <span style=\"color: #800000;\"><strong>Floris<\/strong> <strong>II<\/strong><\/span> (1122) regierte dessen Witwe, <span style=\"color: #800000;\"><strong>Petronella<\/strong><\/span> (Gertrud) <span style=\"color: #800000;\"><strong>von<\/strong> <strong>Sachsen<\/strong><\/span>, im Namen ihres <span style=\"color: #800000;\">Sohnes <strong>Dirk<\/strong> <strong>VI.<\/strong><\/span>, der noch minderj\u00e4hrig war. Ihr <span style=\"color: #800000;\">Halbbruder<\/span> <span style=\"color: #800000;\"><strong>Lothar<\/strong> von Sachsen wurde <strong>Kaiser<\/strong> nach dem Tod von Heinrich V.<\/span> Das st\u00e4rkte ihre Position. <span style=\"color: #800000;\"><strong>Ostergo<\/strong><\/span> und <span style=\"color: #800000;\"><strong>Westergo<\/strong><\/span> wurde 1125 von <span style=\"color: #800000;\">Kaiser Lothar<\/span>\u00a0 den<span style=\"color: #800000;\"> <strong>Grafen von Holland<\/strong> zu<\/span>geschlagen, <span style=\"color: #800000;\"><span style=\"text-decoration: underline;\">vormalige Gebiete der Grafen von Werl!<\/span> &#8211; <\/span>Die Friesen vom\u00a0 Oster- und Westergo rebellierten <strong>1132<\/strong> unter der F\u00fchrung von <span style=\"color: #800000;\">Dirks<\/span> <span style=\"color: #800000;\">Bruder<\/span> <span style=\"color: #800000;\"><strong>Floris<\/strong> d. Schwarzen <span style=\"text-decoration: underline;\">gegen<\/span><strong> Dirk <span style=\"color: #800000;\">VI.;<\/span><\/strong><\/span> <span style=\"color: #800000;\">Kaiser Konrad III. (<\/span>1138) gab daraufhin diesen Friesendistrikt an den <span style=\"color: #800000;\"><span style=\"text-decoration: underline;\">Bischof von Utrecht Andreas von Kuik\u00a0<\/span> (1127-23.06.1139).<\/span><\/p>\n<address><span style=\"color: #800000;\"><strong>Graf Dirk VI., Graf von Holland<\/strong> (<span style=\"color: #000000;\">*Den Haag ca. 1114, +<strong>Jerusalem<\/strong> 5.8.1157)<\/span> <span style=\"color: #000000;\">heiratet\u00a0vor 1135 in 1. Ehe<\/span><\/span> <strong><span style=\"color: #800000;\">Sophie von Salm-Rheineck<\/span><\/strong> (*ca. 1117) (Tochter von Pfalzgraf Otto I.) <span style=\"color: #800000;\">Sophia<\/span> starb 26.9.1176 in <span style=\"color: #800000;\">Jerusalem<\/span> <em>(Hospital der Deutschritter)<\/em>, begraben in Jerusalem;<\/address>\n<address><span style=\"color: #800000;\"><strong>Dirk VI<\/strong><\/span> und <span style=\"color: #800000;\"><strong>Sophia<\/strong><\/span> hatten den<\/address>\n<address style=\"padding-left: 60px;\"><strong>Sohn<\/strong> <strong><span style=\"color: #800000;\">Otto I\/IV Graf von Bentheim, Burggraf von Coevorden<\/span><\/strong>, erw\u00e4hnt 1166-1207, Heirat vor 1172 Bertha von Arnsberg<\/address>\n<address style=\"padding-left: 90px;\">aus der Ehe von <span style=\"color: #800000;\">Otto<\/span> und <span style=\"color: #800000;\">Bertha<\/span> stammt der <span style=\"color: #800000;\">Sohn<\/span> <span style=\"color: #800000;\"><strong>Boudewijn I (Balduin)<\/strong>, Graf von Bentheim, <strong>Burggraf<\/strong> von <strong>Utrecht; <\/strong><\/span><\/address>\n<address style=\"padding-left: 120px;\"><span style=\"color: #800000;\"><strong> <span style=\"color: #800000;\"><strong>Boudewijn I <\/strong><\/span>\u00a0<\/strong><span style=\"color: #000000;\">heiratet<\/span><\/span> <span style=\"color: #800000;\"><strong>Jutta<\/strong> von<\/span> <span style=\"color: #800000;\"><strong>Rietberg<\/strong><\/span> (+nach 1246);<span style=\"color: #000000;\"><em> (Boudewijn trat nach 1222 als Regent f\u00fcr Floris IV, Graf von Holland, ab)<strong>\u00a0\u00a0\u00a0\u00a0 <\/strong><\/em><\/span><\/address>\n<p><em>\u00a0<\/em><strong>1157- 1.8.1190 <span style=\"color: #993300;\">Floris III. (Florenz), Graf von Holland,<\/span><\/strong> *Den Haag ca. 1141, + <strong>Kreuzzug<\/strong> <strong>Antiochia<\/strong> 1.8.1190 an der Ruhr; 1189 Floris ging mit Friedrich Barbarossa auf den 3. Kreuzzug, wo er ein wichtiger <strong>Heerf\u00fchrer<\/strong> und Freund Friedrich Barbarossas war. Der Kaiser verlieh ihm den Titel eines <span style=\"text-decoration: underline;\"><span style=\"color: #993300; text-decoration: underline;\"><strong>Reichsf\u00fcrsten<\/strong> (<strong>Reichsunmittelbarkeit<\/strong> &#8211; <strong>Wappen<\/strong>: <strong>Reichsadler<\/strong>).<\/span><\/span><\/p>\n<p><span style=\"color: #993300;\"><strong>Floris<\/strong> <strong>III<\/strong>.<\/span> heiratet 28.8.1162 <span style=\"color: #993300;\"><strong>Adelheid<\/strong> (<strong>Ada<\/strong>)<\/span> (*Huntington ca. 1146, + nach 11.1.1204), die<span style=\"color: #993300;\"> Tochter des <span style=\"text-decoration: underline;\"><strong>Heinrich<\/strong> <strong>von Schottland<\/strong><\/span><\/span> *1114 +12.6.1152 \u2013 <span style=\"color: #993300;\">Graf von Huntington<\/span> (1136-1138), <span style=\"color: #993300;\">Erbprinz von Schottland,<\/span> <span style=\"color: #993300;\">\u00e4ltester<\/span> <span style=\"color: #993300;\">Sohn des <strong>K\u00f6nigs David I. von Schottland (Haus Canmore) <\/strong>und der <strong>Margarete von Huntington<\/strong>, Erbtochter von Graf Wateof II.<\/span><\/p>\n<p><span style=\"color: #808080;\"><strong>Heinrich von Schottland<\/strong> war verh. mit (geh. um 1139) oo <strong>Ada de Varennes, Tochter des Grafen Wilhelm II. von Surrey und der Elisabeth de Vermandois<\/strong> + um 1178<\/span><br \/>\n<span style=\"color: #808080;\"> Eine Verwandte von <span style=\"text-decoration: underline;\"><strong>Adelheid<\/strong> (Ada)<\/span> war\u00a0<strong>Kaiserin<\/strong> <strong>Mathilde<\/strong> (* <a style=\"color: #808080;\" href=\"http:\/\/de.wikipedia.org\/wiki\/7._Februar\">7. Februar<\/a> <a style=\"color: #808080;\" href=\"http:\/\/de.wikipedia.org\/wiki\/1102\">1102<\/a> +<a style=\"color: #808080;\" href=\"http:\/\/de.wikipedia.org\/wiki\/10._September\">10. September<\/a> <a style=\"color: #808080;\" href=\"http:\/\/de.wikipedia.org\/wiki\/1167\">1167<\/a>) <strong>Mathilde<\/strong> war <strong>Kaiserin des Heiligen R\u00f6mischen Reiches, K\u00f6nigin von Deutschland, K\u00f6nigin von England, Gr\u00e4fin von Anjou <\/strong>und<strong> Maine. <\/strong>Tochter von<strong> K\u00f6nig <a style=\"color: #808080;\" href=\"http:\/\/de.wikipedia.org\/wiki\/Heinrich_I._(England)\">Heinrich I. von England<\/a> (<a style=\"color: #808080;\" href=\"http:\/\/de.wikipedia.org\/wiki\/1068\">1068<\/a> &#8211; <a style=\"color: #808080;\" href=\"http:\/\/de.wikipedia.org\/wiki\/1135\">1135<\/a>) <\/strong>und dessen Gemahlin<strong> Mathilda (Edith) (<a style=\"color: #808080;\" href=\"http:\/\/de.wikipedia.org\/wiki\/1081\">1081<\/a> &#8211; <a style=\"color: #808080;\" href=\"http:\/\/de.wikipedia.org\/wiki\/1118\">1118<\/a>), <\/strong>Tochter des<strong> K\u00f6nigs <a style=\"color: #808080;\" href=\"http:\/\/de.wikipedia.org\/wiki\/Malcolm_III._(Schottland)\">Malcolm III.<\/a><\/strong> (Haus Canmore) von<strong> Schottland. <\/strong>Sie war v\u00e4terlicherseits eine<strong> Enkelin <\/strong>von<strong> <a style=\"color: #808080;\" href=\"http:\/\/de.wikipedia.org\/wiki\/Wilhelm_I._(England)\">Wilhelm dem Eroberer<\/a> <\/strong>und m\u00fctterlicherseits mit den<strong> angels\u00e4chsischen K\u00f6nigen, <\/strong>darunter<strong> <a style=\"color: #808080;\" href=\"http:\/\/de.wikipedia.org\/wiki\/Eduard_der_Bekenner\">Eduard der Bekenner<\/a>, verwandt.<\/strong><\/span><\/p>\n<p>Nachdem <span style=\"color: #993300;\"><strong>Floris III.<\/strong><\/span> dem <strong>Bischof von Utrecht<\/strong> gegen den <strong>Grafen von Geldern<\/strong> Beistand geleistet hatte, verlangte er, wie es scheint, f\u00fcr seine Dienste die \u00dcbertragung der Grafenrechte in Westrachien und Ostrachien (<strong>Westergau<\/strong> und <strong>Ostergau<\/strong>) wieder zur\u00fcck. Der Bischof verweigerte das und die Folge war eine Fehde zwischen ihnen. <span style=\"color: #993300;\"><strong>Kaiser<\/strong> <strong>FRIEDRICH<\/strong> <strong>I<\/strong> (Barbarossa)<\/span> selbst, der <strong>1165 <\/strong>nach Utrecht kam, musste dies schlichten. Die konkurrierenden Anspr\u00fcche der Grafen von Holland und der Bisch\u00f6fe von Utrecht auf Mittelfriesland wurden durch Schaffung eines Kondominiums (gemeinsame Herrschaft) relativ ausgeglichen. Dieser Vergleich beinhaltete, da\u00df der Bischof von Utrecht und der Graf von Holland Eink\u00fcnfte und Schaden <span style=\"text-decoration: underline;\">zu gleichen Teilen<\/span> aus der Aus\u00fcbung der Grafenrechte in beiden Distrikten haben sollten, und da\u00df <span style=\"text-decoration: underline;\">die Wahrnehmung der Gerechtsame des Grafen von Holland und des Bischofs von Utrecht <span style=\"color: #993300; text-decoration: underline;\"><strong>einem<\/strong> von ihnen<strong> selbst zu bestellenden Lehengrafen und zwei V\u00f6gten<\/strong> \u00fcbertragen werden solle. <span style=\"color: #000000; text-decoration: underline;\"><a style=\"color: #000000; text-decoration: underline;\" href=\"#_ftn1\" name=\"_ftnref\">[<strong>1<\/strong> Kluit p. 111.]<\/a><\/span><\/span><\/span><\/p>\n<blockquote>\n<h4>Die o.g. Schlichtung durch <span style=\"color: #993300;\">Barbarossa<\/span> f\u00fchrt u. a. zur Bildung der Norder Vogtei &#8211; (<strong>1250 mit <span style=\"color: #993300;\">Keno<\/span> als &#8222;Vogt im Norderland&#8220; an der Spitze. Nach dem damaligen Rechtswesen ist davon auszugehen, dass schon Kenos Vorfahren dort V\u00f6gte gewesen sind.)<\/strong><\/h4>\n<\/blockquote>\n<p><strong><span style=\"color: #993300;\">Floris III.<\/span><\/strong> konnte seine Rechte in <span style=\"color: #993300;\">West Seeland<\/span> gegen den <span style=\"color: #993300;\">Grafen von Flandern<\/span> <span style=\"color: #993300;\">nicht<\/span> durchsetzen.<\/p>\n<p><span style=\"color: #993300;\"><strong>Floris<\/strong> <strong>III.<\/strong> und <strong>Ada von<\/strong> <strong>Schottland<\/strong> <\/span>hatten <span style=\"color: #993300;\"><strong>9 Kinder:<\/strong><\/span><\/p>\n<ol>\n<li><strong><span style=\"color: #993300;\">Dietrich VII.<\/span> um *1164-\u00a0\u00a0 +1203 <\/strong><\/li>\n<li><strong><span style=\"color: #993300;\">Wilhelm I.\u00a0<\/span>\u00a0\u00a0\u00a0 um *1165-4.2.1223 <\/strong><\/li>\n<li><span style=\"color: #993300;\"><strong>Adelheid<\/strong><\/span> um *1163- +nach 1205 heiratet\u00a01176 <span style=\"color: #993300;\">Otto I. Markgraf von Brandenburg<\/span> um *1128-+8.7.1184<\/li>\n<li><span style=\"color: #993300;\"><strong>Margarete<\/strong><\/span> + nach 1203 heiratet <span style=\"color: #993300;\"><strong>Dietrich IV. Graf von Kleve<\/strong><\/span> +1193<\/li>\n<li><span style=\"color: #993300;\"><strong>Mechthild<\/strong><\/span> um *1223 oo <span style=\"color: #993300;\"><strong>Arnold I. von Berg Graf von Isenberg<\/strong><\/span><\/li>\n<li><span style=\"color: #993300;\"><strong>Florenz<\/strong> Probst zu <strong>Utrecht<\/strong> <\/span>\u00a0\u00a0\u00a0\u00a0\u00a0\u00a0 -30.11.1210<\/li>\n<li><span style=\"color: #993300;\"><strong>Agnes<\/strong><\/span> <span style=\"color: #993300;\">\u00c4btissin von Rijnsburg<\/span> \u00a0(1205-1228)<\/li>\n<li>NN<\/li>\n<li>NN<\/li>\n<\/ol>\n<p><span style=\"color: #993300;\">von diesen Kindern wird <strong>Dietrich<\/strong> (Dirk) <strong>Nachfolger von Floris III:<\/strong><\/span><\/p>\n<p><span style=\"color: #993300;\">1190-1203 <strong>Dietrich<\/strong> <strong>(Dirk) VII<\/strong> (Theodore) <strong>Graf von Holland<\/strong>, * 1165 +1204; verb\u00fcndet sich mit den Welfen 1198, wird von Kaiser Heinrich VI. unterst\u00fctzt und kann die &#8222;Grote Waard&#8220; seiner Grafschaft hinzuf\u00fcgen, <\/span><span style=\"color: #993300;\">1186 Heirat mit <strong>Adelaide von Cleve.<\/strong><\/span> 1202 (Schlacht von Dordrecht) verliert <span style=\"color: #993300;\"><strong>Dirk<\/strong><\/span> <strong>VII<\/strong> Dordrecht und Gertruidenberg an Herzog <span style=\"color: #993300;\"><strong>Heinrich<\/strong> <strong>I<\/strong> <strong>von<\/strong> <strong>Brabant<\/strong> <\/span>(1190-1235), <span style=\"color: #993300;\"><strong>Dirk VII<\/strong> <\/span>wird von<span style=\"color: #993300;\"> Heinrich I von Brabant<\/span> gefangen gesetzt. Er stirbt nach seiner Freilassung bereits <span style=\"color: #993300;\">1204<\/span>. &#8211;<\/p>\n<p>Die Eheleute haben die <span style=\"color: #993300;\">Tochter<\/span> <span style=\"color: #993300;\"><strong>Ada<\/strong><\/span> (Athela = Adela) (1187-1227); sie heiratet (1203) <span style=\"color: #993300;\"><strong>Ludwig von Looz, Graf von Holland<\/strong> <\/span>(+ 1218)<\/p>\n<p><strong><span style=\"color: #993300;\">Nachfolger von Dirk VII. <\/span><\/strong>ist sein <span style=\"color: #993300;\"><strong>Bruder Wilhelm I.<br \/>\n<\/strong><\/span><\/p>\n<hr \/>\n<h3><span style=\"color: #800000;\">Bauphase um 1220 \u2013 Dom von St. Marien<\/span><\/h3>\n<p><span style=\"text-decoration: underline;\">Zur Erinnerung:<\/span> Das s\u00e4chsische Gebiet des Federgaus (und somit Brookmerland) z\u00e4hlte um 1200 zur Grafschaft Holland. Dem<strong> <span style=\"color: #993300;\">Herzog von Brabant<\/span> unterstanden <\/strong>die<strong> Grafschaften<span style=\"color: #993300;\"> Flandern, Geldern und Holland.<\/span><\/strong><\/p>\n<p><strong>1203-1222<\/strong> <span style=\"color: #993300;\"><strong>Willem (Wilhelm) I Graf von Holland<\/strong> (<\/span>*Den Haag ca. 1167 +4.2.1222)<\/p>\n<p style=\"padding-left: 60px;\">\u00a0\u00a0 1. Ehe: 1197 <span style=\"color: #993300;\">Adelaide (Adele) von Geldern<\/span> *ca. 1187 +4.2.1218)<\/p>\n<p style=\"padding-left: 30px;\"><strong>\u00a0\u00a0 1217 <span style=\"color: #993300;\">Graf Willem I<\/span> nimmt am Kreuzzug teil <\/strong>(1217-1219 &#8211; Damiette)<\/p>\n<p style=\"padding-left: 90px;\"><strong>N<\/strong>achdem Kaiser Otto IV. am 19. Mai 1218 verstorben war, heiratete der hoch betagte <span style=\"color: #993300;\">Graf Wilhelm I. von Holland<\/span> (+1222) die <strong>Kaiserin-Witwe <span style=\"color: #993300;\">Maria von Brabant.<\/span> <\/strong>Diese Eheschlie\u00dfung steht wahrscheinlich in engem Kontext zu den Streitigkeiten zwischen <span style=\"color: #993300;\">Brabant<\/span> und <span style=\"color: #993300;\">Holland<\/span> (Dirk VII &#8211; s. o.) und vielleicht auch im Zusammenhang mit dem Federgau, wenn dieser tats\u00e4chlich Wittum (oder Mitgift) der Maria von Brabant gewesen ist, worauf der \u201eHof der Maria\u201c hinzudeuten scheint.<\/p>\n<p style=\"padding-left: 60px;\">\u00a02.Ehe: <strong>1220<\/strong> <strong><span style=\"color: #993300;\">Maria von Brabant (+1260)<\/span> <\/strong><span style=\"color: #993300;\"><strong>Witwe von Kaiser Otto IV, To. von Heinrich I. von Brabant<\/strong> &#8211; <\/span><strong>Maria<\/strong> <strong>von<\/strong> <strong>Brabant<\/strong> entstammte der Kreuzfahrerfamilie <span style=\"color: #993300;\"><strong>Bouillon<\/strong><\/span>. Als zentrale Person trat Marias Vater <span style=\"color: #993300;\"><strong>Heinrich<\/strong> <strong>I<\/strong>. <strong>von<\/strong> <strong>Brabant<\/strong> <span style=\"color: #000000;\">(<\/span><\/span>+1235) in Erscheinung und zwar als Verb\u00fcndeter von Kaiser <strong>Otto<\/strong> <strong>IV<\/strong>. sowie als <strong>Oberbefehlshaber <\/strong>des Kreuzfahrerheeres 1197 .<span style=\"color: #993300;\"><br \/>\n<\/span><\/p>\n<p>Nach dem Tode von <span style=\"color: #993300;\"><strong>Wilhelm I Gf. v. Holl.<\/strong><\/span> regierte kurzzeitig<span style=\"color: #993300;\"><strong> Boudewijn I<\/strong>, Graf von Bentheim und Burggraf von <strong>Utrecht<\/strong>\u00a0<\/span> (*ca. 1181 +nach 1247 &#8211; Enkel von Graf Dirk VI.).\u00a0 <span style=\"color: #993300;\">Boudewijn I.<\/span> war der Sohn von <span style=\"color: #993300;\">Otto I\/IV Graf von Bentheim u. Burggraf von Coevorden<\/span> und der <span style=\"color: #993300;\">Berta von Arnsberg<\/span>. &#8211; <span style=\"color: #993300;\"><strong>Boudewijn<\/strong><\/span> I (Balduin \/ Baldwin) nahm teil an der <span style=\"color: #993300;\">Eroberung von Damiette 1219<\/span> &#8211; Er <strong>trat als Regent nach 1222 zur\u00fcck <\/strong>und machte Platz f\u00fcr den rechtm\u00e4\u00dfigen Erben<strong> <span style=\"color: #993300;\">Floris IV, Graf von Holland.<\/span><\/strong><span style=\"color: #993300;\"><br \/>\n<\/span><\/p>\n<p><span style=\"color: #993300;\">Gf.\u00a0Willems I. Sohn<strong> Floris IV. Graf von Holland<\/strong><\/span>\u00a0 (*24.06.1210 +19.07.1234) heiratete <span style=\"color: #993300;\"><strong>Mechthild<\/strong> (Mathilde) <strong>von Brabant<\/strong><\/span> (*ca. 1200 +21.12.1267), die Tochter von <span style=\"color: #993300;\">Herzog Heinrich I von Brabant<\/span> (<span style=\"color: #993300;\">Schwester<\/span> der <span style=\"color: #993300;\">Maria von Brabant<\/span>) &#8211; <span style=\"color: #993300;\"><span style=\"color: #000000;\">(Floris IV entstammte Willems 1. Ehe &#8211;\u00a0\u00a0Willems 2. Ehe mit Maria von Brabant blieb kinderlos)<\/span><\/span><\/p>\n<p style=\"text-align: center;\"><span style=\"color: #000000;\"><span style=\"text-decoration: underline;\"><strong><span style=\"color: #993300; text-decoration: underline;\">Floris IV<\/span> <span style=\"color: #993300; text-decoration: underline;\">1234<\/span> <span style=\"color: #993300; text-decoration: underline;\">nimmt am Kreuzzug gegen die Stedinger Bauern (Di\u00f6zese Bremen) teil.<\/span><\/strong><\/span> <\/span><\/p>\n<address><span style=\"color: #000000;\">Vielleicht sogar aus \u00dcberzeugung, jedoch sieht man bei n\u00e4herer Betrachtung der teilnehmenden Parteien, dass die verwandtschaftlichen Str\u00e4nge zu den Oldenburger Grafen und Bisch\u00f6fen kaum eine andere Entscheidung zulie\u00dfen<strong>, <\/strong>zumal die Di\u00f6zese Bremen betroffen war, zu deren Herrschaftsgebiet ein lehnrechtlicher Landesanteil den Grafen von Holland bzw. den Herz\u00f6gen von Brabant unterstand. Alle Bisch\u00f6fe (mit Ausnahme von Otto III. von Holland) \u2013 ob Utrecht, Bremen, Hamburg oder M\u00fcnster &#8211; geh\u00f6rten dem Familienclan der Oldenburger Grafen an, die den Kreuzzug bei Papst und Kaiser in Gang gesetzt hatten. Es war gesetzlich verboten, Kreuzzugsteilnehmer (das waren die Stedinger) mit einem Kreuzzug zu \u00fcberziehen. Der Erzbischof Gerhard von Bremen hat es trotzdem geschafft! &#8211; Nach diesem Kreuzzug gegen die Stedinger bekam die Kirche von Marienhafe vermutlich das &#8222;Kreuzfahrergesicht&#8220;, d.h. all die ritterlichen Stein-Figuren.<span style=\"text-decoration: underline;\"><strong><br \/>\n<\/strong><\/span><\/span><\/address>\n<p><strong>1250 l\u00e4\u00dft<\/strong> <span style=\"color: #993300;\"><strong>Wilhelm II <\/strong><\/span><strong>den imposanten<\/strong> <strong><span style=\"color: #993300;\">Rittersaal<\/span> in den Haag errichten<br \/>\n<\/strong><\/p>\n<h3><strong>1252 <span style=\"color: #993300;\">Wilhelm II Graf von Holland <\/span><\/strong><span style=\"color: #993300;\">und<strong> K\u00f6nig von Deutschland<\/strong> <\/span>(+1256)<\/h3>\n<p style=\"padding-left: 90px;\"><span style=\"color: #993300;\"><strong>Wilhelm II.<\/strong> <\/span>(So. von Floris IV) heiratet <strong><span style=\"color: #993300;\">Elisabeth von L\u00fcneburg<\/span><a href=\"#_ftn1\" name=\"_ftnref\">[1]<\/a><\/strong> (+1266)\u00a0\u00a0 [die To. von \u201eOtto I d. Kind\u201c (*1204 +1252) Herzog von L\u00fcneburg-Braunschweig und Mathilde von Brandenburg (+ 1261)]\n<p style=\"padding-left: 60px;\"><strong>1256<\/strong> &#8211; <strong>Graf<\/strong> <strong>Willem<\/strong> <strong>II<\/strong> greift West-Friesland im <span style=\"color: #993300;\">Winter<\/span> an. Er bricht mit seinem Pferd im Eis ein und <span style=\"color: #993300;\">wird von den Friesen erschlagen.<\/span><\/p>\n<ul>\n<li><span style=\"color: #993300;\"><strong>Floris<\/strong> <strong>V<\/strong>.<\/span> (*1254-+1296) r\u00e4cht seines Vaters Tod und unterwirft West-Friesland. Rund 1200 Friesen werden get\u00f6tet.<\/li>\n<li>Nach dem Tod von <span style=\"color: #993300;\">Floris V.<\/span> emp\u00f6ren sich die <span style=\"color: #993300;\">Westfriesen<\/span> gegen <span style=\"color: #993300;\"><strong>Jan<\/strong> <strong>I<\/strong>. (Johann I.)<\/span> *1284-+1299, <span style=\"color: #993300;\">Graf<\/span> ab 1296<\/li>\n<li>Sein Nachfolger, <span style=\"color: #993300;\"><strong>Jan II<\/strong>,<\/span> unterdr\u00fcckt den Aufstand der Westfriesen, 3000 Friesen werden get\u00f6tet.<br \/>\n<hr \/>\n<h4>\u00a0<span style=\"color: #800000;\"><strong>Florens V.<\/strong><\/span> <span style=\"color: #800000;\">Graf von Holland, vertreten bis 1266 wegen Minderj\u00e4hrigkeit durch:<br \/>\n<\/span><\/h4>\n<ol>\n<li><strong><span style=\"color: #800000;\">Florens der Vogt<\/span><\/strong>\u00a0\u00a0\u00a0\u00a0\u00a0\u00a0\u00a0\u00a0\u00a0\u00a0\u00a0 (1256\u20131258) als <span style=\"color: #800000;\"><strong>Regent f\u00fcr Florens V.<\/strong><\/span>, Bruder Wilhelms II.<\/li>\n<li><strong><span style=\"color: #800000;\">Adelheid von Holland<\/span><\/strong> (1258\u20131263) als <span style=\"color: #800000;\"><strong>Regentin f\u00fcr Florens V.<\/strong><\/span>, Schwester Wilhelms II.<\/li>\n<li><span style=\"color: #800000;\"><strong>Otto II. von Geldern<\/strong><\/span>\u00a0\u00a0\u00a0\u00a0 (1263\u20131266) als <span style=\"color: #800000;\"><strong>Regent f\u00fcr Florens V. von Holland <\/strong><\/span><strong>\/ <\/strong>Otto II. erreichte als Vormund des Herzogs von Brabant und des Grafen von Holland eine \u00fcberragende Position in Niederlothringen. Er gewann die Hoheit \u00fcber viele Herrschaften wie Groenlo, Bredevoort und Lichtenvoorde. Zeitweise Schirmvogt von K\u00f6ln. Bedeutender St\u00e4dtegr\u00fcnder.<br \/>\n<h4><span style=\"color: #800000;\"><strong>Florens V.<\/strong><\/span> <span style=\"color: #800000;\">Graf von Holland \u00fcbernahm das Grafenamt von <span style=\"text-decoration: underline;\">1266 bis 1296<\/span> <\/span><\/h4>\n<\/li>\n<\/ol>\n<ul>\n<li><strong><span style=\"color: #800000;\">Johann I.<\/span><\/strong> (1296\u20131299)<span style=\"color: #800000;\"><span style=\"color: #000000;\">\u00a0<\/span><b>Graf von Holland<\/b><\/span><\/li>\n<\/ul>\n<h3><span style=\"color: #800000;\"><strong><span id=\"Haus_Avesnes\" class=\"mw-headline\"><a class=\"mw-redirect\" style=\"color: #800000;\" title=\"Haus Avesnes\" href=\"https:\/\/de.wikipedia.org\/wiki\/Haus_Avesnes\">Haus Avesnes<\/a><\/span><\/strong><\/span><\/h3>\n<ul>\n<li><span style=\"color: #800000;\"><strong>Johann II. <\/strong><b>von Avesnes <\/b><strong>Graf von Hennegau<\/strong><\/span> und <span style=\"color: #800000;\"><strong>Graf von Holland<\/strong> <\/span>(1299\u20131304)<\/li>\n<li><span style=\"color: #800000;\"><b>Wilhelm III. <\/b><\/span><b><span style=\"color: #800000;\">der Gute<\/span> <\/b>(1304\u20131337)<strong><span style=\"color: #800000;\"> Graf von Holland,<\/span> <span style=\"color: #800000;\">Hennegau und Zeeland<\/span><\/strong><\/li>\n<\/ul>\n<\/li>\n<\/ul>\n<hr \/>\n<p><a href=\"#_ftnref\" name=\"_ftn1\">[1]<\/a> \u201eOtto das Kind\u201c (1204-1257) (Neffe von Kaiser Otto IV.) erbt <strong>1213<\/strong> den Besitz seines Vaters sowie <strong>1227<\/strong> den Besitz seines Onkels <strong>Pfalzgraf Heinrich<\/strong> und hat damit den gesamten Familienbesitz auf sich vereinigt, muss aber dem neuen <strong>Kaiser Friedrich II.<\/strong> (1194-1250) L\u00fcneburg (Salzabbau) abtreten und wird <strong>1235<\/strong> auf dem Reichstag als Gegenleistung mit Braunschweig-L\u00fcneburg als Herzogtum <strong>belehnt <\/strong>(erbliches Reichslehen). Otto leistet den Handgang und schw\u00f6rt nach Lehnrecht dem Kaiser den Treueeid.<\/p>\n<hr \/>\n<h2><a href=\"http:\/\/www.von-dehn.de\/site\/wp-content\/uploads\/2014\/04\/AutogrammkarteGunda.png\"><img decoding=\"async\" class=\"alignleft wp-image-3171 size-thumbnail\" src=\"http:\/\/www.von-dehn.de\/site\/wp-content\/uploads\/2014\/04\/AutogrammkarteGunda-150x150.png\" alt=\"AutogrammkarteGunda\" width=\"150\" height=\"150\" srcset=\"http:\/\/www.von-dehn.de\/site\/wp-content\/uploads\/2014\/04\/AutogrammkarteGunda-66x66.png 66w, http:\/\/www.von-dehn.de\/site\/wp-content\/uploads\/2014\/04\/AutogrammkarteGunda-150x150.png 150w\" sizes=\"(max-width: 150px) 100vw, 150px\" \/><\/a><strong><em><span style=\"color: #993300;\">Hinweis: Roman Chroniken der tom Brook<\/span><\/em><\/strong><\/h2>\n<h4><span style=\"color: #800000;\">Band I-IV &#8222;Chroniken der tom Brook&#8220;<\/span><span style=\"color: #0000ff;\"> Download bei versch. Anbietern<\/span><\/h4>\n<p><a title=\"https:\/\/www.amazon.de\/Chroniken-tom-Brook-Das-Erbe-ebook\/dp\/B071HXYF8H\" href=\"https:\/\/www.amazon.de\/Chroniken-tom-Brook-Das-Erbe-ebook\/dp\/B071HXYF8H\" target=\"_blank\" rel=\"noopener noreferrer\">https:\/\/www.amazon.de\/Chroniken-tom-Brook-Das-Erbe-ebook\/dp\/B071HXYF8H<\/a><br \/>\nhttp:\/\/www.hugendubel.de\/de\/ebook\/gunda_von_dehn-chroniken_der_tom_brook-29133974-produkt-details.html<\/p>\n<h4><span style=\"color: #800000;\">Band II &#8222;Chroniken der tom Brook&#8220;:<\/span> <span style=\"color: #0000ff;\"><a class=\"moz-txt-link-freetext\" style=\"color: #0000ff;\" href=\"http:\/\/store.kobobooks.com\/de-DE\/ebook\/chroniken-der-tom-brook-1\">http:\/\/store.kobobooks.com\/de-DE\/ebook\/chroniken-der-tom-brook-1<\/a><\/span><\/h4>\n<hr \/>\n<h5>Letzte \u00c4nderung 05.10.2023<\/h5>\n<hr \/>\n","protected":false},"excerpt":{"rendered":"<p>\u00a9 &#8211; Gunda v. Dehn &#8211; aus meinem Musical &#8222;Tilly in Oldenburg&#8220; resp. &#8222;Gel\u00f6bnis unterm Sternenzelt&#8220; Grafen um 1000 \u2013 1300 waren: 940\/5 Graf Dirk (Dietrich) II [Graf von Holland &amp; West Friesland] (*938 +6.Mai 988)\u00a0 heiratet Hildegard, Gr\u00e4fin von Flandern (*ca. 934 &#8211; . Apr. 990) Kinder:\u00a0 Sohn Arnulf I Graf v. West Friesland [&hellip;]<\/p>\n","protected":false},"author":2,"featured_media":0,"parent":34,"menu_order":8,"comment_status":"closed","ping_status":"open","template":"side-navigation.php","meta":{"footnotes":""},"class_list":["post-2610","page","type-page","status-publish","hentry"],"_links":{"self":[{"href":"http:\/\/www.von-dehn.de\/site\/wp-json\/wp\/v2\/pages\/2610","targetHints":{"allow":["GET"]}}],"collection":[{"href":"http:\/\/www.von-dehn.de\/site\/wp-json\/wp\/v2\/pages"}],"about":[{"href":"http:\/\/www.von-dehn.de\/site\/wp-json\/wp\/v2\/types\/page"}],"author":[{"embeddable":true,"href":"http:\/\/www.von-dehn.de\/site\/wp-json\/wp\/v2\/users\/2"}],"replies":[{"embeddable":true,"href":"http:\/\/www.von-dehn.de\/site\/wp-json\/wp\/v2\/comments?post=2610"}],"version-history":[{"count":32,"href":"http:\/\/www.von-dehn.de\/site\/wp-json\/wp\/v2\/pages\/2610\/revisions"}],"predecessor-version":[{"id":6955,"href":"http:\/\/www.von-dehn.de\/site\/wp-json\/wp\/v2\/pages\/2610\/revisions\/6955"}],"up":[{"embeddable":true,"href":"http:\/\/www.von-dehn.de\/site\/wp-json\/wp\/v2\/pages\/34"}],"wp:attachment":[{"href":"http:\/\/www.von-dehn.de\/site\/wp-json\/wp\/v2\/media?parent=2610"}],"curies":[{"name":"wp","href":"https:\/\/api.w.org\/{rel}","templated":true}]}}